{"id":235,"date":"2020-10-26T21:25:22","date_gmt":"2020-10-26T21:25:22","guid":{"rendered":"https:\/\/igrejadamaia172095565.wordpress.com\/?page_id=235"},"modified":"2024-06-19T22:02:54","modified_gmt":"2024-06-19T21:02:54","slug":"home","status":"publish","type":"page","link":"https:\/\/www.paroquia-damaia.pt\/old\/","title":{"rendered":""},"content":{"rendered":"<nav style=\"background-color: #f6f6f6;\" class=\"has-background items-justified-center alignfull wp-block-navigation is-content-justification-center is-layout-flex wp-container-core-navigation-is-layout-1 wp-block-navigation-is-layout-flex\" aria-label=\"Navigation 3\"><ul style=\"background-color: #f6f6f6;\" class=\"wp-block-navigation__container has-background items-justified-center alignfull wp-block-navigation\"><li class=\" wp-block-navigation-item wp-block-navigation-link\"><a class=\"wp-block-navigation-item__content\"  href=\"https:\/\/www.paroquia-damaia.pt\/old\" rel=\"\"><span class=\"wp-block-navigation-item__label\">In\u00edcio<\/span><\/a><\/li><li data-wp-context=\"{ &quot;submenuOpenedBy&quot;: { &quot;click&quot;: false, &quot;hover&quot;: false, &quot;focus&quot;: false }, &quot;type&quot;: &quot;submenu&quot; }\" data-wp-interactive=\"core\/navigation\" data-wp-on--focusout=\"actions.handleMenuFocusout\" data-wp-on--keydown=\"actions.handleMenuKeydown\" data-wp-on-async--mouseenter=\"actions.openMenuOnHover\" data-wp-on-async--mouseleave=\"actions.closeMenuOnHover\" data-wp-watch=\"callbacks.initMenu\" tabindex=\"-1\" class=\" wp-block-navigation-item has-child open-on-hover-click wp-block-navigation-submenu\"><a class=\"wp-block-navigation-item__content\" href=\"http:\/\/paroquia-damaia.pt\/acolhimento\/\">A Par\u00f3quia<\/a><button data-wp-bind--aria-expanded=\"state.isMenuOpen\" data-wp-on-async--click=\"actions.toggleMenuOnClick\" aria-label=\"A Par\u00f3quia submenu\" class=\"wp-block-navigation__submenu-icon wp-block-navigation-submenu__toggle\" ><svg xmlns=\"http:\/\/www.w3.org\/2000\/svg\" width=\"12\" height=\"12\" viewBox=\"0 0 12 12\" fill=\"none\" aria-hidden=\"true\" focusable=\"false\"><path d=\"M1.50002 4L6.00002 8L10.5 4\" stroke-width=\"1.5\"><\/path><\/svg><\/button><ul data-wp-on-async--focus=\"actions.openMenuOnFocus\" class=\"wp-block-navigation__submenu-container wp-block-navigation-submenu\"><li class=\" wp-block-navigation-item wp-block-navigation-link\"><a class=\"wp-block-navigation-item__content\"  href=\"https:\/\/www.paroquia-damaia.pt\/old\/acolhimento\/\"><span class=\"wp-block-navigation-item__label\">Acolhimento<\/span><\/a><\/li><li class=\" wp-block-navigation-item wp-block-navigation-link\"><a class=\"wp-block-navigation-item__content\"  href=\"https:\/\/www.paroquia-damaia.pt\/old\/o-paroco-vigario-e-diaconos-da-comunidade\/\"><span class=\"wp-block-navigation-item__label\">O P\u00e1roco, Vig\u00e1rio e Di\u00e1conos da\u00a0Comunidade<\/span><\/a><\/li><li class=\" wp-block-navigation-item wp-block-navigation-link\"><a class=\"wp-block-navigation-item__content\"  href=\"https:\/\/www.paroquia-damaia.pt\/old\/a-nossa-historia\/\"><span class=\"wp-block-navigation-item__label\">A Nossa Hist\u00f3ria<\/span><\/a><\/li><\/ul><\/li><li data-wp-context=\"{ &quot;submenuOpenedBy&quot;: { &quot;click&quot;: false, &quot;hover&quot;: false, &quot;focus&quot;: false }, &quot;type&quot;: &quot;submenu&quot; }\" data-wp-interactive=\"core\/navigation\" data-wp-on--focusout=\"actions.handleMenuFocusout\" data-wp-on--keydown=\"actions.handleMenuKeydown\" data-wp-on-async--mouseenter=\"actions.openMenuOnHover\" data-wp-on-async--mouseleave=\"actions.closeMenuOnHover\" data-wp-watch=\"callbacks.initMenu\" tabindex=\"-1\" class=\" wp-block-navigation-item has-child open-on-hover-click wp-block-navigation-submenu\"><a class=\"wp-block-navigation-item__content\" href=\"https:\/\/paroquia-damaia.pt\/catequese\/\">Evangeliza\u00e7\u00e3o<\/a><button data-wp-bind--aria-expanded=\"state.isMenuOpen\" data-wp-on-async--click=\"actions.toggleMenuOnClick\" aria-label=\"Evangeliza\u00e7\u00e3o submenu\" class=\"wp-block-navigation__submenu-icon wp-block-navigation-submenu__toggle\" ><svg xmlns=\"http:\/\/www.w3.org\/2000\/svg\" width=\"12\" height=\"12\" viewBox=\"0 0 12 12\" fill=\"none\" aria-hidden=\"true\" focusable=\"false\"><path d=\"M1.50002 4L6.00002 8L10.5 4\" stroke-width=\"1.5\"><\/path><\/svg><\/button><ul data-wp-on-async--focus=\"actions.openMenuOnFocus\" class=\"wp-block-navigation__submenu-container wp-block-navigation-submenu\"><li data-wp-context=\"{ &quot;submenuOpenedBy&quot;: { &quot;click&quot;: false, &quot;hover&quot;: false, &quot;focus&quot;: false }, &quot;type&quot;: &quot;submenu&quot; }\" data-wp-interactive=\"core\/navigation\" data-wp-on--focusout=\"actions.handleMenuFocusout\" data-wp-on--keydown=\"actions.handleMenuKeydown\" data-wp-on-async--mouseenter=\"actions.openMenuOnHover\" data-wp-on-async--mouseleave=\"actions.closeMenuOnHover\" data-wp-watch=\"callbacks.initMenu\" tabindex=\"-1\" class=\" wp-block-navigation-item has-child open-on-hover-click wp-block-navigation-submenu\"><a class=\"wp-block-navigation-item__content\" href=\"https:\/\/paroquia-damaia.pt\/catequese\/\">Catequese<\/a><button data-wp-bind--aria-expanded=\"state.isMenuOpen\" data-wp-on-async--click=\"actions.toggleMenuOnClick\" aria-label=\"Catequese submenu\" class=\"wp-block-navigation__submenu-icon wp-block-navigation-submenu__toggle\" ><svg xmlns=\"http:\/\/www.w3.org\/2000\/svg\" width=\"12\" height=\"12\" viewBox=\"0 0 12 12\" fill=\"none\" aria-hidden=\"true\" focusable=\"false\"><path d=\"M1.50002 4L6.00002 8L10.5 4\" stroke-width=\"1.5\"><\/path><\/svg><\/button><ul data-wp-on-async--focus=\"actions.openMenuOnFocus\" class=\"wp-block-navigation__submenu-container wp-block-navigation-submenu\"><li class=\" wp-block-navigation-item wp-block-navigation-link\"><a class=\"wp-block-navigation-item__content\"  href=\"https:\/\/paroquia-damaia.pt\/catequese\"><span class=\"wp-block-navigation-item__label\">Inf\u00e2ntil<\/span><\/a><\/li><li class=\" wp-block-navigation-item wp-block-navigation-link\"><a class=\"wp-block-navigation-item__content\"  href=\"https:\/\/paroquia-damaia.pt\/catequese-adultos\/\"><span class=\"wp-block-navigation-item__label\">Adultos<\/span><\/a><\/li><\/ul><\/li><li class=\" wp-block-navigation-item wp-block-navigation-link\"><a class=\"wp-block-navigation-item__content\"  href=\"https:\/\/paroquia-damaia.pt\/grupo-de-jovens\/\"><span class=\"wp-block-navigation-item__label\">Grupo de Jovens<\/span><\/a><\/li><li class=\" wp-block-navigation-item wp-block-navigation-link\"><a class=\"wp-block-navigation-item__content\"  href=\"http:\/\/paroquia-damaia.pt\/damaia-a-caminho\"><span class=\"wp-block-navigation-item__label\">Damaia a Caminho<\/span><\/a><\/li><li class=\" wp-block-navigation-item wp-block-navigation-link\"><a class=\"wp-block-navigation-item__content\"  href=\"https:\/\/paroquia-damaia.pt\/escuteiros-255-damaia\/\"><span class=\"wp-block-navigation-item__label\">Escuteiros 255-Damaia<\/span><\/a><\/li><li class=\" wp-block-navigation-item wp-block-navigation-link\"><a class=\"wp-block-navigation-item__content\"  href=\"https:\/\/paroquia-damaia.pt\/encontros-de-preparacao-batismo-e-encontros-de-preparacao-matrimonio\/\"><span class=\"wp-block-navigation-item__label\">Encontros de Prepara\u00e7\u00e3o Batismo e Encontros de Prepara\u00e7\u00e3o\u00a0Matrim\u00f3nio<\/span><\/a><\/li><li class=\" wp-block-navigation-item wp-block-navigation-link\"><a class=\"wp-block-navigation-item__content\"  href=\"https:\/\/paroquia-damaia.pt\/grupos-de-reflexao\/\"><span class=\"wp-block-navigation-item__label\">Grupos de Reflex\u00e3o<\/span><\/a><\/li><\/ul><\/li><li data-wp-context=\"{ &quot;submenuOpenedBy&quot;: { &quot;click&quot;: false, &quot;hover&quot;: false, &quot;focus&quot;: false }, &quot;type&quot;: &quot;submenu&quot; }\" data-wp-interactive=\"core\/navigation\" data-wp-on--focusout=\"actions.handleMenuFocusout\" data-wp-on--keydown=\"actions.handleMenuKeydown\" data-wp-on-async--mouseenter=\"actions.openMenuOnHover\" data-wp-on-async--mouseleave=\"actions.closeMenuOnHover\" data-wp-watch=\"callbacks.initMenu\" tabindex=\"-1\" class=\" wp-block-navigation-item has-child open-on-hover-click wp-block-navigation-submenu\"><a class=\"wp-block-navigation-item__content\" href=\"https:\/\/paroquia-damaia.pt\/missas\/\">Missas e Celebra\u00e7\u00f5es<\/a><button data-wp-bind--aria-expanded=\"state.isMenuOpen\" data-wp-on-async--click=\"actions.toggleMenuOnClick\" aria-label=\"Missas e Celebra\u00e7\u00f5es submenu\" class=\"wp-block-navigation__submenu-icon wp-block-navigation-submenu__toggle\" ><svg xmlns=\"http:\/\/www.w3.org\/2000\/svg\" width=\"12\" height=\"12\" viewBox=\"0 0 12 12\" fill=\"none\" aria-hidden=\"true\" focusable=\"false\"><path d=\"M1.50002 4L6.00002 8L10.5 4\" stroke-width=\"1.5\"><\/path><\/svg><\/button><ul data-wp-on-async--focus=\"actions.openMenuOnFocus\" class=\"wp-block-navigation__submenu-container wp-block-navigation-submenu\"><li class=\" wp-block-navigation-item wp-block-navigation-link\"><a class=\"wp-block-navigation-item__content\"  href=\"https:\/\/paroquia-damaia.pt\/missas\/\"><span class=\"wp-block-navigation-item__label\">Celebra\u00e7\u00f5es<\/span><\/a><\/li><li class=\" wp-block-navigation-item wp-block-navigation-link\"><a class=\"wp-block-navigation-item__content\"  href=\"https:\/\/paroquia-damaia.pt\/pastoral-liturgica\/\"><span class=\"wp-block-navigation-item__label\">Pastoral Lit\u00fargica<\/span><\/a><\/li><\/ul><\/li><li class=\" wp-block-navigation-item wp-block-navigation-link\"><a class=\"wp-block-navigation-item__content\"  href=\"https:\/\/paroquia-damaia.pt\/caridade\/\"><span class=\"wp-block-navigation-item__label\">Caridade<\/span><\/a><\/li><li class=\" wp-block-navigation-item wp-block-navigation-link\"><a class=\"wp-block-navigation-item__content\"  href=\"https:\/\/paroquia-damaia.pt\/secretaria-paroquial\/\"><span class=\"wp-block-navigation-item__label\">Secretaria Paroquial<\/span><\/a><\/li><li class=\" wp-block-navigation-item wp-block-navigation-link\"><a class=\"wp-block-navigation-item__content\"  href=\"https:\/\/www.paroquia-damaia.pt\/old\/wyd-2023-lisboa\/\" title=\"WYD 2023 - Lisbon\"><span class=\"wp-block-navigation-item__label\">WYD 2023 &#8211; Lisbon<\/span><\/a><\/li><\/ul><\/nav>\n\n\n<div class=\"wp-block-cover alignfull is-light\"><span aria-hidden=\"true\" class=\"wp-block-cover__background has-foreground-dark-background-color has-background-dim-40 has-background-dim\"><\/span><img loading=\"lazy\" decoding=\"async\" width=\"800\" height=\"534\" class=\"wp-block-cover__image-background wp-image-37\" alt=\"\" src=\"https:\/\/igrejadamaia172095565.files.wordpress.com\/2020\/05\/igreja-santissimo-redentor-damaia.jpg\" style=\"object-position:50% 72%\" data-object-fit=\"cover\" data-object-position=\"50% 72%\" srcset=\"https:\/\/www.paroquia-damaia.pt\/old\/wp-content\/uploads\/2020\/05\/igreja-santissimo-redentor-damaia.jpg 800w, https:\/\/www.paroquia-damaia.pt\/old\/wp-content\/uploads\/2020\/05\/igreja-santissimo-redentor-damaia-300x200.jpg 300w, https:\/\/www.paroquia-damaia.pt\/old\/wp-content\/uploads\/2020\/05\/igreja-santissimo-redentor-damaia-768x513.jpg 768w\" sizes=\"auto, (max-width: 800px) 100vw, 800px\" \/><div class=\"wp-block-cover__inner-container is-layout-flow wp-block-cover-is-layout-flow\">\n<h1 class=\"wp-block-heading has-background-color has-text-color\" id=\"paroquia-do-santissimo-redentor\">Par\u00f3quia do <br>Sant\u00edssimo Redentor<\/h1>\n<\/div><\/div>\n\n\n\n<div style=\"height:6px\" aria-hidden=\"true\" class=\"wp-block-spacer desktop-only\"><\/div>\n\n\n<div ><style id=\"wp_carousel_dynamic_css39347\">#sp-wp-carousel-free-id-39347.sp-wpcp-39347 .wpcp-single-item {border: 1px solid #dddddd;}#sp-wp-carousel-free-id-39347.sp-wpcp-39347 .swiper-button-prev,#sp-wp-carousel-free-id-39347.sp-wpcp-39347 .swiper-button-next,#sp-wp-carousel-free-id-39347.sp-wpcp-39347 .swiper-button-prev:hover,#sp-wp-carousel-free-id-39347.sp-wpcp-39347 .swiper-button-next:hover {background: none;border: none;font-size: 30px;}#sp-wp-carousel-free-id-39347.sp-wpcp-39347 .swiper-button-prev i,#sp-wp-carousel-free-id-39347.sp-wpcp-39347 .swiper-button-next i {color: #aaa;}#sp-wp-carousel-free-id-39347.sp-wpcp-39347 .swiper-button-prev i:hover,#sp-wp-carousel-free-id-39347.sp-wpcp-39347 .swiper-button-next i:hover {color: #178087;}#sp-wp-carousel-free-id-39347.sp-wpcp-39347 .wpcp-swiper-dots .swiper-pagination-bullet {background-color: #cccccc;}#sp-wp-carousel-free-id-39347.sp-wpcp-39347 .wpcp-swiper-dots .swiper-pagination-bullet.swiper-pagination-bullet-active {background-color: #178087;} #sp-wp-carousel-free-id-39347.sp-wpcp-39347.wpcp-image-carousel .wpcp-single-item:hover img, #sp-wp-carousel-free-id-39347.sp-wpcp-39347.wpcp-post-carousel .wpcp-single-item:hover img, #sp-wp-carousel-free-id-39347.sp-wpcp-39347.wpcp-product-carousel .wpcp-single-item:hover img{-webkit-transform: scale(1.2);-moz-transform: scale(1.2);transform: scale(1.2);}.wpcp-carousel-wrapper #sp-wp-carousel-free-id-39347.wpcp-post-carousel .wpcp-single-item {background: #f9f9f9;}@media screen and (max-width: 479px) {#sp-wp-carousel-free-id-39347.nav-vertical-center {padding: 0;margin:0;}#sp-wp-carousel-free-id-39347.nav-vertical-center .wpcp-next-button,#sp-wp-carousel-free-id-39347.nav-vertical-center .wpcp-prev-button {display: none;}}#sp-wp-carousel-free-id-39347 .wpcpro-row>[class*=\"wpcpro-col-\"] { padding: 0 10px; padding-bottom: 9px;}@media (min-width: 480px) { .wpcpro-row .wpcpro-col-sm-1 { flex: 0 0 100%; max-width: 100%; } .wpcpro-row .wpcpro-col-sm-2 { flex: 0 0 50%; max-width: 50%; } .wpcpro-row .wpcpro-col-sm-2-5 { flex: 0 0 75%; max-width: 75%; } .wpcpro-row .wpcpro-col-sm-3 { flex: 0 0 33.333%; max-width: 33.333%; } .wpcpro-row .wpcpro-col-sm-4 { flex: 0 0 25%; max-width: 25%; } .wpcpro-row .wpcpro-col-sm-5 { flex: 0 0 20%; max-width: 20%; } .wpcpro-row .wpcpro-col-sm-6 { flex: 0 0 16.66666666666667%; max-width: 16.66666666666667%; } .wpcpro-row .wpcpro-col-sm-7 { flex: 0 0 14.28571428%; max-width: 14.28571428%; } .wpcpro-row .wpcpro-col-sm-8 { flex: 0 0 12.5%; max-width: 12.5%; } } @media (max-width: 480px) { .wpcpro-row .wpcpro-col-xs-1 { flex: 0 0 100%; max-width: 100%; } .wpcpro-row .wpcpro-col-xs-2 { flex: 0 0 50%; max-width: 50%; } .wpcpro-row .wpcpro-col-xs-3 { flex: 0 0 33.222%; max-width: 33.222%; } .wpcpro-row .wpcpro-col-xs-4 { flex: 0 0 25%; max-width: 25%; } .wpcpro-row .wpcpro-col-xs-5 { flex: 0 0 20%; max-width: 20%; } .wpcpro-row .wpcpro-col-xs-6 { flex: 0 0 16.6667%; max-width: 16.6667%; } .wpcpro-row .wpcpro-col-xs-7 { flex: 0 0 14.28571428%; max-width: 14.28571428%; } .wpcpro-row .wpcpro-col-xs-8 { flex: 0 0 12.5%; max-width: 12.5%; } } @media (min-width: 736px) { .wpcpro-row .wpcpro-col-md-1 { flex: 0 0 100%; max-width: 100%; } .wpcpro-row .wpcpro-col-md-2 { flex: 0 0 50%; max-width: 50%; } .wpcpro-row .wpcpro-col-md-2-5 { flex: 0 0 75%; max-width: 75%; } .wpcpro-row .wpcpro-col-md-3 { flex: 0 0 33.333%; max-width: 33.333%; } .wpcpro-row .wpcpro-col-md-4 { flex: 0 0 25%; max-width: 25%; } .wpcpro-row .wpcpro-col-md-5 { flex: 0 0 20%; max-width: 20%; } .wpcpro-row .wpcpro-col-md-6 { flex: 0 0 16.66666666666667%; max-width: 16.66666666666667%; } .wpcpro-row .wpcpro-col-md-7 { flex: 0 0 14.28571428%; max-width: 14.28571428%; } .wpcpro-row .wpcpro-col-md-8 { flex: 0 0 12.5%; max-width: 12.5%; } } @media (min-width: 980px) { .wpcpro-row .wpcpro-col-lg-1 { flex: 0 0 100%; max-width: 100%; } .wpcpro-row .wpcpro-col-lg-2 { flex: 0 0 50%; max-width: 50%; } .wpcpro-row .wpcpro-col-lg-3 { flex: 0 0 33.222%; max-width: 33.222%; } .wpcpro-row .wpcpro-col-lg-4 { flex: 0 0 25%; max-width: 25%; } .wpcpro-row .wpcpro-col-lg-5 { flex: 0 0 20%; max-width: 20%; } .wpcpro-row .wpcpro-col-lg-6 { flex: 0 0 16.6667%; max-width: 16.6667%; } .wpcpro-row .wpcpro-col-lg-7 { flex: 0 0 14.28571428%; max-width: 14.28571428%; } .wpcpro-row .wpcpro-col-lg-8 { flex: 0 0 12.5%; max-width: 12.5%; } } @media (min-width: 1200px) { .wpcpro-row .wpcpro-col-xl-1 { flex: 0 0 100%; max-width: 100%; } .wpcpro-row .wpcpro-col-xl-2 { flex: 0 0 50%; max-width: 50%; } .wpcpro-row .wpcpro-col-xl-3 { flex: 0 0 33.22222222%; max-width: 33.22222222%; } .wpcpro-row .wpcpro-col-xl-4 { flex: 0 0 25%; max-width: 25%; } .wpcpro-row .wpcpro-col-xl-5 { flex: 0 0 20%; max-width: 20%; } .wpcpro-row .wpcpro-col-xl-6 { flex: 0 0 16.66667%; max-width: 16.66667%; } .wpcpro-row .wpcpro-col-xl-7 { flex: 0 0 14.28571428%; max-width: 14.28571428%; } .wpcpro-row .wpcpro-col-xl-8 { flex: 0 0 12.5%; max-width: 12.5%; } }<\/style><div class=\"wpcp-carousel-wrapper wpcp-wrapper-39347\">\n\t<div id=\"wpcp-preloader-39347\" class=\"wpcp-carousel-preloader\"><img decoding=\"async\" src=\"https:\/\/www.paroquia-damaia.pt\/old\/wp-content\/plugins\/wp-carousel-free\/public\/css\/spinner.svg\" alt=\"Preloader Image\" \/><\/div>\t<div class=\"wpcp-carousel-content-wrapper\">\n\t<div id=\"sp-wp-carousel-free-id-39347\" class=\"wpcp-carousel-section sp-wpcp-39347  nav-vertical-center wpcp-post-carousel wpcp-preloader wpcp-standard\" data-swiper='{ &quot;accessibility&quot;:true, &quot;spaceBetween&quot;:20, &quot;arrows&quot;:true, &quot;freeMode&quot;: true, &quot;autoplay&quot;:false, &quot;autoplaySpeed&quot;:3000, &quot;dots&quot;:true, &quot;infinite&quot;:false, &quot;speed&quot;:1000, &quot;pauseOnHover&quot;:true,\n\t\t\t&quot;slidesToShow&quot;:{&quot;lg_desktop&quot;:1, &quot;desktop&quot;: 1, &quot;laptop&quot;: 1, &quot;tablet&quot;: 1, &quot;mobile&quot;: 1}, &quot;responsive&quot;:{&quot;desktop&quot;:1200, &quot;laptop&quot;: 980, &quot;tablet&quot;: 736, &quot;mobile&quot;: 480}, &quot;rtl&quot;:false, &quot;lazyLoad&quot;: &quot;false&quot;, &quot;swipe&quot;: true, &quot;draggable&quot;: true, &quot;swipeToSlide&quot;:false }' dir=\"ltr\">\n\t\t<div class=\"swiper-wrapper\">\n\t\t<div class=\"swiper-slide\">\n\t<div class=\"wpcp-single-item\">\n\t\t\t\t<div class=\"wpcp-all-captions\">\n\t\t<h2 class=\"wpcp-post-title\">\n\t<a href=\"https:\/\/www.paroquia-damaia.pt\/old\/comunicacoes-paroquiais-12\/\">\n\t\tComunica\u00e7\u00f5es Paroquiais\t<\/a>\n<\/h2>\n\t<div class='wpcp-post-content'><p>&nbsp;15\/12\/2024 3\u00ba DOMINGO DO ADVENTO \u201cAs multid\u00f5es perguntavam a Jo\u00e3o Batista: \u00abQue devemos fazer?\u00bb\u201d (Lc 3,10) Domingo | 15\/12 \u2013 3\u00ba Domingo do Advento. &nbsp; 2\u00aa Feira | 16\/12 \u2013 Celebra\u00e7\u00e3o Regional da Luz da Paz de Bel\u00e9m na S\u00e9 Patriarcal.&nbsp; &nbsp; 3\u00aa Feira | 17\/12 \u2013 Inicio da Novena de Natal. 88\u00ba anivers\u00e1rio natal\u00edcio<a class=\"more-link\" href=\"https:\/\/www.paroquia-damaia.pt\/old\/comunicacoes-paroquiais-12\/\">Continuar lendo <span class=\"screen-reader-text\">&#8220;Comunica\u00e7\u00f5es Paroquiais&#8221;<\/span><\/a><\/p>\n<\/div>\n\t\t<\/div>\n\t<\/div>\n<\/div>\n<div class=\"swiper-slide\">\n\t<div class=\"wpcp-single-item\">\n\t\t\t\t<div class=\"wpcp-all-captions\">\n\t\t<h2 class=\"wpcp-post-title\">\n\t<a href=\"https:\/\/www.paroquia-damaia.pt\/old\/comunicacoes-paroquiais-11\/\">\n\t\tComunica\u00e7\u00f5es Paroquiais\t<\/a>\n<\/h2>\n\t<div class='wpcp-post-content'><p>&nbsp;08\/12\/2024 2\u00ba DOMINGO DO ADVENTO Imaculada Concei\u00e7\u00e3o da Virgem Maria\u201cPreparai o caminho do Senhor, endireitai as suas veredas e toda a criatura ver\u00e1 a salva\u00e7\u00e3o de Deus\u201d (Lc 3,4.6) Domingo | 08\/12 \u2013 2\u00ba Domingo do Advento. Solenidade da Imaculada Concei\u00e7\u00e3o da Virgem Santa Maria. Missa com 4\u00aa parte do Akathistos, \u00e0s 18h30. 2\u00aa Feira<a class=\"more-link\" href=\"https:\/\/www.paroquia-damaia.pt\/old\/comunicacoes-paroquiais-11\/\">Continuar lendo <span class=\"screen-reader-text\">&#8220;Comunica\u00e7\u00f5es Paroquiais&#8221;<\/span><\/a><\/p>\n<\/div>\n\t\t<\/div>\n\t<\/div>\n<\/div>\n<div class=\"swiper-slide\">\n\t<div class=\"wpcp-single-item\">\n\t\t\t\t<div class=\"wpcp-all-captions\">\n\t\t<h2 class=\"wpcp-post-title\">\n\t<a href=\"https:\/\/www.paroquia-damaia.pt\/old\/comunicacoes-paroquiais-10\/\">\n\t\tComunica\u00e7\u00f5es Paroquiais\t<\/a>\n<\/h2>\n\t<div class='wpcp-post-content'><p>&nbsp;17\/11\/2024 DOMINGO XXXIII DO TEMPO COMUM Dia Mundial dos Pobres \u201cH\u00e3o-de ver o Filho do homem vir sobre as nuvens, com grande poder e gl\u00f3ria\u201d (Mc 13, 25) Domingo | 17\/11 \u2013 Domingo XXXIII do Tempo Comum. Dia Mundial dos Pobres.&nbsp; Coros: Encontro com cantores e m\u00fasicos do Akathistos (15h30). 2\u00aa Feira | 18\/11 \u2013<a class=\"more-link\" href=\"https:\/\/www.paroquia-damaia.pt\/old\/comunicacoes-paroquiais-10\/\">Continuar lendo <span class=\"screen-reader-text\">&#8220;Comunica\u00e7\u00f5es Paroquiais&#8221;<\/span><\/a><\/p>\n<\/div>\n\t\t<\/div>\n\t<\/div>\n<\/div>\n<div class=\"swiper-slide\">\n\t<div class=\"wpcp-single-item\">\n\t\t\t\t<div class=\"wpcp-all-captions\">\n\t\t<h2 class=\"wpcp-post-title\">\n\t<a href=\"https:\/\/www.paroquia-damaia.pt\/old\/comunicacoes-paroquiais-9\/\">\n\t\tComunica\u00e7\u00f5es Paroquiais\t<\/a>\n<\/h2>\n\t<div class='wpcp-post-content'><p>&nbsp;10\/11\/2024 DOMINGO XXXII DO TEMPO COMUM \u201cJesus Cristo \u00e9 o Senhor! A Ele a gl\u00f3ria e o poder pelos s\u00e9culos dos s\u00e9culos\u201d (cf. Ap 1,5-6) Domingo | 10\/11 \u2013 Domingo XXXII do Tempo Comum. \u00c9 Dia da Voca\u00e7\u00e3o Redentorista. JEB: Palestra &#8211; \u201cEspiritualidade Mission\u00e1ria da Congrega\u00e7\u00e3o do Sant\u00edssimo Redentor\u201d (17h). Depois da palestra uma breve<a class=\"more-link\" href=\"https:\/\/www.paroquia-damaia.pt\/old\/comunicacoes-paroquiais-9\/\">Continuar lendo <span class=\"screen-reader-text\">&#8220;Comunica\u00e7\u00f5es Paroquiais&#8221;<\/span><\/a><\/p>\n<\/div>\n\t\t<\/div>\n\t<\/div>\n<\/div>\n<div class=\"swiper-slide\">\n\t<div class=\"wpcp-single-item\">\n\t\t\t\t<div class=\"wpcp-all-captions\">\n\t\t<h2 class=\"wpcp-post-title\">\n\t<a href=\"https:\/\/www.paroquia-damaia.pt\/old\/comunicacoes-paroquiais-8\/\">\n\t\tComunica\u00e7\u00f5es Paroquiais\t<\/a>\n<\/h2>\n\t<div class='wpcp-post-content'><p>&nbsp;13\/10\/2024 DOMINGO XXVIII DO TEMPO COMUM Outubro: M\u00eas Mission\u00e1rio e M\u00eas do Santo Ros\u00e1rio&nbsp;\u201cBom Mestre, que devo fazer para alcan\u00e7ar a vida eterna?\u201d (Mc 10,17) Domingo | 13\/10 \u2013 Domingo XXVIII do Tempo Comum. 2\u00aa Feira | 14\/10 &#8211; Mem\u00f3ria de S. Calisto I, papa e m\u00e1rtir. 3\u00aa Feira | 15\/10 \u2013 Mem\u00f3ria de S.<a class=\"more-link\" href=\"https:\/\/www.paroquia-damaia.pt\/old\/comunicacoes-paroquiais-8\/\">Continuar lendo <span class=\"screen-reader-text\">&#8220;Comunica\u00e7\u00f5es Paroquiais&#8221;<\/span><\/a><\/p>\n<\/div>\n\t\t<\/div>\n\t<\/div>\n<\/div>\n\t\t<\/div>\n\t\t\t\t\t<div class=\"wpcp-swiper-dots swiper-pagination\"><\/div>\n\t\t\t\t<!-- If we need navigation buttons -->\n\t\t\t\t\t<div class=\"wpcp-prev-button swiper-button-prev\"><i class=\"fa fa-angle-left\"><\/i><\/div>\n\t\t\t<div class=\"wpcp-next-button swiper-button-next\"><i class=\"fa fa-angle-right\"><\/i><\/div>\n\t\t\t<\/div>\n\t<\/div>\n<\/div>\n<\/div>\n\n\n<figure class=\"wp-block-pullquote has-border-color has-text-color\" style=\"border-color:#288f13;border-style:solid;color:#288f13\"><blockquote><p>\u201c<strong><em>Este \u00e9 o meu Filho muito amado, no qual pus o meu encanto; escutai-o<\/em><\/strong>\u201d.<\/p><\/blockquote><\/figure>\n\n\n\n<div class=\"wp-block-columns alignfull is-layout-flex wp-container-core-columns-is-layout-1 wp-block-columns-is-layout-flex\">\n<div class=\"wp-block-column is-layout-flow wp-block-column-is-layout-flow\">\n<figure class=\"wp-block-image size-large\"><a href=\"https:\/\/www.paroquia-damaia.pt\/old\/wp-content\/uploads\/2024\/06\/WhatsApp-Image-2024-06-19-at-15.19.00.jpeg\"><img loading=\"lazy\" decoding=\"async\" width=\"722\" height=\"1024\" src=\"https:\/\/www.paroquia-damaia.pt\/old\/wp-content\/uploads\/2024\/06\/WhatsApp-Image-2024-06-19-at-15.19.00-722x1024.jpeg\" alt=\"\" class=\"wp-image-40387\" srcset=\"https:\/\/www.paroquia-damaia.pt\/old\/wp-content\/uploads\/2024\/06\/WhatsApp-Image-2024-06-19-at-15.19.00-722x1024.jpeg 722w, https:\/\/www.paroquia-damaia.pt\/old\/wp-content\/uploads\/2024\/06\/WhatsApp-Image-2024-06-19-at-15.19.00-212x300.jpeg 212w, https:\/\/www.paroquia-damaia.pt\/old\/wp-content\/uploads\/2024\/06\/WhatsApp-Image-2024-06-19-at-15.19.00-768x1089.jpeg 768w, https:\/\/www.paroquia-damaia.pt\/old\/wp-content\/uploads\/2024\/06\/WhatsApp-Image-2024-06-19-at-15.19.00-1083x1536.jpeg 1083w, https:\/\/www.paroquia-damaia.pt\/old\/wp-content\/uploads\/2024\/06\/WhatsApp-Image-2024-06-19-at-15.19.00.jpeg 1128w\" sizes=\"auto, (max-width: 722px) 100vw, 722px\" \/><\/a><\/figure>\n<\/div>\n\n\n\n<div class=\"wp-block-column is-layout-flow wp-block-column-is-layout-flow\">\n[instagram feed=&#8221;1490&#8243;]\n<\/div>\n\n\n\n<div class=\"wp-block-column is-layout-flow wp-block-column-is-layout-flow\">\n<figure class=\"wp-block-image size-large\"><img loading=\"lazy\" decoding=\"async\" width=\"1024\" height=\"1024\" src=\"https:\/\/www.paroquia-damaia.pt\/old\/wp-content\/uploads\/2022\/07\/JMJ_VPrincipal_RGB-01-1024x1024-1-1024x1024.png\" alt=\"\" class=\"wp-image-34785\" srcset=\"https:\/\/www.paroquia-damaia.pt\/old\/wp-content\/uploads\/2022\/07\/JMJ_VPrincipal_RGB-01-1024x1024-1.png 1024w, https:\/\/www.paroquia-damaia.pt\/old\/wp-content\/uploads\/2022\/07\/JMJ_VPrincipal_RGB-01-1024x1024-1-300x300.png 300w, https:\/\/www.paroquia-damaia.pt\/old\/wp-content\/uploads\/2022\/07\/JMJ_VPrincipal_RGB-01-1024x1024-1-150x150.png 150w, https:\/\/www.paroquia-damaia.pt\/old\/wp-content\/uploads\/2022\/07\/JMJ_VPrincipal_RGB-01-1024x1024-1-768x768.png 768w, https:\/\/www.paroquia-damaia.pt\/old\/wp-content\/uploads\/2022\/07\/JMJ_VPrincipal_RGB-01-1024x1024-1-800x800.png 800w, https:\/\/www.paroquia-damaia.pt\/old\/wp-content\/uploads\/2022\/07\/JMJ_VPrincipal_RGB-01-1024x1024-1-400x400.png 400w, https:\/\/www.paroquia-damaia.pt\/old\/wp-content\/uploads\/2022\/07\/JMJ_VPrincipal_RGB-01-1024x1024-1-200x200.png 200w\" sizes=\"auto, (max-width: 1024px) 100vw, 1024px\" \/><\/figure>\n<\/div>\n<\/div>\n\n\n\n<div style=\"height:54px\" aria-hidden=\"true\" class=\"wp-block-spacer\"><\/div>\n\n\n\n<div class=\"wp-block-columns alignwide are-vertically-aligned-center is-layout-flex wp-container-core-columns-is-layout-2 wp-block-columns-is-layout-flex\">\n<div class=\"wp-block-column is-vertically-aligned-center is-layout-flow wp-block-column-is-layout-flow\">\n<h5 class=\"wp-block-heading\" id=\"evangelizacao\">Evangeliza\u00e7\u00e3o<\/h5>\n\n\n\n<figure class=\"wp-block-image size-large is-resized\"><a href=\"https:\/\/www.paroquia-damaia.pt\/old\/catequese\/\"><img decoding=\"async\" src=\"https:\/\/igrejadamaia172095565.files.wordpress.com\/2020\/10\/pexels-photo-159935.jpeg\" alt=\"\" class=\"wp-image-611\" style=\"width:228px;height:151px\"\/><\/a><\/figure>\n\n\n\n<p>Conhe\u00e7a os v\u00e1rios grupos e movimentos que comp\u00f5em a nossa par\u00f3quia.<\/p>\n<\/div>\n\n\n\n<div class=\"wp-block-column is-vertically-aligned-center is-layout-flow wp-block-column-is-layout-flow\">\n<h5 class=\"wp-block-heading\" id=\"celebracoes\">Celebra\u00e7\u00f5es<\/h5>\n\n\n\n<figure class=\"wp-block-image size-large is-resized\"><a href=\"https:\/\/www.paroquia-damaia.pt\/old\/missas\/\"><img decoding=\"async\" src=\"https:\/\/igrejadamaia172095565.files.wordpress.com\/2020\/10\/pexels-photo-1024900.jpeg\" alt=\"\" class=\"wp-image-610\" style=\"width:234px;height:156px\"\/><\/a><\/figure>\n\n\n\n<p>Veja aqui os hor\u00e1rios das celebra\u00e7\u00f5es na nossa comunidade paroquial.<\/p>\n<\/div>\n\n\n\n<div class=\"wp-block-column is-vertically-aligned-center is-layout-flow wp-block-column-is-layout-flow\">\n<h5 class=\"wp-block-heading\" id=\"caridade\">Caridade<\/h5>\n\n\n\n<figure class=\"wp-block-image size-large is-resized is-style-default\"><a href=\"https:\/\/www.paroquia-damaia.pt\/old\/caridade\"><img loading=\"lazy\" decoding=\"async\" width=\"1024\" height=\"728\" src=\"https:\/\/www.paroquia-damaia.pt\/old\/wp-content\/uploads\/2020\/12\/pexels-natalie-rodrigues-6048376-1-1024x728.jpg\" alt=\"\" class=\"wp-image-939\" style=\"width:238px;height:169px\" srcset=\"https:\/\/www.paroquia-damaia.pt\/old\/wp-content\/uploads\/2020\/12\/pexels-natalie-rodrigues-6048376-1-1024x728.jpg 1024w, https:\/\/www.paroquia-damaia.pt\/old\/wp-content\/uploads\/2020\/12\/pexels-natalie-rodrigues-6048376-1-300x213.jpg 300w, https:\/\/www.paroquia-damaia.pt\/old\/wp-content\/uploads\/2020\/12\/pexels-natalie-rodrigues-6048376-1-768x546.jpg 768w, https:\/\/www.paroquia-damaia.pt\/old\/wp-content\/uploads\/2020\/12\/pexels-natalie-rodrigues-6048376-1-1536x1092.jpg 1536w, https:\/\/www.paroquia-damaia.pt\/old\/wp-content\/uploads\/2020\/12\/pexels-natalie-rodrigues-6048376-1-2048x1456.jpg 2048w, https:\/\/www.paroquia-damaia.pt\/old\/wp-content\/uploads\/2020\/12\/pexels-natalie-rodrigues-6048376-1-1200x853.jpg 1200w, https:\/\/www.paroquia-damaia.pt\/old\/wp-content\/uploads\/2020\/12\/pexels-natalie-rodrigues-6048376-1-1568x1115.jpg 1568w\" sizes=\"auto, (max-width: 1024px) 100vw, 1024px\" \/><\/a><\/figure>\n\n\n\n<p>Descubra como pode <br>ajudar ou ser ajudado <br>pela par\u00f3quia. <\/p>\n<\/div>\n<\/div>\n\n\n\n<div style=\"height:10px\" aria-hidden=\"true\" class=\"wp-block-spacer desktop-only\"><\/div>\n\n\n\n<div class=\"wp-block-media-text alignwide is-stacked-on-mobile\" style=\"grid-template-columns:24% auto\"><figure class=\"wp-block-media-text__media\"><a href=\"https:\/\/www.paroquia-damaia.pt\/old\/avisos-e-informacoes\/\"><img loading=\"lazy\" decoding=\"async\" width=\"1024\" height=\"768\" src=\"https:\/\/www.paroquia-damaia.pt\/old\/wp-content\/uploads\/2020\/12\/bible-book-christianity-161034-1024x768.jpg\" alt=\"\" class=\"wp-image-926 size-full\" srcset=\"https:\/\/www.paroquia-damaia.pt\/old\/wp-content\/uploads\/2020\/12\/bible-book-christianity-161034-1024x768.jpg 1024w, https:\/\/www.paroquia-damaia.pt\/old\/wp-content\/uploads\/2020\/12\/bible-book-christianity-161034-300x225.jpg 300w, https:\/\/www.paroquia-damaia.pt\/old\/wp-content\/uploads\/2020\/12\/bible-book-christianity-161034-768x576.jpg 768w, https:\/\/www.paroquia-damaia.pt\/old\/wp-content\/uploads\/2020\/12\/bible-book-christianity-161034-1536x1151.jpg 1536w, https:\/\/www.paroquia-damaia.pt\/old\/wp-content\/uploads\/2020\/12\/bible-book-christianity-161034-2048x1535.jpg 2048w, https:\/\/www.paroquia-damaia.pt\/old\/wp-content\/uploads\/2020\/12\/bible-book-christianity-161034-1200x900.jpg 1200w, https:\/\/www.paroquia-damaia.pt\/old\/wp-content\/uploads\/2020\/12\/bible-book-christianity-161034-800x600.jpg 800w, https:\/\/www.paroquia-damaia.pt\/old\/wp-content\/uploads\/2020\/12\/bible-book-christianity-161034-400x300.jpg 400w, https:\/\/www.paroquia-damaia.pt\/old\/wp-content\/uploads\/2020\/12\/bible-book-christianity-161034-200x150.jpg 200w, https:\/\/www.paroquia-damaia.pt\/old\/wp-content\/uploads\/2020\/12\/bible-book-christianity-161034-1568x1175.jpg 1568w\" sizes=\"auto, (max-width: 1024px) 100vw, 1024px\" \/><\/a><\/figure><div class=\"wp-block-media-text__content\">\n<p class=\"has-text-align-left has-large-font-size\"><a href=\"https:\/\/www.paroquia-damaia.pt\/old\/avisos-e-informacoes\/\" data-type=\"page\">Comunica\u00e7\u00f5es Paroquiais<\/a><\/p>\n\n\n\n<p>Leia aqui os avisos e informa\u00e7\u00f5es importantes sobre a nossa comunidade. <\/p>\n<\/div><\/div>\n\n\n\n<div style=\"height:20px\" aria-hidden=\"true\" class=\"wp-block-spacer desktop-only\"><\/div>\n\n\n\n<div class=\"wp-block-columns alignwide is-layout-flex wp-container-core-columns-is-layout-3 wp-block-columns-is-layout-flex\">\n<div class=\"wp-block-column is-layout-flow wp-block-column-is-layout-flow\">\n<p><strong>Veja ou reveja a Celebra\u00e7\u00e3o Eucar\u00edstica mais recente<\/strong><\/p>\n\n\n\n<p><code><code><div class=\"youtube_channel default responsive ytc_display_iframe2\"><div class=\"ytc_video_container ytc_video_1 ytc_video_first ar16_9\" style=\"width:306px\"><div class=\"fluid-width-video-wrapper\"><div id=\"ytc_player_0_CKi5lidSO4Q\"><\/div><\/div><\/div><!-- .ytc_video_container --><\/div><!-- .youtube_channel --><div class=\"clearfix\"><\/div><\/code><\/code><\/p>\n<\/div>\n\n\n\n<div class=\"wp-block-column is-layout-flow wp-block-column-is-layout-flow\">\n<p><strong>Apelo do Redentor<\/strong><\/p>\n\n\n\n<div class=\"_df_book df-lite\" id=\"df_40141\"  _slug=\"apelo-do-redentor-no-62\" data-title=\"apelo-do-redentor-no-62\" wpoptions=\"true\" thumbtype=\"\" ><\/div><script class=\"df-shortcode-script\" type=\"application\/javascript\">window.option_df_40141 = {\"webgl\":\"true\",\"height\":\"auto\",\"duration\":800,\"hard\":\"none\",\"direction\":1,\"wpOptions\":\"true\"}; if(window.DFLIP && window.DFLIP.parseBooks){window.DFLIP.parseBooks();}<\/script>\n<\/div>\n<\/div>\n\n\n\n<div style=\"height:64px\" aria-hidden=\"true\" class=\"wp-block-spacer desktop-only\"><\/div>\n\n\n\n<a class=\"wp-block-jetpack-google-calendar alignwide\" href=\"https:\/\/calendar.google.com\/calendar\/embed?src=paroquia.cssr.damaia%40gmail.com&amp;ctz=Europe%2FLisbon\">https:\/\/calendar.google.com\/calendar\/embed?src=paroquia.cssr.damaia%40gmail.com&amp;ctz=Europe%2FLisbon<\/a>\n\n\n\n<div class=\"wp-block-group alignfull has-background-light-background-color has-background\"><div class=\"wp-block-group__inner-container is-layout-flow wp-block-group-is-layout-flow\">\n<div class=\"wp-block-columns alignwide is-layout-flex wp-container-core-columns-is-layout-4 wp-block-columns-is-layout-flex\">\n<div class=\"wp-block-column is-layout-flow wp-block-column-is-layout-flow\">\n<h5 class=\"wp-block-heading\">Morada<\/h5>\n\n\n\n<div class=\"wp-block-jetpack-contact-info\">\n\n\n\n\n<div class=\"wp-block-jetpack-address\"><a href=\"https:\/\/www.google.com\/maps\/search\/Largo+da Igreja, Damaia,+2720-122 Amadora\" target=\"_blank\" rel=\"noopener noreferrer\" title=\"Open address in Google Maps\"><div class=\"jetpack-address__address jetpack-address__address1\">Largo da Igreja, Damaia<\/div><div><span class=\"jetpack-address__region\"><\/span> <span class=\"jetpack-address__postal\">2720-122 Amadora<\/span><\/div><\/a><\/div>\n<\/div>\n<\/div>\n\n\n\n<div class=\"wp-block-column is-layout-flow wp-block-column-is-layout-flow\">\n<h5 class=\"wp-block-heading\">Contactos<\/h5>\n\n\n\n<div class=\"wp-block-jetpack-contact-info\">\n<div class=\"wp-block-jetpack-email\"><a href=\"mailto:secretaria@paroquia-damaia.pt\">secretaria@paroquia-damaia.pt<\/a>\n<\/div>\n\n\n\n<div class=\"wp-block-jetpack-phone\"><a href=\"tel:214971540\">214 971 540<\/a><\/div>\n\n\n<\/div>\n\n\n\n<ul class=\"wp-block-social-links alignleft is-style-pill-shape is-layout-flex wp-block-social-links-is-layout-flex\"><li class=\"wp-social-link wp-social-link-facebook  wp-block-social-link\"><a rel=\"noopener nofollow\" target=\"_blank\" href=\"https:\/\/www.facebook.com\/Igreja-do-Sant%C3%ADssimo-Redentor-Damaia-160924754067131\/\" class=\"wp-block-social-link-anchor\"><svg width=\"24\" height=\"24\" viewBox=\"0 0 24 24\" version=\"1.1\" xmlns=\"http:\/\/www.w3.org\/2000\/svg\" aria-hidden=\"true\" focusable=\"false\"><path d=\"M12 2C6.5 2 2 6.5 2 12c0 5 3.7 9.1 8.4 9.9v-7H7.9V12h2.5V9.8c0-2.5 1.5-3.9 3.8-3.9 1.1 0 2.2.2 2.2.2v2.5h-1.3c-1.2 0-1.6.8-1.6 1.6V12h2.8l-.4 2.9h-2.3v7C18.3 21.1 22 17 22 12c0-5.5-4.5-10-10-10z\"><\/path><\/svg><span class=\"wp-block-social-link-label screen-reader-text\">Facebook<\/span><\/a><\/li>\n\n<li class=\"wp-social-link wp-social-link-youtube  wp-block-social-link\"><a rel=\"noopener nofollow\" target=\"_blank\" href=\"https:\/\/www.youtube.com\/channel\/UCBZSRSq_OsnUuouUN5OvxZg\" class=\"wp-block-social-link-anchor\"><svg width=\"24\" height=\"24\" viewBox=\"0 0 24 24\" version=\"1.1\" xmlns=\"http:\/\/www.w3.org\/2000\/svg\" aria-hidden=\"true\" focusable=\"false\"><path d=\"M21.8,8.001c0,0-0.195-1.378-0.795-1.985c-0.76-0.797-1.613-0.801-2.004-0.847c-2.799-0.202-6.997-0.202-6.997-0.202 h-0.009c0,0-4.198,0-6.997,0.202C4.608,5.216,3.756,5.22,2.995,6.016C2.395,6.623,2.2,8.001,2.2,8.001S2,9.62,2,11.238v1.517 c0,1.618,0.2,3.237,0.2,3.237s0.195,1.378,0.795,1.985c0.761,0.797,1.76,0.771,2.205,0.855c1.6,0.153,6.8,0.201,6.8,0.201 s4.203-0.006,7.001-0.209c0.391-0.047,1.243-0.051,2.004-0.847c0.6-0.607,0.795-1.985,0.795-1.985s0.2-1.618,0.2-3.237v-1.517 C22,9.62,21.8,8.001,21.8,8.001z M9.935,14.594l-0.001-5.62l5.404,2.82L9.935,14.594z\"><\/path><\/svg><span class=\"wp-block-social-link-label screen-reader-text\">YouTube<\/span><\/a><\/li>\n\n<li class=\"wp-social-link wp-social-link-instagram  wp-block-social-link\"><a rel=\"noopener nofollow\" target=\"_blank\" href=\"https:\/\/www.instagram.com\/paroquiassredentordamaia\/\" class=\"wp-block-social-link-anchor\"><svg width=\"24\" height=\"24\" viewBox=\"0 0 24 24\" version=\"1.1\" xmlns=\"http:\/\/www.w3.org\/2000\/svg\" aria-hidden=\"true\" focusable=\"false\"><path d=\"M12,4.622c2.403,0,2.688,0.009,3.637,0.052c0.877,0.04,1.354,0.187,1.671,0.31c0.42,0.163,0.72,0.358,1.035,0.673 c0.315,0.315,0.51,0.615,0.673,1.035c0.123,0.317,0.27,0.794,0.31,1.671c0.043,0.949,0.052,1.234,0.052,3.637 s-0.009,2.688-0.052,3.637c-0.04,0.877-0.187,1.354-0.31,1.671c-0.163,0.42-0.358,0.72-0.673,1.035 c-0.315,0.315-0.615,0.51-1.035,0.673c-0.317,0.123-0.794,0.27-1.671,0.31c-0.949,0.043-1.233,0.052-3.637,0.052 s-2.688-0.009-3.637-0.052c-0.877-0.04-1.354-0.187-1.671-0.31c-0.42-0.163-0.72-0.358-1.035-0.673 c-0.315-0.315-0.51-0.615-0.673-1.035c-0.123-0.317-0.27-0.794-0.31-1.671C4.631,14.688,4.622,14.403,4.622,12 s0.009-2.688,0.052-3.637c0.04-0.877,0.187-1.354,0.31-1.671c0.163-0.42,0.358-0.72,0.673-1.035 c0.315-0.315,0.615-0.51,1.035-0.673c0.317-0.123,0.794-0.27,1.671-0.31C9.312,4.631,9.597,4.622,12,4.622 M12,3 C9.556,3,9.249,3.01,8.289,3.054C7.331,3.098,6.677,3.25,6.105,3.472C5.513,3.702,5.011,4.01,4.511,4.511 c-0.5,0.5-0.808,1.002-1.038,1.594C3.25,6.677,3.098,7.331,3.054,8.289C3.01,9.249,3,9.556,3,12c0,2.444,0.01,2.751,0.054,3.711 c0.044,0.958,0.196,1.612,0.418,2.185c0.23,0.592,0.538,1.094,1.038,1.594c0.5,0.5,1.002,0.808,1.594,1.038 c0.572,0.222,1.227,0.375,2.185,0.418C9.249,20.99,9.556,21,12,21s2.751-0.01,3.711-0.054c0.958-0.044,1.612-0.196,2.185-0.418 c0.592-0.23,1.094-0.538,1.594-1.038c0.5-0.5,0.808-1.002,1.038-1.594c0.222-0.572,0.375-1.227,0.418-2.185 C20.99,14.751,21,14.444,21,12s-0.01-2.751-0.054-3.711c-0.044-0.958-0.196-1.612-0.418-2.185c-0.23-0.592-0.538-1.094-1.038-1.594 c-0.5-0.5-1.002-0.808-1.594-1.038c-0.572-0.222-1.227-0.375-2.185-0.418C14.751,3.01,14.444,3,12,3L12,3z M12,7.378 c-2.552,0-4.622,2.069-4.622,4.622S9.448,16.622,12,16.622s4.622-2.069,4.622-4.622S14.552,7.378,12,7.378z M12,15 c-1.657,0-3-1.343-3-3s1.343-3,3-3s3,1.343,3,3S13.657,15,12,15z M16.804,6.116c-0.596,0-1.08,0.484-1.08,1.08 s0.484,1.08,1.08,1.08c0.596,0,1.08-0.484,1.08-1.08S17.401,6.116,16.804,6.116z\"><\/path><\/svg><span class=\"wp-block-social-link-label screen-reader-text\">Instagram<\/span><\/a><\/li><\/ul>\n<\/div>\n\n\n\n<div class=\"wp-block-column is-layout-flow wp-block-column-is-layout-flow\">\n<h5 class=\"wp-block-heading\">Links \u00dateis<\/h5>\n\n\n\n<ul class=\"wp-block-list\"><li><a rel=\"noreferrer noopener\" href=\"http:\/\/cssr.pt\/\" target=\"_blank\">Congrega\u00e7\u00e3o dos Redentoristas<\/a><\/li><li><a rel=\"noreferrer noopener\" href=\"https:\/\/www.patriarcado-lisboa.pt\/site\/\" target=\"_blank\">Patriarcado de Lisboa<\/a><\/li><li><a rel=\"noreferrer noopener\" href=\"https:\/\/agencia.ecclesia.pt\/portal\/\" target=\"_blank\">Ag\u00eancia Ecclesia<\/a><\/li><\/ul>\n<\/div>\n<\/div>\n<\/div><\/div>\n\n\n\n<p><\/p>\n\n\n<div ><\/div>","protected":false},"excerpt":{"rendered":"<p>\u201cEste \u00e9 o meu Filho muito amado, no qual pus o meu encanto; escutai-o\u201d. [instagram feed=&#8221;1490&#8243;] Evangeliza\u00e7\u00e3o Conhe\u00e7a os v\u00e1rios grupos e movimentos que comp\u00f5em a nossa par\u00f3quia. Celebra\u00e7\u00f5es Veja aqui os hor\u00e1rios das celebra\u00e7\u00f5es na nossa comunidade paroquial. Caridade Descubra como pode ajudar ou ser ajudado pela par\u00f3quia. Comunica\u00e7\u00f5es Paroquiais Leia aqui os avisos<a class=\"more-link\" href=\"https:\/\/www.paroquia-damaia.pt\/old\/\">Continuar lendo <\/a><\/p>\n","protected":false},"author":2,"featured_media":0,"parent":0,"menu_order":0,"comment_status":"closed","ping_status":"closed","template":"","meta":{"footnotes":""},"class_list":["post-235","page","type-page","status-publish","hentry","entry"],"_links":{"self":[{"href":"https:\/\/www.paroquia-damaia.pt\/old\/wp-json\/wp\/v2\/pages\/235","targetHints":{"allow":["GET"]}}],"collection":[{"href":"https:\/\/www.paroquia-damaia.pt\/old\/wp-json\/wp\/v2\/pages"}],"about":[{"href":"https:\/\/www.paroquia-damaia.pt\/old\/wp-json\/wp\/v2\/types\/page"}],"author":[{"embeddable":true,"href":"https:\/\/www.paroquia-damaia.pt\/old\/wp-json\/wp\/v2\/users\/2"}],"replies":[{"embeddable":true,"href":"https:\/\/www.paroquia-damaia.pt\/old\/wp-json\/wp\/v2\/comments?post=235"}],"version-history":[{"count":264,"href":"https:\/\/www.paroquia-damaia.pt\/old\/wp-json\/wp\/v2\/pages\/235\/revisions"}],"predecessor-version":[{"id":40388,"href":"https:\/\/www.paroquia-damaia.pt\/old\/wp-json\/wp\/v2\/pages\/235\/revisions\/40388"}],"wp:attachment":[{"href":"https:\/\/www.paroquia-damaia.pt\/old\/wp-json\/wp\/v2\/media?parent=235"}],"curies":[{"name":"wp","href":"https:\/\/api.w.org\/{rel}","templated":true}]}}