{"id":347,"date":"2020-10-29T23:52:07","date_gmt":"2020-10-29T23:52:07","guid":{"rendered":"https:\/\/igrejadamaia172095565.wordpress.com\/?page_id=347"},"modified":"2022-02-26T17:23:10","modified_gmt":"2022-02-26T17:23:10","slug":"grupos-de-reflexao","status":"publish","type":"page","link":"https:\/\/www.paroquia-damaia.pt\/old\/grupos-de-reflexao\/","title":{"rendered":"Jornadas de Estudo B\u00edblico"},"content":{"rendered":"<nav style=\"background-color: #f6f6f6;\" class=\"has-background items-justified-center alignfull wp-block-navigation is-content-justification-center is-layout-flex wp-container-core-navigation-is-layout-1 wp-block-navigation-is-layout-flex\" aria-label=\"Navigation 3\"><ul style=\"background-color: #f6f6f6;\" class=\"wp-block-navigation__container has-background items-justified-center alignfull wp-block-navigation\"><li class=\" wp-block-navigation-item wp-block-navigation-link\"><a class=\"wp-block-navigation-item__content\"  href=\"https:\/\/www.paroquia-damaia.pt\/old\" rel=\"\"><span class=\"wp-block-navigation-item__label\">In\u00edcio<\/span><\/a><\/li><li data-wp-context=\"{ &quot;submenuOpenedBy&quot;: { &quot;click&quot;: false, &quot;hover&quot;: false, &quot;focus&quot;: false }, &quot;type&quot;: &quot;submenu&quot; }\" data-wp-interactive=\"core\/navigation\" data-wp-on--focusout=\"actions.handleMenuFocusout\" data-wp-on--keydown=\"actions.handleMenuKeydown\" data-wp-on-async--mouseenter=\"actions.openMenuOnHover\" data-wp-on-async--mouseleave=\"actions.closeMenuOnHover\" data-wp-watch=\"callbacks.initMenu\" tabindex=\"-1\" class=\" wp-block-navigation-item has-child open-on-hover-click wp-block-navigation-submenu\"><a class=\"wp-block-navigation-item__content\" href=\"http:\/\/paroquia-damaia.pt\/acolhimento\/\">A Par\u00f3quia<\/a><button data-wp-bind--aria-expanded=\"state.isMenuOpen\" data-wp-on-async--click=\"actions.toggleMenuOnClick\" aria-label=\"A Par\u00f3quia submenu\" class=\"wp-block-navigation__submenu-icon wp-block-navigation-submenu__toggle\" ><svg xmlns=\"http:\/\/www.w3.org\/2000\/svg\" width=\"12\" height=\"12\" viewBox=\"0 0 12 12\" fill=\"none\" aria-hidden=\"true\" focusable=\"false\"><path d=\"M1.50002 4L6.00002 8L10.5 4\" stroke-width=\"1.5\"><\/path><\/svg><\/button><ul data-wp-on-async--focus=\"actions.openMenuOnFocus\" class=\"wp-block-navigation__submenu-container wp-block-navigation-submenu\"><li class=\" wp-block-navigation-item wp-block-navigation-link\"><a class=\"wp-block-navigation-item__content\"  href=\"https:\/\/www.paroquia-damaia.pt\/old\/acolhimento\/\"><span class=\"wp-block-navigation-item__label\">Acolhimento<\/span><\/a><\/li><li class=\" wp-block-navigation-item wp-block-navigation-link\"><a class=\"wp-block-navigation-item__content\"  href=\"https:\/\/www.paroquia-damaia.pt\/old\/o-paroco-vigario-e-diaconos-da-comunidade\/\"><span class=\"wp-block-navigation-item__label\">O P\u00e1roco, Vig\u00e1rio e Di\u00e1conos da\u00a0Comunidade<\/span><\/a><\/li><li class=\" wp-block-navigation-item wp-block-navigation-link\"><a class=\"wp-block-navigation-item__content\"  href=\"https:\/\/www.paroquia-damaia.pt\/old\/a-nossa-historia\/\"><span class=\"wp-block-navigation-item__label\">A Nossa Hist\u00f3ria<\/span><\/a><\/li><\/ul><\/li><li data-wp-context=\"{ &quot;submenuOpenedBy&quot;: { &quot;click&quot;: false, &quot;hover&quot;: false, &quot;focus&quot;: false }, &quot;type&quot;: &quot;submenu&quot; }\" data-wp-interactive=\"core\/navigation\" data-wp-on--focusout=\"actions.handleMenuFocusout\" data-wp-on--keydown=\"actions.handleMenuKeydown\" data-wp-on-async--mouseenter=\"actions.openMenuOnHover\" data-wp-on-async--mouseleave=\"actions.closeMenuOnHover\" data-wp-watch=\"callbacks.initMenu\" tabindex=\"-1\" class=\" wp-block-navigation-item has-child open-on-hover-click wp-block-navigation-submenu\"><a class=\"wp-block-navigation-item__content\" href=\"https:\/\/paroquia-damaia.pt\/catequese\/\">Evangeliza\u00e7\u00e3o<\/a><button data-wp-bind--aria-expanded=\"state.isMenuOpen\" data-wp-on-async--click=\"actions.toggleMenuOnClick\" aria-label=\"Evangeliza\u00e7\u00e3o submenu\" class=\"wp-block-navigation__submenu-icon wp-block-navigation-submenu__toggle\" ><svg xmlns=\"http:\/\/www.w3.org\/2000\/svg\" width=\"12\" height=\"12\" viewBox=\"0 0 12 12\" fill=\"none\" aria-hidden=\"true\" focusable=\"false\"><path d=\"M1.50002 4L6.00002 8L10.5 4\" stroke-width=\"1.5\"><\/path><\/svg><\/button><ul data-wp-on-async--focus=\"actions.openMenuOnFocus\" class=\"wp-block-navigation__submenu-container wp-block-navigation-submenu\"><li data-wp-context=\"{ &quot;submenuOpenedBy&quot;: { &quot;click&quot;: false, &quot;hover&quot;: false, &quot;focus&quot;: false }, &quot;type&quot;: &quot;submenu&quot; }\" data-wp-interactive=\"core\/navigation\" data-wp-on--focusout=\"actions.handleMenuFocusout\" data-wp-on--keydown=\"actions.handleMenuKeydown\" data-wp-on-async--mouseenter=\"actions.openMenuOnHover\" data-wp-on-async--mouseleave=\"actions.closeMenuOnHover\" data-wp-watch=\"callbacks.initMenu\" tabindex=\"-1\" class=\" wp-block-navigation-item has-child open-on-hover-click wp-block-navigation-submenu\"><a class=\"wp-block-navigation-item__content\" href=\"https:\/\/paroquia-damaia.pt\/catequese\/\">Catequese<\/a><button data-wp-bind--aria-expanded=\"state.isMenuOpen\" data-wp-on-async--click=\"actions.toggleMenuOnClick\" aria-label=\"Catequese submenu\" class=\"wp-block-navigation__submenu-icon wp-block-navigation-submenu__toggle\" ><svg xmlns=\"http:\/\/www.w3.org\/2000\/svg\" width=\"12\" height=\"12\" viewBox=\"0 0 12 12\" fill=\"none\" aria-hidden=\"true\" focusable=\"false\"><path d=\"M1.50002 4L6.00002 8L10.5 4\" stroke-width=\"1.5\"><\/path><\/svg><\/button><ul data-wp-on-async--focus=\"actions.openMenuOnFocus\" class=\"wp-block-navigation__submenu-container wp-block-navigation-submenu\"><li class=\" wp-block-navigation-item wp-block-navigation-link\"><a class=\"wp-block-navigation-item__content\"  href=\"https:\/\/paroquia-damaia.pt\/catequese\"><span class=\"wp-block-navigation-item__label\">Inf\u00e2ntil<\/span><\/a><\/li><li class=\" wp-block-navigation-item wp-block-navigation-link\"><a class=\"wp-block-navigation-item__content\"  href=\"https:\/\/paroquia-damaia.pt\/catequese-adultos\/\"><span class=\"wp-block-navigation-item__label\">Adultos<\/span><\/a><\/li><\/ul><\/li><li class=\" wp-block-navigation-item wp-block-navigation-link\"><a class=\"wp-block-navigation-item__content\"  href=\"https:\/\/paroquia-damaia.pt\/grupo-de-jovens\/\"><span class=\"wp-block-navigation-item__label\">Grupo de Jovens<\/span><\/a><\/li><li class=\" wp-block-navigation-item wp-block-navigation-link\"><a class=\"wp-block-navigation-item__content\"  href=\"http:\/\/paroquia-damaia.pt\/damaia-a-caminho\"><span class=\"wp-block-navigation-item__label\">Damaia a Caminho<\/span><\/a><\/li><li class=\" wp-block-navigation-item wp-block-navigation-link\"><a class=\"wp-block-navigation-item__content\"  href=\"https:\/\/paroquia-damaia.pt\/escuteiros-255-damaia\/\"><span class=\"wp-block-navigation-item__label\">Escuteiros 255-Damaia<\/span><\/a><\/li><li class=\" wp-block-navigation-item wp-block-navigation-link\"><a class=\"wp-block-navigation-item__content\"  href=\"https:\/\/paroquia-damaia.pt\/encontros-de-preparacao-batismo-e-encontros-de-preparacao-matrimonio\/\"><span class=\"wp-block-navigation-item__label\">Encontros de Prepara\u00e7\u00e3o Batismo e Encontros de Prepara\u00e7\u00e3o\u00a0Matrim\u00f3nio<\/span><\/a><\/li><li class=\" wp-block-navigation-item wp-block-navigation-link\"><a class=\"wp-block-navigation-item__content\"  href=\"https:\/\/paroquia-damaia.pt\/grupos-de-reflexao\/\"><span class=\"wp-block-navigation-item__label\">Grupos de Reflex\u00e3o<\/span><\/a><\/li><\/ul><\/li><li data-wp-context=\"{ &quot;submenuOpenedBy&quot;: { &quot;click&quot;: false, &quot;hover&quot;: false, &quot;focus&quot;: false }, &quot;type&quot;: &quot;submenu&quot; }\" data-wp-interactive=\"core\/navigation\" data-wp-on--focusout=\"actions.handleMenuFocusout\" data-wp-on--keydown=\"actions.handleMenuKeydown\" data-wp-on-async--mouseenter=\"actions.openMenuOnHover\" data-wp-on-async--mouseleave=\"actions.closeMenuOnHover\" data-wp-watch=\"callbacks.initMenu\" tabindex=\"-1\" class=\" wp-block-navigation-item has-child open-on-hover-click wp-block-navigation-submenu\"><a class=\"wp-block-navigation-item__content\" href=\"https:\/\/paroquia-damaia.pt\/missas\/\">Missas e Celebra\u00e7\u00f5es<\/a><button data-wp-bind--aria-expanded=\"state.isMenuOpen\" data-wp-on-async--click=\"actions.toggleMenuOnClick\" aria-label=\"Missas e Celebra\u00e7\u00f5es submenu\" class=\"wp-block-navigation__submenu-icon wp-block-navigation-submenu__toggle\" ><svg xmlns=\"http:\/\/www.w3.org\/2000\/svg\" width=\"12\" height=\"12\" viewBox=\"0 0 12 12\" fill=\"none\" aria-hidden=\"true\" focusable=\"false\"><path d=\"M1.50002 4L6.00002 8L10.5 4\" stroke-width=\"1.5\"><\/path><\/svg><\/button><ul data-wp-on-async--focus=\"actions.openMenuOnFocus\" class=\"wp-block-navigation__submenu-container wp-block-navigation-submenu\"><li class=\" wp-block-navigation-item wp-block-navigation-link\"><a class=\"wp-block-navigation-item__content\"  href=\"https:\/\/paroquia-damaia.pt\/missas\/\"><span class=\"wp-block-navigation-item__label\">Celebra\u00e7\u00f5es<\/span><\/a><\/li><li class=\" wp-block-navigation-item wp-block-navigation-link\"><a class=\"wp-block-navigation-item__content\"  href=\"https:\/\/paroquia-damaia.pt\/pastoral-liturgica\/\"><span class=\"wp-block-navigation-item__label\">Pastoral Lit\u00fargica<\/span><\/a><\/li><\/ul><\/li><li class=\" wp-block-navigation-item wp-block-navigation-link\"><a class=\"wp-block-navigation-item__content\"  href=\"https:\/\/paroquia-damaia.pt\/caridade\/\"><span class=\"wp-block-navigation-item__label\">Caridade<\/span><\/a><\/li><li class=\" wp-block-navigation-item wp-block-navigation-link\"><a class=\"wp-block-navigation-item__content\"  href=\"https:\/\/paroquia-damaia.pt\/secretaria-paroquial\/\"><span class=\"wp-block-navigation-item__label\">Secretaria Paroquial<\/span><\/a><\/li><li class=\" wp-block-navigation-item wp-block-navigation-link\"><a class=\"wp-block-navigation-item__content\"  href=\"https:\/\/www.paroquia-damaia.pt\/old\/wyd-2023-lisboa\/\" title=\"WYD 2023 - Lisbon\"><span class=\"wp-block-navigation-item__label\">WYD 2023 &#8211; Lisbon<\/span><\/a><\/li><\/ul><\/nav>\n\n\n<blockquote class=\"wp-block-quote has-text-align-center is-style-large is-layout-flow wp-block-quote-is-layout-flow\"><p>&#8220;<strong>A B\u00edblia n\u00e3o \u00e9 uma bela colet\u00e2nea de livros sagrados a estudar, \u00e9 Palavra de vida a semear, presente que o Ressuscitado pede para receber e distribuir para que haja vida em seu nome<\/strong><\/p><cite>Papa Francisco <\/cite><\/blockquote>\n\n\n\n<div class=\"wp-block-cover alignfull is-light\" style=\"min-height:365px;aspect-ratio:unset;aspect-ratio:unset;\"><span aria-hidden=\"true\" class=\"wp-block-cover__background has-background-dim-0 has-background-dim\"><\/span><img decoding=\"async\" class=\"wp-block-cover__image-background wp-image-659\" alt=\"\" src=\"https:\/\/igrejadamaia172095565.files.wordpress.com\/2020\/10\/pexels-photo-1296720.jpeg\" style=\"object-position:55% 48%\" data-object-fit=\"cover\" data-object-position=\"55% 48%\"\/><div class=\"wp-block-cover__inner-container is-layout-flow wp-block-cover-is-layout-flow\">\n<p class=\"has-text-align-center has-large-font-size\"><\/p>\n<\/div><\/div>\n\n\n\n<p>O projeto \u201cJornadas de Estudo B\u00edblico\u201d foi criado a partir das conclus\u00f5es e das propostas do \u00faltimo S\u00ednodo do Patriarcado de Lisboa, iluminado pela Exorta\u00e7\u00e3o Apost\u00f3lica \u201cEvangelii Gaudium\u201d do Papa Francisco.<\/p>\n\n\n\n<ul class=\"wp-block-list\"><li>1.\u00aa Etapa (Ano 2017\/2018): A Palavra no dinamismo de \u201csa\u00edda\u201d<ul><li>\u201cA f\u00e9 surge da prega\u00e7\u00e3o, e a prega\u00e7\u00e3o surge pela palavra de Cristo.\u201d (Rm 10,17)<\/li><\/ul><\/li><li>2.\u00aa Etapa (Ano 2018\/2019): B\u00edblia e Liturgia<ul><li>\u201cViver a liturgia como lugar de encontro.\u201d (CSL, n. 47)<\/li><\/ul><\/li><li><strong>3.\u00aa Etapa (Ano 2019\/2020):<\/strong><ul><li><strong>Devido \u00e0 situa\u00e7\u00e3o pand\u00e9mica da Covid-19 a terceira etapa do JEB foi interrompida. Esperamos retomar  quando a situa\u00e7\u00e3o atual o permitir.<\/strong><\/li><\/ul><\/li><\/ul>\n\n\n\n<div style=\"height:35px\" aria-hidden=\"true\" class=\"wp-block-spacer\"><\/div>\n\n\n\n<h2 class=\"wp-block-heading\" id=\"motivacoes-1\"><strong>Motiva\u00e7\u00f5es<\/strong><\/h2>\n\n\n\n<p>A realidade p\u00f3s-moderna que vivemos hoje, exige conhecimentos adequados para podermos assumir, com responsabilidade, a nossa viv\u00eancia crist\u00e3 em Igreja, na sociedade e no mundo.<\/p>\n\n\n\n<p>\u00c9, pois, indispens\u00e1vel, para todos, o conhecimento das ra\u00edzes, da doutrina e da liturgia crist\u00e3, dos seus princ\u00edpios e textos sagrados, sem os quais n\u00e3o se pode falar de uma evangeliza\u00e7\u00e3o verdadeira, portadora de permanente novidade e marcada pelo dinamismo de sa\u00edda (cf. EG, n. 20 e 41).<\/p>\n\n\n\n<p>O \u00faltimo S\u00ednodo do Patriarcado de Lisboa, iluminado pela Exorta\u00e7\u00e3o Apost\u00f3lica \u201cEvangelii Guadium\u201d do Papa Francisco, sobre o an\u00fancio do Evangelho no mundo atual, refere v\u00e1rias lacunas na forma\u00e7\u00e3o dos disc\u00edpulos mission\u00e1rios e exige das dioceses, par\u00f3quias e grupos cat\u00f3licos, um estudo s\u00e9rio e perseverante da B\u00edblia (cf. CSL, n. 3 e 15 e EG, n. 175), apontando a forma\u00e7\u00e3o permanente como uma das tarefas fundamentais a realizar&nbsp; no campo da evangeliza\u00e7\u00e3o (cf. CSL, n. 18; 62).<\/p>\n\n\n\n<p>Ora, a a\u00e7\u00e3o evangelizadora tem que levar em considera\u00e7\u00e3o a tr\u00edplice dimens\u00e3o da miss\u00e3o de Cristo, isto \u00e9, a dimens\u00e3o prof\u00e9tica (Palavra), sacerdotal (Liturgia), e a real (Pastoral \/ Caridade), da qual participam todos os fi\u00e9is pelo batismo (cf. CSL, n. 36-57).<\/p>\n\n\n\n<p>Assim, na reflex\u00e3o p\u00f3s sinodal, prop\u00f5e o Patriarcado de Lisboa que esta forma\u00e7\u00e3o se desenvolva em tr\u00eas etapas:<\/p>\n\n\n\n<ul class=\"wp-block-list\"><li>2017-2018 \u2013 Etapa em que a forma\u00e7\u00e3o \u00e9 dedicada \u00e0 reflex\u00e3o da Palavra de Deus, na qual aparece, constantemente, o dinamismo de \u201csa\u00edda\u201d que o pr\u00f3prio Deus quer provocar nos crentes (cf. EG, n. 20)<\/li><li>2018-2019 \u2013 Etapa para refletir a Liturgia, a partir da qual a Igreja evangeliza e se evangeliza, porque a Sagrada Liturgia \u00e9 fonte de um renovado impulso para se dar (cf. EG, n. 24)<\/li><li>2019-2020 \u2013 Etapa em que ser\u00e1 refletida a quest\u00e3o da Caridade, que nos chama a \u201csair da pr\u00f3pria comodidade e a ter a coragem de alcan\u00e7ar todas as periferias que precisam da luz do Evangelho\u201d (EG, n. 20)<\/li><\/ul>\n\n\n\n<div style=\"height:35px\" aria-hidden=\"true\" class=\"wp-block-spacer\"><\/div>\n\n\n\n<h2 class=\"wp-block-heading\" id=\"objetivos-1\"><strong>Objetivos<\/strong><\/h2>\n\n\n\n<p>Oferecer a todos os participantes a partir do estudo dos textos b\u00edblicos do Antigo e Novo Testamento o conhecimento das diferentes dimens\u00f5es da miss\u00e3o de Cristo.<\/p>\n\n\n\n<p>Para cada uma das etapas do projeto foram definidos objetivos espec\u00edficos tendo em vista a dimens\u00e3o da miss\u00e3o de Cristo a ser estudada.<\/p>\n\n\n\n<div style=\"height:35px\" aria-hidden=\"true\" class=\"wp-block-spacer\"><\/div>\n\n\n\n<h2 class=\"wp-block-heading\" id=\"destinatarios\"><strong>Destinat\u00e1rios<\/strong><\/h2>\n\n\n\n<p>Todos os fi\u00e9is interessados em aprofundar os seus conhecimentos b\u00edblicos, e tamb\u00e9m Membros da Pastoral Lit\u00fargica Paroquial, Catequistas, Jovens, Catequizandos, Ministros Extraordin\u00e1rios da Eucaristia, Ministros da Palavra, Ministros da Ex\u00e9quias, Ac\u00f3litos, Membros de Movimentos Cat\u00f3licos, Professores de Educa\u00e7\u00e3o Moral e Religiosa Cat\u00f3lica.<\/p>\n\n\n\n<div style=\"height:35px\" aria-hidden=\"true\" class=\"wp-block-spacer\"><\/div>\n\n\n\n<h2 class=\"wp-block-heading\" id=\"metodologia-1\">M<strong>etodologia<\/strong><\/h2>\n\n\n\n<ul class=\"wp-block-list\"><li>Estudos mensais (uma sexta-feira por m\u00eas das 21h \u00e0s 23h).<\/li><li>Contextualiza\u00e7\u00e3o e leitura interpretativa dos textos b\u00edblicos.<\/li><li>Encontro individual com os textos b\u00edblicos a partir da din\u00e2mica da Lectio Divina.<\/li><\/ul>\n\n\n\n<div style=\"height:35px\" aria-hidden=\"true\" class=\"wp-block-spacer\"><\/div>\n\n\n\n<h2 class=\"wp-block-heading\" id=\"contacto-1\"><strong>Contacto<\/strong><\/h2>\n\n\n\n<div class=\"wp-block-jetpack-contact-info\">\n<div class=\"wp-block-jetpack-email\"><a href=\"mailto:jeb.ssredentor@gmail.com\">jeb.ssredentor@gmail.com<\/a>           \n<a href=\"mailto:secretaria@paroquia-damaia.pt\">secretaria@paroquia-damaia.pt<\/a>\n<\/div>\n\n\n\n\n\n<div class=\"wp-block-jetpack-address\"><div class=\"jetpack-address__address jetpack-address__address2\">Audit\u00f3rio do Centro Paroquial da Igreja do Sant\u00edssimo Redentor<\/div><\/div>\n<\/div>\n\n\n\n<div class=\"wp-block-group alignfull has-background-light-background-color has-background\"><div class=\"wp-block-group__inner-container is-layout-flow wp-block-group-is-layout-flow\">\n<div class=\"wp-block-columns alignwide is-layout-flex wp-container-core-columns-is-layout-1 wp-block-columns-is-layout-flex\">\n<div class=\"wp-block-column is-layout-flow wp-block-column-is-layout-flow\">\n<h5 class=\"wp-block-heading\" id=\"morada\">Morada<\/h5>\n\n\n\n<div class=\"wp-block-jetpack-contact-info\">\n\n\n\n\n<div class=\"wp-block-jetpack-address\"><a href=\"https:\/\/www.google.com\/maps\/search\/Largo+da Igreja, Damaia,+2720-122 Amadora\" target=\"_blank\" rel=\"noopener noreferrer\" title=\"Open address in Google Maps\"><div class=\"jetpack-address__address jetpack-address__address1\">Largo da Igreja, Damaia<\/div><div><span class=\"jetpack-address__region\"><\/span> <span class=\"jetpack-address__postal\">2720-122 Amadora<\/span><\/div><\/a><\/div>\n<\/div>\n<\/div>\n\n\n\n<div class=\"wp-block-column is-layout-flow wp-block-column-is-layout-flow\">\n<h5 class=\"wp-block-heading\" id=\"contactos\">Contactos<\/h5>\n\n\n\n<div class=\"wp-block-jetpack-contact-info\">\n<div class=\"wp-block-jetpack-email\"><a href=\"mailto:secretaria@paroquia-damaia.pt\">secretaria@paroquia-damaia.pt<\/a>\n<\/div>\n\n\n\n<div class=\"wp-block-jetpack-phone\"><a href=\"tel:214971540\">214 971 540<\/a><\/div>\n\n\n<\/div>\n\n\n\n<ul class=\"wp-block-social-links alignleft is-style-pill-shape is-layout-flex wp-block-social-links-is-layout-flex\"><li class=\"wp-social-link wp-social-link-facebook  wp-block-social-link\"><a rel=\"noopener nofollow\" target=\"_blank\" href=\"https:\/\/www.facebook.com\/Igreja-do-Sant%C3%ADssimo-Redentor-Damaia-160924754067131\/\" class=\"wp-block-social-link-anchor\"><svg width=\"24\" height=\"24\" viewBox=\"0 0 24 24\" version=\"1.1\" xmlns=\"http:\/\/www.w3.org\/2000\/svg\" aria-hidden=\"true\" focusable=\"false\"><path d=\"M12 2C6.5 2 2 6.5 2 12c0 5 3.7 9.1 8.4 9.9v-7H7.9V12h2.5V9.8c0-2.5 1.5-3.9 3.8-3.9 1.1 0 2.2.2 2.2.2v2.5h-1.3c-1.2 0-1.6.8-1.6 1.6V12h2.8l-.4 2.9h-2.3v7C18.3 21.1 22 17 22 12c0-5.5-4.5-10-10-10z\"><\/path><\/svg><span class=\"wp-block-social-link-label screen-reader-text\">Facebook<\/span><\/a><\/li>\n\n<li class=\"wp-social-link wp-social-link-youtube  wp-block-social-link\"><a rel=\"noopener nofollow\" target=\"_blank\" href=\"https:\/\/www.youtube.com\/channel\/UCBZSRSq_OsnUuouUN5OvxZg\" class=\"wp-block-social-link-anchor\"><svg width=\"24\" height=\"24\" viewBox=\"0 0 24 24\" version=\"1.1\" xmlns=\"http:\/\/www.w3.org\/2000\/svg\" aria-hidden=\"true\" focusable=\"false\"><path d=\"M21.8,8.001c0,0-0.195-1.378-0.795-1.985c-0.76-0.797-1.613-0.801-2.004-0.847c-2.799-0.202-6.997-0.202-6.997-0.202 h-0.009c0,0-4.198,0-6.997,0.202C4.608,5.216,3.756,5.22,2.995,6.016C2.395,6.623,2.2,8.001,2.2,8.001S2,9.62,2,11.238v1.517 c0,1.618,0.2,3.237,0.2,3.237s0.195,1.378,0.795,1.985c0.761,0.797,1.76,0.771,2.205,0.855c1.6,0.153,6.8,0.201,6.8,0.201 s4.203-0.006,7.001-0.209c0.391-0.047,1.243-0.051,2.004-0.847c0.6-0.607,0.795-1.985,0.795-1.985s0.2-1.618,0.2-3.237v-1.517 C22,9.62,21.8,8.001,21.8,8.001z M9.935,14.594l-0.001-5.62l5.404,2.82L9.935,14.594z\"><\/path><\/svg><span class=\"wp-block-social-link-label screen-reader-text\">YouTube<\/span><\/a><\/li>\n\n<li class=\"wp-social-link wp-social-link-instagram  wp-block-social-link\"><a rel=\"noopener nofollow\" target=\"_blank\" href=\"https:\/\/www.instagram.com\/paroquiassredentordamaia\/\" class=\"wp-block-social-link-anchor\"><svg width=\"24\" height=\"24\" viewBox=\"0 0 24 24\" version=\"1.1\" xmlns=\"http:\/\/www.w3.org\/2000\/svg\" aria-hidden=\"true\" focusable=\"false\"><path d=\"M12,4.622c2.403,0,2.688,0.009,3.637,0.052c0.877,0.04,1.354,0.187,1.671,0.31c0.42,0.163,0.72,0.358,1.035,0.673 c0.315,0.315,0.51,0.615,0.673,1.035c0.123,0.317,0.27,0.794,0.31,1.671c0.043,0.949,0.052,1.234,0.052,3.637 s-0.009,2.688-0.052,3.637c-0.04,0.877-0.187,1.354-0.31,1.671c-0.163,0.42-0.358,0.72-0.673,1.035 c-0.315,0.315-0.615,0.51-1.035,0.673c-0.317,0.123-0.794,0.27-1.671,0.31c-0.949,0.043-1.233,0.052-3.637,0.052 s-2.688-0.009-3.637-0.052c-0.877-0.04-1.354-0.187-1.671-0.31c-0.42-0.163-0.72-0.358-1.035-0.673 c-0.315-0.315-0.51-0.615-0.673-1.035c-0.123-0.317-0.27-0.794-0.31-1.671C4.631,14.688,4.622,14.403,4.622,12 s0.009-2.688,0.052-3.637c0.04-0.877,0.187-1.354,0.31-1.671c0.163-0.42,0.358-0.72,0.673-1.035 c0.315-0.315,0.615-0.51,1.035-0.673c0.317-0.123,0.794-0.27,1.671-0.31C9.312,4.631,9.597,4.622,12,4.622 M12,3 C9.556,3,9.249,3.01,8.289,3.054C7.331,3.098,6.677,3.25,6.105,3.472C5.513,3.702,5.011,4.01,4.511,4.511 c-0.5,0.5-0.808,1.002-1.038,1.594C3.25,6.677,3.098,7.331,3.054,8.289C3.01,9.249,3,9.556,3,12c0,2.444,0.01,2.751,0.054,3.711 c0.044,0.958,0.196,1.612,0.418,2.185c0.23,0.592,0.538,1.094,1.038,1.594c0.5,0.5,1.002,0.808,1.594,1.038 c0.572,0.222,1.227,0.375,2.185,0.418C9.249,20.99,9.556,21,12,21s2.751-0.01,3.711-0.054c0.958-0.044,1.612-0.196,2.185-0.418 c0.592-0.23,1.094-0.538,1.594-1.038c0.5-0.5,0.808-1.002,1.038-1.594c0.222-0.572,0.375-1.227,0.418-2.185 C20.99,14.751,21,14.444,21,12s-0.01-2.751-0.054-3.711c-0.044-0.958-0.196-1.612-0.418-2.185c-0.23-0.592-0.538-1.094-1.038-1.594 c-0.5-0.5-1.002-0.808-1.594-1.038c-0.572-0.222-1.227-0.375-2.185-0.418C14.751,3.01,14.444,3,12,3L12,3z M12,7.378 c-2.552,0-4.622,2.069-4.622,4.622S9.448,16.622,12,16.622s4.622-2.069,4.622-4.622S14.552,7.378,12,7.378z M12,15 c-1.657,0-3-1.343-3-3s1.343-3,3-3s3,1.343,3,3S13.657,15,12,15z M16.804,6.116c-0.596,0-1.08,0.484-1.08,1.08 s0.484,1.08,1.08,1.08c0.596,0,1.08-0.484,1.08-1.08S17.401,6.116,16.804,6.116z\"><\/path><\/svg><span class=\"wp-block-social-link-label screen-reader-text\">Instagram<\/span><\/a><\/li><\/ul>\n<\/div>\n\n\n\n<div class=\"wp-block-column is-layout-flow wp-block-column-is-layout-flow\">\n<h5 class=\"wp-block-heading\" id=\"links-uteis\">Links \u00dateis<\/h5>\n\n\n\n<ul class=\"wp-block-list\"><li><a rel=\"noreferrer noopener\" href=\"http:\/\/cssr.pt\/\" target=\"_blank\">Congrega\u00e7\u00e3o dos Redentoristas<\/a><\/li><li><a rel=\"noreferrer noopener\" href=\"https:\/\/www.patriarcado-lisboa.pt\/site\/\" target=\"_blank\">Patriarcado de Lisboa<\/a><\/li><li><a rel=\"noreferrer noopener\" href=\"https:\/\/agencia.ecclesia.pt\/portal\/\" target=\"_blank\">Ag\u00eancia Ecclesia<\/a><\/li><\/ul>\n<\/div>\n<\/div>\n<\/div><\/div>\n\n\n\n<p><\/p>\n","protected":false},"excerpt":{"rendered":"<p>&#8220;A B\u00edblia n\u00e3o \u00e9 uma bela colet\u00e2nea de livros sagrados a estudar, \u00e9 Palavra de vida a semear, presente que o Ressuscitado pede para receber e distribuir para que haja vida em seu nome Papa Francisco O projeto \u201cJornadas de Estudo B\u00edblico\u201d foi criado a partir das conclus\u00f5es e das propostas do \u00faltimo S\u00ednodo do<a class=\"more-link\" href=\"https:\/\/www.paroquia-damaia.pt\/old\/grupos-de-reflexao\/\">Continuar lendo <span class=\"screen-reader-text\">&#8220;Jornadas de Estudo B\u00edblico&#8221;<\/span><\/a><\/p>\n","protected":false},"author":1,"featured_media":0,"parent":0,"menu_order":0,"comment_status":"closed","ping_status":"closed","template":"","meta":{"footnotes":""},"class_list":["post-347","page","type-page","status-publish","hentry","entry"],"_links":{"self":[{"href":"https:\/\/www.paroquia-damaia.pt\/old\/wp-json\/wp\/v2\/pages\/347","targetHints":{"allow":["GET"]}}],"collection":[{"href":"https:\/\/www.paroquia-damaia.pt\/old\/wp-json\/wp\/v2\/pages"}],"about":[{"href":"https:\/\/www.paroquia-damaia.pt\/old\/wp-json\/wp\/v2\/types\/page"}],"author":[{"embeddable":true,"href":"https:\/\/www.paroquia-damaia.pt\/old\/wp-json\/wp\/v2\/users\/1"}],"replies":[{"embeddable":true,"href":"https:\/\/www.paroquia-damaia.pt\/old\/wp-json\/wp\/v2\/comments?post=347"}],"version-history":[{"count":21,"href":"https:\/\/www.paroquia-damaia.pt\/old\/wp-json\/wp\/v2\/pages\/347\/revisions"}],"predecessor-version":[{"id":32102,"href":"https:\/\/www.paroquia-damaia.pt\/old\/wp-json\/wp\/v2\/pages\/347\/revisions\/32102"}],"wp:attachment":[{"href":"https:\/\/www.paroquia-damaia.pt\/old\/wp-json\/wp\/v2\/media?parent=347"}],"curies":[{"name":"wp","href":"https:\/\/api.w.org\/{rel}","templated":true}]}}