{"id":39751,"date":"2023-07-27T21:46:22","date_gmt":"2023-07-27T20:46:22","guid":{"rendered":"https:\/\/www.paroquia-damaia.pt\/old\/?page_id=39751"},"modified":"2023-07-27T22:50:59","modified_gmt":"2023-07-27T21:50:59","slug":"wyd-2023-lisboa","status":"publish","type":"page","link":"https:\/\/www.paroquia-damaia.pt\/old\/wyd-2023-lisboa\/","title":{"rendered":"WYD 2023 &#8211; Lisbon"},"content":{"rendered":"\n<figure class=\"wp-block-image alignfull size-large\"><a href=\"https:\/\/www.paroquia-damaia.pt\/old\/wp-content\/uploads\/2023\/07\/banner-jmj2023.jpg\"><img loading=\"lazy\" decoding=\"async\" width=\"1024\" height=\"377\" src=\"https:\/\/www.paroquia-damaia.pt\/old\/wp-content\/uploads\/2023\/07\/banner-jmj2023-1024x377.jpg\" alt=\"\" class=\"wp-image-39758\" srcset=\"https:\/\/www.paroquia-damaia.pt\/old\/wp-content\/uploads\/2023\/07\/banner-jmj2023-1024x377.jpg 1024w, https:\/\/www.paroquia-damaia.pt\/old\/wp-content\/uploads\/2023\/07\/banner-jmj2023-300x110.jpg 300w, https:\/\/www.paroquia-damaia.pt\/old\/wp-content\/uploads\/2023\/07\/banner-jmj2023-768x283.jpg 768w, https:\/\/www.paroquia-damaia.pt\/old\/wp-content\/uploads\/2023\/07\/banner-jmj2023-1536x566.jpg 1536w, https:\/\/www.paroquia-damaia.pt\/old\/wp-content\/uploads\/2023\/07\/banner-jmj2023-1568x577.jpg 1568w, https:\/\/www.paroquia-damaia.pt\/old\/wp-content\/uploads\/2023\/07\/banner-jmj2023.jpg 1920w\" sizes=\"auto, (max-width: 1024px) 100vw, 1024px\" \/><\/a><\/figure>\n\n\n<nav style=\"background-color: #f6f6f6;\" class=\"has-background items-justified-center alignfull wp-block-navigation is-content-justification-center is-layout-flex wp-container-core-navigation-is-layout-1 wp-block-navigation-is-layout-flex\" aria-label=\"Navigation 3\"><ul style=\"background-color: #f6f6f6;\" class=\"wp-block-navigation__container has-background items-justified-center alignfull wp-block-navigation\"><li class=\" wp-block-navigation-item wp-block-navigation-link\"><a class=\"wp-block-navigation-item__content\"  href=\"https:\/\/www.paroquia-damaia.pt\/old\" rel=\"\"><span class=\"wp-block-navigation-item__label\">In\u00edcio<\/span><\/a><\/li><li data-wp-context=\"{ &quot;submenuOpenedBy&quot;: { &quot;click&quot;: false, &quot;hover&quot;: false, &quot;focus&quot;: false }, &quot;type&quot;: &quot;submenu&quot; }\" data-wp-interactive=\"core\/navigation\" data-wp-on--focusout=\"actions.handleMenuFocusout\" data-wp-on--keydown=\"actions.handleMenuKeydown\" data-wp-on-async--mouseenter=\"actions.openMenuOnHover\" data-wp-on-async--mouseleave=\"actions.closeMenuOnHover\" data-wp-watch=\"callbacks.initMenu\" tabindex=\"-1\" class=\" wp-block-navigation-item has-child open-on-hover-click wp-block-navigation-submenu\"><a class=\"wp-block-navigation-item__content\" href=\"http:\/\/paroquia-damaia.pt\/acolhimento\/\">A Par\u00f3quia<\/a><button data-wp-bind--aria-expanded=\"state.isMenuOpen\" data-wp-on-async--click=\"actions.toggleMenuOnClick\" aria-label=\"A Par\u00f3quia submenu\" class=\"wp-block-navigation__submenu-icon wp-block-navigation-submenu__toggle\" ><svg xmlns=\"http:\/\/www.w3.org\/2000\/svg\" width=\"12\" height=\"12\" viewBox=\"0 0 12 12\" fill=\"none\" aria-hidden=\"true\" focusable=\"false\"><path d=\"M1.50002 4L6.00002 8L10.5 4\" stroke-width=\"1.5\"><\/path><\/svg><\/button><ul data-wp-on-async--focus=\"actions.openMenuOnFocus\" class=\"wp-block-navigation__submenu-container wp-block-navigation-submenu\"><li class=\" wp-block-navigation-item wp-block-navigation-link\"><a class=\"wp-block-navigation-item__content\"  href=\"https:\/\/www.paroquia-damaia.pt\/old\/acolhimento\/\"><span class=\"wp-block-navigation-item__label\">Acolhimento<\/span><\/a><\/li><li class=\" wp-block-navigation-item wp-block-navigation-link\"><a class=\"wp-block-navigation-item__content\"  href=\"https:\/\/www.paroquia-damaia.pt\/old\/o-paroco-vigario-e-diaconos-da-comunidade\/\"><span class=\"wp-block-navigation-item__label\">O P\u00e1roco, Vig\u00e1rio e Di\u00e1conos da\u00a0Comunidade<\/span><\/a><\/li><li class=\" wp-block-navigation-item wp-block-navigation-link\"><a class=\"wp-block-navigation-item__content\"  href=\"https:\/\/www.paroquia-damaia.pt\/old\/a-nossa-historia\/\"><span class=\"wp-block-navigation-item__label\">A Nossa Hist\u00f3ria<\/span><\/a><\/li><\/ul><\/li><li data-wp-context=\"{ &quot;submenuOpenedBy&quot;: { &quot;click&quot;: false, &quot;hover&quot;: false, &quot;focus&quot;: false }, &quot;type&quot;: &quot;submenu&quot; }\" data-wp-interactive=\"core\/navigation\" data-wp-on--focusout=\"actions.handleMenuFocusout\" data-wp-on--keydown=\"actions.handleMenuKeydown\" data-wp-on-async--mouseenter=\"actions.openMenuOnHover\" data-wp-on-async--mouseleave=\"actions.closeMenuOnHover\" data-wp-watch=\"callbacks.initMenu\" tabindex=\"-1\" class=\" wp-block-navigation-item has-child open-on-hover-click wp-block-navigation-submenu\"><a class=\"wp-block-navigation-item__content\" href=\"https:\/\/paroquia-damaia.pt\/catequese\/\">Evangeliza\u00e7\u00e3o<\/a><button data-wp-bind--aria-expanded=\"state.isMenuOpen\" data-wp-on-async--click=\"actions.toggleMenuOnClick\" aria-label=\"Evangeliza\u00e7\u00e3o submenu\" class=\"wp-block-navigation__submenu-icon wp-block-navigation-submenu__toggle\" ><svg xmlns=\"http:\/\/www.w3.org\/2000\/svg\" width=\"12\" height=\"12\" viewBox=\"0 0 12 12\" fill=\"none\" aria-hidden=\"true\" focusable=\"false\"><path d=\"M1.50002 4L6.00002 8L10.5 4\" stroke-width=\"1.5\"><\/path><\/svg><\/button><ul data-wp-on-async--focus=\"actions.openMenuOnFocus\" class=\"wp-block-navigation__submenu-container wp-block-navigation-submenu\"><li data-wp-context=\"{ &quot;submenuOpenedBy&quot;: { &quot;click&quot;: false, &quot;hover&quot;: false, &quot;focus&quot;: false }, &quot;type&quot;: &quot;submenu&quot; }\" data-wp-interactive=\"core\/navigation\" data-wp-on--focusout=\"actions.handleMenuFocusout\" data-wp-on--keydown=\"actions.handleMenuKeydown\" data-wp-on-async--mouseenter=\"actions.openMenuOnHover\" data-wp-on-async--mouseleave=\"actions.closeMenuOnHover\" data-wp-watch=\"callbacks.initMenu\" tabindex=\"-1\" class=\" wp-block-navigation-item has-child open-on-hover-click wp-block-navigation-submenu\"><a class=\"wp-block-navigation-item__content\" href=\"https:\/\/paroquia-damaia.pt\/catequese\/\">Catequese<\/a><button data-wp-bind--aria-expanded=\"state.isMenuOpen\" data-wp-on-async--click=\"actions.toggleMenuOnClick\" aria-label=\"Catequese submenu\" class=\"wp-block-navigation__submenu-icon wp-block-navigation-submenu__toggle\" ><svg xmlns=\"http:\/\/www.w3.org\/2000\/svg\" width=\"12\" height=\"12\" viewBox=\"0 0 12 12\" fill=\"none\" aria-hidden=\"true\" focusable=\"false\"><path d=\"M1.50002 4L6.00002 8L10.5 4\" stroke-width=\"1.5\"><\/path><\/svg><\/button><ul data-wp-on-async--focus=\"actions.openMenuOnFocus\" class=\"wp-block-navigation__submenu-container wp-block-navigation-submenu\"><li class=\" wp-block-navigation-item wp-block-navigation-link\"><a class=\"wp-block-navigation-item__content\"  href=\"https:\/\/paroquia-damaia.pt\/catequese\"><span class=\"wp-block-navigation-item__label\">Inf\u00e2ntil<\/span><\/a><\/li><li class=\" wp-block-navigation-item wp-block-navigation-link\"><a class=\"wp-block-navigation-item__content\"  href=\"https:\/\/paroquia-damaia.pt\/catequese-adultos\/\"><span class=\"wp-block-navigation-item__label\">Adultos<\/span><\/a><\/li><\/ul><\/li><li class=\" wp-block-navigation-item wp-block-navigation-link\"><a class=\"wp-block-navigation-item__content\"  href=\"https:\/\/paroquia-damaia.pt\/grupo-de-jovens\/\"><span class=\"wp-block-navigation-item__label\">Grupo de Jovens<\/span><\/a><\/li><li class=\" wp-block-navigation-item wp-block-navigation-link\"><a class=\"wp-block-navigation-item__content\"  href=\"http:\/\/paroquia-damaia.pt\/damaia-a-caminho\"><span class=\"wp-block-navigation-item__label\">Damaia a Caminho<\/span><\/a><\/li><li class=\" wp-block-navigation-item wp-block-navigation-link\"><a class=\"wp-block-navigation-item__content\"  href=\"https:\/\/paroquia-damaia.pt\/escuteiros-255-damaia\/\"><span class=\"wp-block-navigation-item__label\">Escuteiros 255-Damaia<\/span><\/a><\/li><li class=\" wp-block-navigation-item wp-block-navigation-link\"><a class=\"wp-block-navigation-item__content\"  href=\"https:\/\/paroquia-damaia.pt\/encontros-de-preparacao-batismo-e-encontros-de-preparacao-matrimonio\/\"><span class=\"wp-block-navigation-item__label\">Encontros de Prepara\u00e7\u00e3o Batismo e Encontros de Prepara\u00e7\u00e3o\u00a0Matrim\u00f3nio<\/span><\/a><\/li><li class=\" wp-block-navigation-item wp-block-navigation-link\"><a class=\"wp-block-navigation-item__content\"  href=\"https:\/\/paroquia-damaia.pt\/grupos-de-reflexao\/\"><span class=\"wp-block-navigation-item__label\">Grupos de Reflex\u00e3o<\/span><\/a><\/li><\/ul><\/li><li data-wp-context=\"{ &quot;submenuOpenedBy&quot;: { &quot;click&quot;: false, &quot;hover&quot;: false, &quot;focus&quot;: false }, &quot;type&quot;: &quot;submenu&quot; }\" data-wp-interactive=\"core\/navigation\" data-wp-on--focusout=\"actions.handleMenuFocusout\" data-wp-on--keydown=\"actions.handleMenuKeydown\" data-wp-on-async--mouseenter=\"actions.openMenuOnHover\" data-wp-on-async--mouseleave=\"actions.closeMenuOnHover\" data-wp-watch=\"callbacks.initMenu\" tabindex=\"-1\" class=\" wp-block-navigation-item has-child open-on-hover-click wp-block-navigation-submenu\"><a class=\"wp-block-navigation-item__content\" href=\"https:\/\/paroquia-damaia.pt\/missas\/\">Missas e Celebra\u00e7\u00f5es<\/a><button data-wp-bind--aria-expanded=\"state.isMenuOpen\" data-wp-on-async--click=\"actions.toggleMenuOnClick\" aria-label=\"Missas e Celebra\u00e7\u00f5es submenu\" class=\"wp-block-navigation__submenu-icon wp-block-navigation-submenu__toggle\" ><svg xmlns=\"http:\/\/www.w3.org\/2000\/svg\" width=\"12\" height=\"12\" viewBox=\"0 0 12 12\" fill=\"none\" aria-hidden=\"true\" focusable=\"false\"><path d=\"M1.50002 4L6.00002 8L10.5 4\" stroke-width=\"1.5\"><\/path><\/svg><\/button><ul data-wp-on-async--focus=\"actions.openMenuOnFocus\" class=\"wp-block-navigation__submenu-container wp-block-navigation-submenu\"><li class=\" wp-block-navigation-item wp-block-navigation-link\"><a class=\"wp-block-navigation-item__content\"  href=\"https:\/\/paroquia-damaia.pt\/missas\/\"><span class=\"wp-block-navigation-item__label\">Celebra\u00e7\u00f5es<\/span><\/a><\/li><li class=\" wp-block-navigation-item wp-block-navigation-link\"><a class=\"wp-block-navigation-item__content\"  href=\"https:\/\/paroquia-damaia.pt\/pastoral-liturgica\/\"><span class=\"wp-block-navigation-item__label\">Pastoral Lit\u00fargica<\/span><\/a><\/li><\/ul><\/li><li class=\" wp-block-navigation-item wp-block-navigation-link\"><a class=\"wp-block-navigation-item__content\"  href=\"https:\/\/paroquia-damaia.pt\/caridade\/\"><span class=\"wp-block-navigation-item__label\">Caridade<\/span><\/a><\/li><li class=\" wp-block-navigation-item wp-block-navigation-link\"><a class=\"wp-block-navigation-item__content\"  href=\"https:\/\/paroquia-damaia.pt\/secretaria-paroquial\/\"><span class=\"wp-block-navigation-item__label\">Secretaria Paroquial<\/span><\/a><\/li><li class=\" wp-block-navigation-item wp-block-navigation-link\"><a class=\"wp-block-navigation-item__content\"  href=\"https:\/\/www.paroquia-damaia.pt\/old\/wyd-2023-lisboa\/\" title=\"WYD 2023 - Lisbon\"><span class=\"wp-block-navigation-item__label\">WYD 2023 &#8211; Lisbon<\/span><\/a><\/li><\/ul><\/nav>\n\n\n<p>Welcome, pilgrim!!<br>Here you can find some information for your stay and some information for the day of our congregation, the <em>Congregatio Sanctissimi Redemptoris<\/em>, this day we reunite all redemptorist around the world, we call Alphonsian Day!<\/p>\n\n\n\n<div style=\"height:73px\" aria-hidden=\"true\" class=\"wp-block-spacer\"><\/div>\n\n\n\n<div class=\"wp-block-columns is-layout-flex wp-container-core-columns-is-layout-2 wp-block-columns-is-layout-flex\">\n<div class=\"wp-block-column is-layout-flow wp-block-column-is-layout-flow\">\n<div class=\"wp-block-columns is-layout-flex wp-container-core-columns-is-layout-1 wp-block-columns-is-layout-flex\">\n<div class=\"wp-block-column is-vertically-aligned-top is-layout-flow wp-block-column-is-layout-flow\">\n<figure class=\"wp-block-image size-large is-resized\"><a href=\"https:\/\/www.paroquia-damaia.pt\/old\/informations-for-the-pilgrims\/\"><img loading=\"lazy\" decoding=\"async\" src=\"https:\/\/www.paroquia-damaia.pt\/old\/wp-content\/uploads\/2023\/07\/mw-1920-1-1024x683.webp\" alt=\"\" class=\"wp-image-39764\" style=\"width:408px;height:271px\" width=\"408\" height=\"271\" srcset=\"https:\/\/www.paroquia-damaia.pt\/old\/wp-content\/uploads\/2023\/07\/mw-1920-1-1024x683.webp 1024w, https:\/\/www.paroquia-damaia.pt\/old\/wp-content\/uploads\/2023\/07\/mw-1920-1-300x200.webp 300w, https:\/\/www.paroquia-damaia.pt\/old\/wp-content\/uploads\/2023\/07\/mw-1920-1-768x512.webp 768w, https:\/\/www.paroquia-damaia.pt\/old\/wp-content\/uploads\/2023\/07\/mw-1920-1-1536x1024.webp 1536w, https:\/\/www.paroquia-damaia.pt\/old\/wp-content\/uploads\/2023\/07\/mw-1920-1-1568x1045.webp 1568w, https:\/\/www.paroquia-damaia.pt\/old\/wp-content\/uploads\/2023\/07\/mw-1920-1.webp 1920w\" sizes=\"auto, (max-width: 408px) 100vw, 408px\" \/><\/a><\/figure>\n<\/div>\n<\/div>\n\n\n\n<p><strong><a href=\"https:\/\/www.paroquia-damaia.pt\/old\/informations-for-the-pilgrims\/\">General Informations for Pilgrim<\/a><\/strong><\/p>\n<\/div>\n\n\n\n<div class=\"wp-block-column is-layout-flow wp-block-column-is-layout-flow\"><div class=\"wp-block-image\">\n<figure class=\"aligncenter size-large is-resized\"><a href=\"https:\/\/www.paroquia-damaia.pt\/old\/alphosian-day\/\"><img loading=\"lazy\" decoding=\"async\" src=\"https:\/\/www.paroquia-damaia.pt\/old\/wp-content\/uploads\/2023\/07\/CSsR_Day_Color-995x1024.jpg\" alt=\"\" class=\"wp-image-39763\" style=\"width:265px;height:273px\" width=\"265\" height=\"273\" srcset=\"https:\/\/www.paroquia-damaia.pt\/old\/wp-content\/uploads\/2023\/07\/CSsR_Day_Color-995x1024.jpg 995w, https:\/\/www.paroquia-damaia.pt\/old\/wp-content\/uploads\/2023\/07\/CSsR_Day_Color-292x300.jpg 292w, https:\/\/www.paroquia-damaia.pt\/old\/wp-content\/uploads\/2023\/07\/CSsR_Day_Color-768x790.jpg 768w, https:\/\/www.paroquia-damaia.pt\/old\/wp-content\/uploads\/2023\/07\/CSsR_Day_Color-1493x1536.jpg 1493w, https:\/\/www.paroquia-damaia.pt\/old\/wp-content\/uploads\/2023\/07\/CSsR_Day_Color-1568x1614.jpg 1568w, https:\/\/www.paroquia-damaia.pt\/old\/wp-content\/uploads\/2023\/07\/CSsR_Day_Color.jpg 1790w\" sizes=\"auto, (max-width: 265px) 100vw, 265px\" \/><\/a><\/figure><\/div>\n\n\n<p><strong><a href=\"https:\/\/www.paroquia-damaia.pt\/old\/alphosian-day\/\">Alphosian Day<\/a><\/strong><\/p>\n<\/div>\n<\/div>\n\n\n\n<p><\/p>\n","protected":false},"excerpt":{"rendered":"<p>Welcome, pilgrim!!Here you can find some information for your stay and some information for the day of our congregation, the Congregatio Sanctissimi Redemptoris, this day we reunite all redemptorist around the world, we call Alphonsian Day! General Informations for Pilgrim Alphosian Day<\/p>\n","protected":false},"author":3,"featured_media":39758,"parent":0,"menu_order":0,"comment_status":"closed","ping_status":"closed","template":"","meta":{"footnotes":""},"class_list":["post-39751","page","type-page","status-publish","has-post-thumbnail","hentry","entry"],"_links":{"self":[{"href":"https:\/\/www.paroquia-damaia.pt\/old\/wp-json\/wp\/v2\/pages\/39751","targetHints":{"allow":["GET"]}}],"collection":[{"href":"https:\/\/www.paroquia-damaia.pt\/old\/wp-json\/wp\/v2\/pages"}],"about":[{"href":"https:\/\/www.paroquia-damaia.pt\/old\/wp-json\/wp\/v2\/types\/page"}],"author":[{"embeddable":true,"href":"https:\/\/www.paroquia-damaia.pt\/old\/wp-json\/wp\/v2\/users\/3"}],"replies":[{"embeddable":true,"href":"https:\/\/www.paroquia-damaia.pt\/old\/wp-json\/wp\/v2\/comments?post=39751"}],"version-history":[{"count":14,"href":"https:\/\/www.paroquia-damaia.pt\/old\/wp-json\/wp\/v2\/pages\/39751\/revisions"}],"predecessor-version":[{"id":39777,"href":"https:\/\/www.paroquia-damaia.pt\/old\/wp-json\/wp\/v2\/pages\/39751\/revisions\/39777"}],"wp:featuredmedia":[{"embeddable":true,"href":"https:\/\/www.paroquia-damaia.pt\/old\/wp-json\/wp\/v2\/media\/39758"}],"wp:attachment":[{"href":"https:\/\/www.paroquia-damaia.pt\/old\/wp-json\/wp\/v2\/media?parent=39751"}],"curies":[{"name":"wp","href":"https:\/\/api.w.org\/{rel}","templated":true}]}}