{"id":39773,"date":"2023-07-27T22:46:52","date_gmt":"2023-07-27T21:46:52","guid":{"rendered":"https:\/\/www.paroquia-damaia.pt\/old\/?page_id=39773"},"modified":"2023-07-29T14:11:41","modified_gmt":"2023-07-29T13:11:41","slug":"informations-for-the-pilgrims","status":"publish","type":"page","link":"https:\/\/www.paroquia-damaia.pt\/old\/informations-for-the-pilgrims\/","title":{"rendered":"Informations for the Pilgrims"},"content":{"rendered":"<nav style=\"background-color: #f6f6f6;\" class=\"has-background items-justified-center alignfull wp-block-navigation is-content-justification-center is-layout-flex wp-container-core-navigation-is-layout-1 wp-block-navigation-is-layout-flex\" aria-label=\"Navigation 3\"><ul style=\"background-color: #f6f6f6;\" class=\"wp-block-navigation__container has-background items-justified-center alignfull wp-block-navigation\"><li class=\" wp-block-navigation-item wp-block-navigation-link\"><a class=\"wp-block-navigation-item__content\"  href=\"https:\/\/www.paroquia-damaia.pt\/old\" rel=\"\"><span class=\"wp-block-navigation-item__label\">In\u00edcio<\/span><\/a><\/li><li data-wp-context=\"{ &quot;submenuOpenedBy&quot;: { &quot;click&quot;: false, &quot;hover&quot;: false, &quot;focus&quot;: false }, &quot;type&quot;: &quot;submenu&quot; }\" data-wp-interactive=\"core\/navigation\" data-wp-on--focusout=\"actions.handleMenuFocusout\" data-wp-on--keydown=\"actions.handleMenuKeydown\" data-wp-on-async--mouseenter=\"actions.openMenuOnHover\" data-wp-on-async--mouseleave=\"actions.closeMenuOnHover\" data-wp-watch=\"callbacks.initMenu\" tabindex=\"-1\" class=\" wp-block-navigation-item has-child open-on-hover-click wp-block-navigation-submenu\"><a class=\"wp-block-navigation-item__content\" href=\"http:\/\/paroquia-damaia.pt\/acolhimento\/\">A Par\u00f3quia<\/a><button data-wp-bind--aria-expanded=\"state.isMenuOpen\" data-wp-on-async--click=\"actions.toggleMenuOnClick\" aria-label=\"A Par\u00f3quia submenu\" class=\"wp-block-navigation__submenu-icon wp-block-navigation-submenu__toggle\" ><svg xmlns=\"http:\/\/www.w3.org\/2000\/svg\" width=\"12\" height=\"12\" viewBox=\"0 0 12 12\" fill=\"none\" aria-hidden=\"true\" focusable=\"false\"><path d=\"M1.50002 4L6.00002 8L10.5 4\" stroke-width=\"1.5\"><\/path><\/svg><\/button><ul data-wp-on-async--focus=\"actions.openMenuOnFocus\" class=\"wp-block-navigation__submenu-container wp-block-navigation-submenu\"><li class=\" wp-block-navigation-item wp-block-navigation-link\"><a class=\"wp-block-navigation-item__content\"  href=\"https:\/\/www.paroquia-damaia.pt\/old\/acolhimento\/\"><span class=\"wp-block-navigation-item__label\">Acolhimento<\/span><\/a><\/li><li class=\" wp-block-navigation-item wp-block-navigation-link\"><a class=\"wp-block-navigation-item__content\"  href=\"https:\/\/www.paroquia-damaia.pt\/old\/o-paroco-vigario-e-diaconos-da-comunidade\/\"><span class=\"wp-block-navigation-item__label\">O P\u00e1roco, Vig\u00e1rio e Di\u00e1conos da\u00a0Comunidade<\/span><\/a><\/li><li class=\" wp-block-navigation-item wp-block-navigation-link\"><a class=\"wp-block-navigation-item__content\"  href=\"https:\/\/www.paroquia-damaia.pt\/old\/a-nossa-historia\/\"><span class=\"wp-block-navigation-item__label\">A Nossa Hist\u00f3ria<\/span><\/a><\/li><\/ul><\/li><li data-wp-context=\"{ &quot;submenuOpenedBy&quot;: { &quot;click&quot;: false, &quot;hover&quot;: false, &quot;focus&quot;: false }, &quot;type&quot;: &quot;submenu&quot; }\" data-wp-interactive=\"core\/navigation\" data-wp-on--focusout=\"actions.handleMenuFocusout\" data-wp-on--keydown=\"actions.handleMenuKeydown\" data-wp-on-async--mouseenter=\"actions.openMenuOnHover\" data-wp-on-async--mouseleave=\"actions.closeMenuOnHover\" data-wp-watch=\"callbacks.initMenu\" tabindex=\"-1\" class=\" wp-block-navigation-item has-child open-on-hover-click wp-block-navigation-submenu\"><a class=\"wp-block-navigation-item__content\" href=\"https:\/\/paroquia-damaia.pt\/catequese\/\">Evangeliza\u00e7\u00e3o<\/a><button data-wp-bind--aria-expanded=\"state.isMenuOpen\" data-wp-on-async--click=\"actions.toggleMenuOnClick\" aria-label=\"Evangeliza\u00e7\u00e3o submenu\" class=\"wp-block-navigation__submenu-icon wp-block-navigation-submenu__toggle\" ><svg xmlns=\"http:\/\/www.w3.org\/2000\/svg\" width=\"12\" height=\"12\" viewBox=\"0 0 12 12\" fill=\"none\" aria-hidden=\"true\" focusable=\"false\"><path d=\"M1.50002 4L6.00002 8L10.5 4\" stroke-width=\"1.5\"><\/path><\/svg><\/button><ul data-wp-on-async--focus=\"actions.openMenuOnFocus\" class=\"wp-block-navigation__submenu-container wp-block-navigation-submenu\"><li data-wp-context=\"{ &quot;submenuOpenedBy&quot;: { &quot;click&quot;: false, &quot;hover&quot;: false, &quot;focus&quot;: false }, &quot;type&quot;: &quot;submenu&quot; }\" data-wp-interactive=\"core\/navigation\" data-wp-on--focusout=\"actions.handleMenuFocusout\" data-wp-on--keydown=\"actions.handleMenuKeydown\" data-wp-on-async--mouseenter=\"actions.openMenuOnHover\" data-wp-on-async--mouseleave=\"actions.closeMenuOnHover\" data-wp-watch=\"callbacks.initMenu\" tabindex=\"-1\" class=\" wp-block-navigation-item has-child open-on-hover-click wp-block-navigation-submenu\"><a class=\"wp-block-navigation-item__content\" href=\"https:\/\/paroquia-damaia.pt\/catequese\/\">Catequese<\/a><button data-wp-bind--aria-expanded=\"state.isMenuOpen\" data-wp-on-async--click=\"actions.toggleMenuOnClick\" aria-label=\"Catequese submenu\" class=\"wp-block-navigation__submenu-icon wp-block-navigation-submenu__toggle\" ><svg xmlns=\"http:\/\/www.w3.org\/2000\/svg\" width=\"12\" height=\"12\" viewBox=\"0 0 12 12\" fill=\"none\" aria-hidden=\"true\" focusable=\"false\"><path d=\"M1.50002 4L6.00002 8L10.5 4\" stroke-width=\"1.5\"><\/path><\/svg><\/button><ul data-wp-on-async--focus=\"actions.openMenuOnFocus\" class=\"wp-block-navigation__submenu-container wp-block-navigation-submenu\"><li class=\" wp-block-navigation-item wp-block-navigation-link\"><a class=\"wp-block-navigation-item__content\"  href=\"https:\/\/paroquia-damaia.pt\/catequese\"><span class=\"wp-block-navigation-item__label\">Inf\u00e2ntil<\/span><\/a><\/li><li class=\" wp-block-navigation-item wp-block-navigation-link\"><a class=\"wp-block-navigation-item__content\"  href=\"https:\/\/paroquia-damaia.pt\/catequese-adultos\/\"><span class=\"wp-block-navigation-item__label\">Adultos<\/span><\/a><\/li><\/ul><\/li><li class=\" wp-block-navigation-item wp-block-navigation-link\"><a class=\"wp-block-navigation-item__content\"  href=\"https:\/\/paroquia-damaia.pt\/grupo-de-jovens\/\"><span class=\"wp-block-navigation-item__label\">Grupo de Jovens<\/span><\/a><\/li><li class=\" wp-block-navigation-item wp-block-navigation-link\"><a class=\"wp-block-navigation-item__content\"  href=\"http:\/\/paroquia-damaia.pt\/damaia-a-caminho\"><span class=\"wp-block-navigation-item__label\">Damaia a Caminho<\/span><\/a><\/li><li class=\" wp-block-navigation-item wp-block-navigation-link\"><a class=\"wp-block-navigation-item__content\"  href=\"https:\/\/paroquia-damaia.pt\/escuteiros-255-damaia\/\"><span class=\"wp-block-navigation-item__label\">Escuteiros 255-Damaia<\/span><\/a><\/li><li class=\" wp-block-navigation-item wp-block-navigation-link\"><a class=\"wp-block-navigation-item__content\"  href=\"https:\/\/paroquia-damaia.pt\/encontros-de-preparacao-batismo-e-encontros-de-preparacao-matrimonio\/\"><span class=\"wp-block-navigation-item__label\">Encontros de Prepara\u00e7\u00e3o Batismo e Encontros de Prepara\u00e7\u00e3o\u00a0Matrim\u00f3nio<\/span><\/a><\/li><li class=\" wp-block-navigation-item wp-block-navigation-link\"><a class=\"wp-block-navigation-item__content\"  href=\"https:\/\/paroquia-damaia.pt\/grupos-de-reflexao\/\"><span class=\"wp-block-navigation-item__label\">Grupos de Reflex\u00e3o<\/span><\/a><\/li><\/ul><\/li><li data-wp-context=\"{ &quot;submenuOpenedBy&quot;: { &quot;click&quot;: false, &quot;hover&quot;: false, &quot;focus&quot;: false }, &quot;type&quot;: &quot;submenu&quot; }\" data-wp-interactive=\"core\/navigation\" data-wp-on--focusout=\"actions.handleMenuFocusout\" data-wp-on--keydown=\"actions.handleMenuKeydown\" data-wp-on-async--mouseenter=\"actions.openMenuOnHover\" data-wp-on-async--mouseleave=\"actions.closeMenuOnHover\" data-wp-watch=\"callbacks.initMenu\" tabindex=\"-1\" class=\" wp-block-navigation-item has-child open-on-hover-click wp-block-navigation-submenu\"><a class=\"wp-block-navigation-item__content\" href=\"https:\/\/paroquia-damaia.pt\/missas\/\">Missas e Celebra\u00e7\u00f5es<\/a><button data-wp-bind--aria-expanded=\"state.isMenuOpen\" data-wp-on-async--click=\"actions.toggleMenuOnClick\" aria-label=\"Missas e Celebra\u00e7\u00f5es submenu\" class=\"wp-block-navigation__submenu-icon wp-block-navigation-submenu__toggle\" ><svg xmlns=\"http:\/\/www.w3.org\/2000\/svg\" width=\"12\" height=\"12\" viewBox=\"0 0 12 12\" fill=\"none\" aria-hidden=\"true\" focusable=\"false\"><path d=\"M1.50002 4L6.00002 8L10.5 4\" stroke-width=\"1.5\"><\/path><\/svg><\/button><ul data-wp-on-async--focus=\"actions.openMenuOnFocus\" class=\"wp-block-navigation__submenu-container wp-block-navigation-submenu\"><li class=\" wp-block-navigation-item wp-block-navigation-link\"><a class=\"wp-block-navigation-item__content\"  href=\"https:\/\/paroquia-damaia.pt\/missas\/\"><span class=\"wp-block-navigation-item__label\">Celebra\u00e7\u00f5es<\/span><\/a><\/li><li class=\" wp-block-navigation-item wp-block-navigation-link\"><a class=\"wp-block-navigation-item__content\"  href=\"https:\/\/paroquia-damaia.pt\/pastoral-liturgica\/\"><span class=\"wp-block-navigation-item__label\">Pastoral Lit\u00fargica<\/span><\/a><\/li><\/ul><\/li><li class=\" wp-block-navigation-item wp-block-navigation-link\"><a class=\"wp-block-navigation-item__content\"  href=\"https:\/\/paroquia-damaia.pt\/caridade\/\"><span class=\"wp-block-navigation-item__label\">Caridade<\/span><\/a><\/li><li class=\" wp-block-navigation-item wp-block-navigation-link\"><a class=\"wp-block-navigation-item__content\"  href=\"https:\/\/paroquia-damaia.pt\/secretaria-paroquial\/\"><span class=\"wp-block-navigation-item__label\">Secretaria Paroquial<\/span><\/a><\/li><li class=\" wp-block-navigation-item wp-block-navigation-link\"><a class=\"wp-block-navigation-item__content\"  href=\"https:\/\/www.paroquia-damaia.pt\/old\/wyd-2023-lisboa\/\" title=\"WYD 2023 - Lisbon\"><span class=\"wp-block-navigation-item__label\">WYD 2023 &#8211; Lisbon<\/span><\/a><\/li><\/ul><\/nav>\n\n\n<p>On behalf of the WYD Organizing Committee of the <strong>parishes of Buraca, Damaia and Venda Nova<\/strong>, we would like to extend the warmest welcome!<\/p>\n\n\n\n<p>We are so happy and excited that you are joining us in this incredible event and we will be able to meet you!&nbsp;<\/p>\n\n\n\n<p>Below you\u2019ll find information that we believe to be relevant and helpful in clearing up any doubts you may already have!<\/p>\n\n\n\n<p>It is important that you <strong>READ the ENTIRETY of this <\/strong><strong>message<\/strong>, so we kindly ask you to do so!<\/p>\n\n\n\n<p><strong><u>1. CHECK-IN<\/u><\/strong><\/p>\n\n\n\n<p>When you arrive in Lisbon you should head to the check-in location indicated in your voucher: \u2018<strong>Igreja Paroquial do Sant\u00edssimo Redentor da Damaia<\/strong>\u2019.<\/p>\n\n\n\n<p><strong>CHECK-IN LOCATION<\/strong><\/p>\n\n\n\n<iframe src=\"https:\/\/www.google.com\/maps\/embed?pb=!1m18!1m12!1m3!1d3111.761204676629!2d-9.22223712393342!3d38.746241655608706!2m3!1f0!2f0!3f0!3m2!1i1024!2i768!4f13.1!3m3!1m2!1s0xd1ecce3cba37f87%3A0xb0c81c8b0eacc53!2sIgreja%20Paroquial%20Sant%C3%ADssimo%20Redentor%20-%20Damaia!5e0!3m2!1spt-PT!2spt!4v1690629582372!5m2!1spt-PT!2spt\" width=\"600\" height=\"450\" style=\"border:0;\" allowfullscreen=\"\" loading=\"lazy\" referrerpolicy=\"no-referrer-when-downgrade\"><\/iframe>\n\n\n\n<ul class=\"wp-block-list\">\n<li>Google maps: <a href=\"https:\/\/www.google.com\/maps\/place\/Lgo+da+Igreja,+2720-122+Amadora\/@38.7459335,-9.2198633,17z\/data=!4m6!3m5!1s0xd1ecce3cbb27c8f:0x7f24f959371d1090!8m2!3d38.7458833!4d-9.219005!16s%2Fg%2F119t7xkjs?entry=ttu\">link<\/a><\/li>\n\n\n\n<li>Address: Largo da Igreja, Damaia, 2720-122 Amadora<\/li>\n\n\n\n<li>Coordinates : 38.74593769025833 N, -9.218683134924783 W<\/li>\n<\/ul>\n\n\n\n<p><strong>The group&#8217;s check-in should be done by the group leader and\/or vice-leader, who is responsible for collecting the pilgrim credentials and public transportation passes that will allow you to use the subway, train and buses.&nbsp;<\/strong><\/p>\n\n\n\n<p><strong><u>For check-in, it is essential to present your voucher, without it check-in cannot be done.<\/u><\/strong><\/p>\n\n\n\n<p><strong>After checking-in, the pilgrim\u2019s kits will be distributed to the group.<\/strong><\/p>\n\n\n\n<p>When you get to the check-in location please follow the signs put up and\/or directions given by volunteers on site to the proper welcome spaces!&nbsp;<\/p>\n\n\n\n<p>Besides official registration, this location will have free water for pilgrims, an information&nbsp;<\/p>\n\n\n\n<p>post and a medical assistance post (for small and non-emergency health situations).&nbsp;<\/p>\n\n\n\n<p>On the check-in site, we ask that you identify the leader(s) of the group as they will be the only one(s) to go through official registration in the designated room, for the sake of simplicity. During check-in the leader will have to present the voucher that was sent to your group by email, the leaders will be given all of the group&#8217;s credentials, kits and transportation passes. Depending on the size of the group, more members can help transport the kits.<\/p>\n\n\n\n<p>Besides this, the leader will also be receiving valuable information regarding accommodation spaces, transportation, and so on\u2026<\/p>\n\n\n\n<p><strong><u>How to reach the check-in site<\/u><\/strong><\/p>\n\n\n\n<p>Now that you know the first stop for your group in WYD Lisbon 2023, it is important to know how to get there!<\/p>\n\n\n\n<ol class=\"wp-block-list\" type=\"A\">\n<li><em>From Lisbon\u2019s Airport<\/em><\/li>\n<\/ol>\n\n\n\n<p>In case you do not have private transport from the airport, there are several routes you can take. The links that follow below illustrate those routes. It is important to note that the routes can change at the time of your arrival in Lisbon.&nbsp;<\/p>\n\n\n\n<p>Also, <strong>because at this point you are not checked-in (you will not have access to WYD transport ticket)<\/strong>, public transportation costs are not included in previous payments and the established fares apply.&nbsp;<\/p>\n\n\n\n<p>Possible routes from Lisbon Airport to \u2018Igreja Do Sant\u00edssimo Redentor da Damaia\u2019 :<\/p>\n\n\n\n<iframe src=\"https:\/\/www.google.com\/maps\/embed?pb=!1m24!1m8!1m3!1d49780.817907926044!2d-9.2000427!3d38.756797!3m2!1i1024!2i768!4f13.1!4m13!3e3!4m5!1s0xd19324616d90183%3A0xa66a53e58036d46!2sAeroporto%20de%20Lisboa%20(LIS)%2C%20Alameda%20das%20Comunidades%20Portuguesas%2C%20Lisboa!3m2!1d38.778851599999996!2d-9.1317797!4m5!1s0xd1ecce3cba37f87%3A0xb0c81c8b0eacc53!2sIgreja%20Paroquial%20Sant%C3%ADssimo%20Redentor%20-%20Damaia%2C%20Lgo%20da%20Igreja%20S%2FN%2C%202720-122%20Amadora!3m2!1d38.7462321!2d-9.219653!5e0!3m2!1spt-PT!2spt!4v1690633539561!5m2!1spt-PT!2spt\" width=\"600\" height=\"450\" style=\"border:0;\" allowfullscreen=\"\" loading=\"lazy\" referrerpolicy=\"no-referrer-when-downgrade\"><\/iframe>\n\n\n\n<iframe src=\"https:\/\/www.google.com\/maps\/embed?pb=!1m24!1m8!1m3!1d49780.817907926044!2d-9.2000427!3d38.756797!3m2!1i1024!2i768!4f13.1!4m13!3e3!4m5!1s0xd19324616d90183%3A0xa66a53e58036d46!2sAeroporto%20de%20Lisboa%20(LIS)%2C%20Alameda%20das%20Comunidades%20Portuguesas%2C%20Lisboa!3m2!1d38.778851599999996!2d-9.1317797!4m5!1s0xd1ecce3cba37f87%3A0xb0c81c8b0eacc53!2sIgreja%20Paroquial%20Sant%C3%ADssimo%20Redentor%20-%20Damaia%2C%20Lgo%20da%20Igreja%20S%2FN%2C%202720-122%20Amadora!3m2!1d38.7462321!2d-9.219653!5e0!3m2!1spt-PT!2spt!4v1690633881314!5m2!1spt-PT!2spt\" width=\"600\" height=\"450\" style=\"border:0;\" allowfullscreen=\"\" loading=\"lazy\" referrerpolicy=\"no-referrer-when-downgrade\"><\/iframe>\n\n\n\n<iframe src=\"https:\/\/www.google.com\/maps\/embed?pb=!1m24!1m8!1m3!1d49780.817907926044!2d-9.2000427!3d38.756797!3m2!1i1024!2i768!4f13.1!4m13!3e3!4m5!1s0xd19324616d90183%3A0xa66a53e58036d46!2sAeroporto%20de%20Lisboa%20(LIS)%2C%20Alameda%20das%20Comunidades%20Portuguesas%2C%20Lisboa!3m2!1d38.778851599999996!2d-9.1317797!4m5!1s0xd1ecce3cba37f87%3A0xb0c81c8b0eacc53!2sIgreja%20Paroquial%20Sant%C3%ADssimo%20Redentor%20-%20Damaia%2C%20Lgo%20da%20Igreja%20S%2FN%2C%202720-122%20Amadora!3m2!1d38.7462321!2d-9.219653!5e0!3m2!1spt-PT!2spt!4v1690633828137!5m2!1spt-PT!2spt\" width=\"600\" height=\"450\" style=\"border:0;\" allowfullscreen=\"\" loading=\"lazy\" referrerpolicy=\"no-referrer-when-downgrade\"><\/iframe>\n\n\n\n<iframe src=\"https:\/\/www.google.com\/maps\/embed?pb=!1m24!1m8!1m3!1d49780.817907926044!2d-9.2000427!3d38.756797!3m2!1i1024!2i768!4f13.1!4m13!3e3!4m5!1s0xd19324616d90183%3A0xa66a53e58036d46!2sAeroporto%20de%20Lisboa%20(LIS)%2C%20Alameda%20das%20Comunidades%20Portuguesas%2C%20Lisboa!3m2!1d38.778851599999996!2d-9.1317797!4m5!1s0xd1ecce3cba37f87%3A0xb0c81c8b0eacc53!2sIgreja%20Paroquial%20Sant%C3%ADssimo%20Redentor%20-%20Damaia%2C%20Lgo%20da%20Igreja%20S%2FN%2C%202720-122%20Amadora!3m2!1d38.7462321!2d-9.219653!5e0!3m2!1spt-PT!2spt!4v1690634004533!5m2!1spt-PT!2spt\" width=\"600\" height=\"450\" style=\"border:0;\" allowfullscreen=\"\" loading=\"lazy\" referrerpolicy=\"no-referrer-when-downgrade\"><\/iframe>\n\n\n\n<p>Given this, we suggest that when your group arrives at the airport, you take the subway and then walk to the check-in location from Reboleira subway station (Blue Subway Line). It can take longer, but it is easier. The subway route is as follows in the <a href=\"https:\/\/goo.gl\/maps\/43Uncbw1BKkDLP4R9\">link<\/a> and the walking route takes around 15 minutes, more details follow in this <a href=\"https:\/\/goo.gl\/maps\/LhtxR9ZbFaMxUxMu5\">link<\/a>.<\/p>\n\n\n\n<ol class=\"wp-block-list\" type=\"A\" start=\"2\">\n<li><em>Private Bus<\/em><\/li>\n<\/ol>\n\n\n\n<p>In case your group has a private transport, more specifically private buses, there is a specific location you should go to.<\/p>\n\n\n\n<p>This is because it is not possible to stop large passenger buses near the check-in location.<\/p>\n\n\n\n<p><strong>DROP-OFF LOCATION FOR PRIVATE BUSES<\/strong><\/p>\n\n\n\n<iframe src=\"https:\/\/www.google.com\/maps\/embed?pb=!1m14!1m8!1m3!1d3111.8993122253664!2d-9.2270696!3d38.7430727!3m2!1i1024!2i768!4f13.1!3m3!1m2!1s0xd1eccfc8445c8af%3A0x63386a7775213ae5!2sAv.%20Dom%20Ant%C3%B3nio%20Ribeiro%2C%20Amadora!5e0!3m2!1sen!2spt!4v1690634286871!5m2!1sen!2spt\" width=\"600\" height=\"450\" style=\"border:0;\" allowfullscreen=\"\" loading=\"lazy\" referrerpolicy=\"no-referrer-when-downgrade\"><\/iframe>\n\n\n\n<ul class=\"wp-block-list\">\n<li>Google maps: <a href=\"https:\/\/www.google.com\/maps\/place\/Av.+Dom+Ant%C3%B3nio+Ribeiro,+Amadora\/@38.7430727,-9.2270696,17.6z\/data=!4m6!3m5!1s0xd1eccfc8445c8af:0x63386a7775213ae5!8m2!3d38.7430119!4d-9.2260322!16s%2Fg%2F119x5lrcn?hl=en-pt&amp;entry=ttu\">link<\/a><\/li>\n\n\n\n<li>Address: Av. Dom Ant\u00f3nio Ribeiro, Amadora<\/li>\n\n\n\n<li>Coordinates : 38.74326098120224, -9.226018174158861<\/li>\n<\/ul>\n\n\n\n<p>Along the street \u2018Av. Dom Ant\u00f3nio Ribeiro, Amadora\u2019, there is a space to drop-off your group that will be duly signaled.&nbsp;<\/p>\n\n\n\n<p>It is important to note that this is a place of drop-off, not parking.<\/p>\n\n\n\n<p>When your group arrives and is dropped-off it is recommended that you walk to the check-in location. The route can be found in this <a href=\"https:\/\/goo.gl\/maps\/Sc2e499N8K4kfrXF8\">link<\/a>.<\/p>\n\n\n\n<iframe src=\"https:\/\/www.google.com\/maps\/embed?pb=!1m24!1m8!1m3!1d3111.783795995327!2d-9.2231724!3d38.7457233!3m2!1i1024!2i768!4f13.1!4m13!3e2!4m5!1s0xd1eccfc8445c8af%3A0x63386a7775213ae5!2sAv.%20Dom%20Ant%C3%B3nio%20Ribeiro%2C%20Amadora!3m2!1d38.7430119!2d-9.226032199999999!4m5!1s0xd1ecce3cba37f87%3A0xb0c81c8b0eacc53!2sParish%20Church%20Holy%20Redeemer%20-%20Damaia%2C%20Largo%20da%20Igreja%2C%20Amadora!3m2!1d38.7462321!2d-9.219653!5e0!3m2!1sen!2spt!4v1690634167258!5m2!1sen!2spt\" width=\"600\" height=\"450\" style=\"border:0;\" allowfullscreen=\"\" loading=\"lazy\" referrerpolicy=\"no-referrer-when-downgrade\"><\/iframe>\n\n\n\n<p>If you are arriving in different circumstances than in the aforementioned and have questions, do not hesitate to contact us!<\/p>\n\n\n\n<p>Please <strong>do not forget<\/strong> the voucher in order for your group to be registered!<\/p>\n\n\n\n<p><strong>2. <\/strong><strong><u>ACCOMMODATION<\/u><\/strong><strong><u><\/u><\/strong><\/p>\n\n\n\n<p>Pilgrims will be accommodated in schools, specifically within classrooms and sports halls. <strong>We kindly request you to keep this in mind and ensure to bring sleeping bags and mats.&nbsp;<\/strong><\/p>\n\n\n\n<p>A smaller number of pilgrims will be allocated to Families houses.&nbsp;<\/p>\n\n\n\n<p>Information about your specific lodging will be provided at the time of check-in. Furthermore, volunteers from our parishes will be available to guide you to your accommodation.<\/p>\n\n\n\n<p><strong>All collective accommodation spaces are within walking distance from the check-in location.<\/strong><\/p>\n\n\n\n<p>To have a better understanding of the check-in location <strong><em>Igreja do\/Church of Sant\u00edssimo Redentor da Damaia<\/em><\/strong>, all collective accommodation spaces and surroundings of the parishes of Buraca, Damaia and Venda Nova, please observe the labeled map below.<\/p>\n\n\n\n<figure class=\"wp-block-image size-large\"><a href=\"https:\/\/www.paroquia-damaia.pt\/old\/wp-content\/uploads\/2023\/07\/Como_chegar_A3.jpeg\"><img loading=\"lazy\" decoding=\"async\" width=\"1024\" height=\"724\" src=\"https:\/\/www.paroquia-damaia.pt\/old\/wp-content\/uploads\/2023\/07\/Como_chegar_A3-1024x724.jpeg\" alt=\"\" class=\"wp-image-39783\" srcset=\"https:\/\/www.paroquia-damaia.pt\/old\/wp-content\/uploads\/2023\/07\/Como_chegar_A3-1024x724.jpeg 1024w, https:\/\/www.paroquia-damaia.pt\/old\/wp-content\/uploads\/2023\/07\/Como_chegar_A3-300x212.jpeg 300w, https:\/\/www.paroquia-damaia.pt\/old\/wp-content\/uploads\/2023\/07\/Como_chegar_A3-768x543.jpeg 768w, https:\/\/www.paroquia-damaia.pt\/old\/wp-content\/uploads\/2023\/07\/Como_chegar_A3-1536x1086.jpeg 1536w, https:\/\/www.paroquia-damaia.pt\/old\/wp-content\/uploads\/2023\/07\/Como_chegar_A3-1568x1109.jpeg 1568w, https:\/\/www.paroquia-damaia.pt\/old\/wp-content\/uploads\/2023\/07\/Como_chegar_A3.jpeg 2048w\" sizes=\"auto, (max-width: 1024px) 100vw, 1024px\" \/><\/a><\/figure>\n\n\n\n<p><strong><u>3. SAFETY AND HEALTH<\/u><\/strong><\/p>\n\n\n\n<p>During WYD, Lisbon will be full of life and people from all around the world. In times like these, it is important to be extra aware of dangerous situations and keep an eye out in certain circumstances.&nbsp;<\/p>\n\n\n\n<p>We strongly advise you to be aware of pickpockets in public transports and to walk in groups, especially at night.&nbsp;<\/p>\n\n\n\n<p>If you find yourself in a bad situation or witness it, here are a few numbers you can contact:<\/p>\n\n\n\n<p><strong><u>Emergency: 112<\/u><\/strong><\/p>\n\n\n\n<p>Available 24h a day, every day. Calls are free and you will be attended to the nature of your emergency. Medical attention, police dispatch, and so on\u2026<\/p>\n\n\n\n<p><strong>Non-emergency health line: (+351) 808 24 24 24<\/strong><\/p>\n\n\n\n<p>This health line can be used for clinical (24h attendance) or administrative (8:00h- 22:00h attendance) purposes. It helps triaging, advising and informing in health situations. This call is not free.<\/p>\n\n\n\n<p><strong>Missing children line: (+351) 116 000<\/strong><\/p>\n\n\n\n<p>Available 24h a day, every day. Reporting missing children and connecting with the competent authorities. Calls are free.<\/p>\n\n\n\n<p>In your accommodations there will be first-aid kits and in <strong><em>Igreja do\/Church of Sant\u00edssimo Redentor da Damaia<\/em><\/strong> there will be a 24h post where you can find help if needed.<\/p>\n\n\n\n<p>If there is a health situation that cannot be treated by first-aid kits, you can go to a health center or to a hospital, depending on the gravity and\/or timing of the situation.<\/p>\n\n\n\n<p>The closest health centers are:<\/p>\n\n\n\n<p>Health Center of Damaia:&nbsp;<\/p>\n\n\n\n<ul class=\"wp-block-list\">\n<li>Address: P\u00e7 Conde da Lous\u00e3, 2720-120 Amadora<\/li>\n\n\n\n<li><a href=\"https:\/\/www.google.pt\/maps\/place\/Health+Center+of+Damaia\/@38.7458248,-9.2247081,16z\/data=!4m14!1m7!3m6!1s0xd1ecce36ddf2c29:0xd20f15cd4310d680!2sHealth+Center+of+Damaia!8m2!3d38.7458231!4d-9.2204553!16s%2Fg%2F1tgcbsmk!3m5!1s0xd1ecce36ddf2c29:0xd20f15cd4310d680!8m2!3d38.7458231!4d-9.2204553!16s%2Fg%2F1tgcbsmk?hl=en-pt&amp;entry=ttu\">Location<\/a><\/li>\n<\/ul>\n\n\n\n<p>Health Center of Buraca:&nbsp;<\/p>\n\n\n\n<ul class=\"wp-block-list\">\n<li>Address: R. \u00d3scar Lopes 2, 2610-179 Amadora<\/li>\n\n\n\n<li><a href=\"https:\/\/www.google.pt\/maps\/place\/Centro+de+Sa%C3%BAde+da+Buraca\/@38.7448556,-9.2118684,17z\/data=!3m1!4b1!4m6!3m5!1s0xd1ecdb8515e0897:0x5f1f007fe90c8baf!8m2!3d38.7448514!4d-9.2092935!16s%2Fg%2F11fmfzh5vd?hl=en-pt&amp;entry=ttu\">Location<\/a><\/li>\n<\/ul>\n\n\n\n<p>Health Center of Venda Nova:&nbsp;<\/p>\n\n\n\n<ul class=\"wp-block-list\">\n<li>Address: Rua Jo\u00e3o de Deus, 2 &#8211; Venda Nova, 2700-488 Amadora<\/li>\n\n\n\n<li>&nbsp;<a href=\"https:\/\/goo.gl\/maps\/gRZ7Kq2xTgmysUp37\">Location&nbsp;<\/a><\/li>\n<\/ul>\n\n\n\n<p>The closest hospitals are:<\/p>\n\n\n\n<p>Fernando Fonseca Hospital:<\/p>\n\n\n\n<ul class=\"wp-block-list\">\n<li>Address: IC19 276, 2720-276 Amadora<\/li>\n\n\n\n<li><a href=\"https:\/\/goo.gl\/maps\/A1prDatpbDHykJRq9\">Location<\/a><\/li>\n<\/ul>\n\n\n\n<p>Santa Maria Hospital&nbsp;<\/p>\n\n\n\n<ul class=\"wp-block-list\">\n<li>Address: Av. Professor Egas Moniz, 1649-035 Lisboa<\/li>\n\n\n\n<li><a href=\"https:\/\/goo.gl\/maps\/5B1GD9QgZBQK4w357\">Location<\/a><\/li>\n<\/ul>\n\n\n\n<p>It is important to note that emergency attendance in hospitals is 24\/7, while attendance of any kind in health centers is limited to working hours, as specified in the links above. If possible, talk to volunteers in a situation of emergency as they can help you navigate it more easily.<\/p>\n\n\n\n<p>If you are in need of medication there are special locations where you can acquire them: pharmacies (<strong>\u2018Farm\u00e1cias\u2019<\/strong> in Portuguese). There are several locations near the accommodation area for pharmacies as you can observe in the picture below:<\/p>\n\n\n\n<figure class=\"wp-block-image size-full\"><a href=\"https:\/\/www.paroquia-damaia.pt\/old\/wp-content\/uploads\/2023\/07\/Imagem1.png\"><img loading=\"lazy\" decoding=\"async\" width=\"977\" height=\"637\" src=\"https:\/\/www.paroquia-damaia.pt\/old\/wp-content\/uploads\/2023\/07\/Imagem1.png\" alt=\"\" class=\"wp-image-39811\" srcset=\"https:\/\/www.paroquia-damaia.pt\/old\/wp-content\/uploads\/2023\/07\/Imagem1.png 977w, https:\/\/www.paroquia-damaia.pt\/old\/wp-content\/uploads\/2023\/07\/Imagem1-300x196.png 300w, https:\/\/www.paroquia-damaia.pt\/old\/wp-content\/uploads\/2023\/07\/Imagem1-768x501.png 768w\" sizes=\"auto, (max-width: 977px) 100vw, 977px\" \/><\/a><\/figure>\n\n\n\n<p>The red dots mark some of the pharmacies. These can also be easily identified, while in the street, with a sign similar to this:<\/p>\n\n\n\n<figure class=\"wp-block-image size-full\"><a href=\"https:\/\/www.paroquia-damaia.pt\/old\/wp-content\/uploads\/2023\/07\/Imagem2.png\"><img loading=\"lazy\" decoding=\"async\" width=\"454\" height=\"254\" src=\"https:\/\/www.paroquia-damaia.pt\/old\/wp-content\/uploads\/2023\/07\/Imagem2.png\" alt=\"\" class=\"wp-image-39812\" srcset=\"https:\/\/www.paroquia-damaia.pt\/old\/wp-content\/uploads\/2023\/07\/Imagem2.png 454w, https:\/\/www.paroquia-damaia.pt\/old\/wp-content\/uploads\/2023\/07\/Imagem2-300x168.png 300w\" sizes=\"auto, (max-width: 454px) 100vw, 454px\" \/><\/a><\/figure>\n\n\n\n<p>Beware that some medication requires prescription, so we strongly advise those who do take regular medication and can need it to get informed beforehand.<\/p>\n\n\n\n<p><strong><u>4. CONTACTS AND OTHER INFORMATION FROM THE PARISHES<\/u><\/strong><\/p>\n\n\n\n<ul class=\"wp-block-list\">\n<li>For the sake of simplicity, we ask each group that wishes to contact us to do it by e-mail (<a href=\"mailto:cop.rendentoristas.jmj2023@gmail.com\">cop.rendentoristas.jmj2023@gmail.com<\/a>) and to always respond to the same thread of emails. In the subject of the e-mail please write: \u2018Group ID_ Country _ City\u2019.<\/li>\n<\/ul>\n\n\n\n<ul class=\"wp-block-list\">\n<li>There is also a phone number you can contact: (<strong>+351) 933 989 716<\/strong><\/li>\n<\/ul>\n\n\n\n<ul class=\"wp-block-list\">\n<li>We ask you to also not forget extension cords and plug adapters (if needed), as there is a scarce number of plugs in accommodation areas.<\/li>\n<\/ul>\n\n\n\n<ul class=\"wp-block-list\">\n<li>In the week of WYD Lisbon 2023, it is predicted that temperatures will be high and there will be clear skies, which can lead to undesirable conditions and health situations. We ask you to be cautious and have this in mind.<\/li>\n<\/ul>\n\n\n\n<p>Please make sure to regularly check your email as we may need to send you additional information in advance.&nbsp;<\/p>\n\n\n\n<p>We are very excited to welcome you and we hope you can fully enjoy all the experiences that World Youth Day Lisbon 2023 has to offer!<\/p>\n","protected":false},"excerpt":{"rendered":"<p>On behalf of the WYD Organizing Committee of the parishes of Buraca, Damaia and Venda Nova, we would like to extend the warmest welcome! We are so happy and excited that you are joining us in this incredible event and we will be able to meet you!&nbsp; Below you\u2019ll find information that we believe to<a class=\"more-link\" href=\"https:\/\/www.paroquia-damaia.pt\/old\/informations-for-the-pilgrims\/\">Continuar lendo <span class=\"screen-reader-text\">&#8220;Informations for the Pilgrims&#8221;<\/span><\/a><\/p>\n","protected":false},"author":3,"featured_media":0,"parent":0,"menu_order":0,"comment_status":"closed","ping_status":"closed","template":"","meta":{"footnotes":""},"class_list":["post-39773","page","type-page","status-publish","hentry","entry"],"_links":{"self":[{"href":"https:\/\/www.paroquia-damaia.pt\/old\/wp-json\/wp\/v2\/pages\/39773","targetHints":{"allow":["GET"]}}],"collection":[{"href":"https:\/\/www.paroquia-damaia.pt\/old\/wp-json\/wp\/v2\/pages"}],"about":[{"href":"https:\/\/www.paroquia-damaia.pt\/old\/wp-json\/wp\/v2\/types\/page"}],"author":[{"embeddable":true,"href":"https:\/\/www.paroquia-damaia.pt\/old\/wp-json\/wp\/v2\/users\/3"}],"replies":[{"embeddable":true,"href":"https:\/\/www.paroquia-damaia.pt\/old\/wp-json\/wp\/v2\/comments?post=39773"}],"version-history":[{"count":8,"href":"https:\/\/www.paroquia-damaia.pt\/old\/wp-json\/wp\/v2\/pages\/39773\/revisions"}],"predecessor-version":[{"id":39813,"href":"https:\/\/www.paroquia-damaia.pt\/old\/wp-json\/wp\/v2\/pages\/39773\/revisions\/39813"}],"wp:attachment":[{"href":"https:\/\/www.paroquia-damaia.pt\/old\/wp-json\/wp\/v2\/media?parent=39773"}],"curies":[{"name":"wp","href":"https:\/\/api.w.org\/{rel}","templated":true}]}}