{"id":436,"date":"2020-11-04T23:29:42","date_gmt":"2020-11-04T23:29:42","guid":{"rendered":"https:\/\/igrejadamaia172095565.wordpress.com\/?page_id=436"},"modified":"2023-03-09T18:54:39","modified_gmt":"2023-03-09T17:54:39","slug":"secretaria-paroquial","status":"publish","type":"page","link":"https:\/\/www.paroquia-damaia.pt\/old\/secretaria-paroquial\/","title":{"rendered":"Secretaria Paroquial"},"content":{"rendered":"<nav style=\"background-color: #f6f6f6;\" class=\"has-background items-justified-center alignfull wp-block-navigation is-content-justification-center is-layout-flex wp-container-core-navigation-is-layout-1 wp-block-navigation-is-layout-flex\" aria-label=\"Navigation 3\"><ul style=\"background-color: #f6f6f6;\" class=\"wp-block-navigation__container has-background items-justified-center alignfull wp-block-navigation\"><li class=\" wp-block-navigation-item wp-block-navigation-link\"><a class=\"wp-block-navigation-item__content\"  href=\"https:\/\/www.paroquia-damaia.pt\/old\" rel=\"\"><span class=\"wp-block-navigation-item__label\">In\u00edcio<\/span><\/a><\/li><li data-wp-context=\"{ &quot;submenuOpenedBy&quot;: { &quot;click&quot;: false, &quot;hover&quot;: false, &quot;focus&quot;: false }, &quot;type&quot;: &quot;submenu&quot; }\" data-wp-interactive=\"core\/navigation\" data-wp-on--focusout=\"actions.handleMenuFocusout\" data-wp-on--keydown=\"actions.handleMenuKeydown\" data-wp-on-async--mouseenter=\"actions.openMenuOnHover\" data-wp-on-async--mouseleave=\"actions.closeMenuOnHover\" data-wp-watch=\"callbacks.initMenu\" tabindex=\"-1\" class=\" wp-block-navigation-item has-child open-on-hover-click wp-block-navigation-submenu\"><a class=\"wp-block-navigation-item__content\" href=\"http:\/\/paroquia-damaia.pt\/acolhimento\/\">A Par\u00f3quia<\/a><button data-wp-bind--aria-expanded=\"state.isMenuOpen\" data-wp-on-async--click=\"actions.toggleMenuOnClick\" aria-label=\"A Par\u00f3quia submenu\" class=\"wp-block-navigation__submenu-icon wp-block-navigation-submenu__toggle\" ><svg xmlns=\"http:\/\/www.w3.org\/2000\/svg\" width=\"12\" height=\"12\" viewBox=\"0 0 12 12\" fill=\"none\" aria-hidden=\"true\" focusable=\"false\"><path d=\"M1.50002 4L6.00002 8L10.5 4\" stroke-width=\"1.5\"><\/path><\/svg><\/button><ul data-wp-on-async--focus=\"actions.openMenuOnFocus\" class=\"wp-block-navigation__submenu-container wp-block-navigation-submenu\"><li class=\" wp-block-navigation-item wp-block-navigation-link\"><a class=\"wp-block-navigation-item__content\"  href=\"https:\/\/www.paroquia-damaia.pt\/old\/acolhimento\/\"><span class=\"wp-block-navigation-item__label\">Acolhimento<\/span><\/a><\/li><li class=\" wp-block-navigation-item wp-block-navigation-link\"><a class=\"wp-block-navigation-item__content\"  href=\"https:\/\/www.paroquia-damaia.pt\/old\/o-paroco-vigario-e-diaconos-da-comunidade\/\"><span class=\"wp-block-navigation-item__label\">O P\u00e1roco, Vig\u00e1rio e Di\u00e1conos da\u00a0Comunidade<\/span><\/a><\/li><li class=\" wp-block-navigation-item wp-block-navigation-link\"><a class=\"wp-block-navigation-item__content\"  href=\"https:\/\/www.paroquia-damaia.pt\/old\/a-nossa-historia\/\"><span class=\"wp-block-navigation-item__label\">A Nossa Hist\u00f3ria<\/span><\/a><\/li><\/ul><\/li><li data-wp-context=\"{ &quot;submenuOpenedBy&quot;: { &quot;click&quot;: false, &quot;hover&quot;: false, &quot;focus&quot;: false }, &quot;type&quot;: &quot;submenu&quot; }\" data-wp-interactive=\"core\/navigation\" data-wp-on--focusout=\"actions.handleMenuFocusout\" data-wp-on--keydown=\"actions.handleMenuKeydown\" data-wp-on-async--mouseenter=\"actions.openMenuOnHover\" data-wp-on-async--mouseleave=\"actions.closeMenuOnHover\" data-wp-watch=\"callbacks.initMenu\" tabindex=\"-1\" class=\" wp-block-navigation-item has-child open-on-hover-click wp-block-navigation-submenu\"><a class=\"wp-block-navigation-item__content\" href=\"https:\/\/paroquia-damaia.pt\/catequese\/\">Evangeliza\u00e7\u00e3o<\/a><button data-wp-bind--aria-expanded=\"state.isMenuOpen\" data-wp-on-async--click=\"actions.toggleMenuOnClick\" aria-label=\"Evangeliza\u00e7\u00e3o submenu\" class=\"wp-block-navigation__submenu-icon wp-block-navigation-submenu__toggle\" ><svg xmlns=\"http:\/\/www.w3.org\/2000\/svg\" width=\"12\" height=\"12\" viewBox=\"0 0 12 12\" fill=\"none\" aria-hidden=\"true\" focusable=\"false\"><path d=\"M1.50002 4L6.00002 8L10.5 4\" stroke-width=\"1.5\"><\/path><\/svg><\/button><ul data-wp-on-async--focus=\"actions.openMenuOnFocus\" class=\"wp-block-navigation__submenu-container wp-block-navigation-submenu\"><li data-wp-context=\"{ &quot;submenuOpenedBy&quot;: { &quot;click&quot;: false, &quot;hover&quot;: false, &quot;focus&quot;: false }, &quot;type&quot;: &quot;submenu&quot; }\" data-wp-interactive=\"core\/navigation\" data-wp-on--focusout=\"actions.handleMenuFocusout\" data-wp-on--keydown=\"actions.handleMenuKeydown\" data-wp-on-async--mouseenter=\"actions.openMenuOnHover\" data-wp-on-async--mouseleave=\"actions.closeMenuOnHover\" data-wp-watch=\"callbacks.initMenu\" tabindex=\"-1\" class=\" wp-block-navigation-item has-child open-on-hover-click wp-block-navigation-submenu\"><a class=\"wp-block-navigation-item__content\" href=\"https:\/\/paroquia-damaia.pt\/catequese\/\">Catequese<\/a><button data-wp-bind--aria-expanded=\"state.isMenuOpen\" data-wp-on-async--click=\"actions.toggleMenuOnClick\" aria-label=\"Catequese submenu\" class=\"wp-block-navigation__submenu-icon wp-block-navigation-submenu__toggle\" ><svg xmlns=\"http:\/\/www.w3.org\/2000\/svg\" width=\"12\" height=\"12\" viewBox=\"0 0 12 12\" fill=\"none\" aria-hidden=\"true\" focusable=\"false\"><path d=\"M1.50002 4L6.00002 8L10.5 4\" stroke-width=\"1.5\"><\/path><\/svg><\/button><ul data-wp-on-async--focus=\"actions.openMenuOnFocus\" class=\"wp-block-navigation__submenu-container wp-block-navigation-submenu\"><li class=\" wp-block-navigation-item wp-block-navigation-link\"><a class=\"wp-block-navigation-item__content\"  href=\"https:\/\/paroquia-damaia.pt\/catequese\"><span class=\"wp-block-navigation-item__label\">Inf\u00e2ntil<\/span><\/a><\/li><li class=\" wp-block-navigation-item wp-block-navigation-link\"><a class=\"wp-block-navigation-item__content\"  href=\"https:\/\/paroquia-damaia.pt\/catequese-adultos\/\"><span class=\"wp-block-navigation-item__label\">Adultos<\/span><\/a><\/li><\/ul><\/li><li class=\" wp-block-navigation-item wp-block-navigation-link\"><a class=\"wp-block-navigation-item__content\"  href=\"https:\/\/paroquia-damaia.pt\/grupo-de-jovens\/\"><span class=\"wp-block-navigation-item__label\">Grupo de Jovens<\/span><\/a><\/li><li class=\" wp-block-navigation-item wp-block-navigation-link\"><a class=\"wp-block-navigation-item__content\"  href=\"http:\/\/paroquia-damaia.pt\/damaia-a-caminho\"><span class=\"wp-block-navigation-item__label\">Damaia a Caminho<\/span><\/a><\/li><li class=\" wp-block-navigation-item wp-block-navigation-link\"><a class=\"wp-block-navigation-item__content\"  href=\"https:\/\/paroquia-damaia.pt\/escuteiros-255-damaia\/\"><span class=\"wp-block-navigation-item__label\">Escuteiros 255-Damaia<\/span><\/a><\/li><li class=\" wp-block-navigation-item wp-block-navigation-link\"><a class=\"wp-block-navigation-item__content\"  href=\"https:\/\/paroquia-damaia.pt\/encontros-de-preparacao-batismo-e-encontros-de-preparacao-matrimonio\/\"><span class=\"wp-block-navigation-item__label\">Encontros de Prepara\u00e7\u00e3o Batismo e Encontros de Prepara\u00e7\u00e3o\u00a0Matrim\u00f3nio<\/span><\/a><\/li><li class=\" wp-block-navigation-item wp-block-navigation-link\"><a class=\"wp-block-navigation-item__content\"  href=\"https:\/\/paroquia-damaia.pt\/grupos-de-reflexao\/\"><span class=\"wp-block-navigation-item__label\">Grupos de Reflex\u00e3o<\/span><\/a><\/li><\/ul><\/li><li data-wp-context=\"{ &quot;submenuOpenedBy&quot;: { &quot;click&quot;: false, &quot;hover&quot;: false, &quot;focus&quot;: false }, &quot;type&quot;: &quot;submenu&quot; }\" data-wp-interactive=\"core\/navigation\" data-wp-on--focusout=\"actions.handleMenuFocusout\" data-wp-on--keydown=\"actions.handleMenuKeydown\" data-wp-on-async--mouseenter=\"actions.openMenuOnHover\" data-wp-on-async--mouseleave=\"actions.closeMenuOnHover\" data-wp-watch=\"callbacks.initMenu\" tabindex=\"-1\" class=\" wp-block-navigation-item has-child open-on-hover-click wp-block-navigation-submenu\"><a class=\"wp-block-navigation-item__content\" href=\"https:\/\/paroquia-damaia.pt\/missas\/\">Missas e Celebra\u00e7\u00f5es<\/a><button data-wp-bind--aria-expanded=\"state.isMenuOpen\" data-wp-on-async--click=\"actions.toggleMenuOnClick\" aria-label=\"Missas e Celebra\u00e7\u00f5es submenu\" class=\"wp-block-navigation__submenu-icon wp-block-navigation-submenu__toggle\" ><svg xmlns=\"http:\/\/www.w3.org\/2000\/svg\" width=\"12\" height=\"12\" viewBox=\"0 0 12 12\" fill=\"none\" aria-hidden=\"true\" focusable=\"false\"><path d=\"M1.50002 4L6.00002 8L10.5 4\" stroke-width=\"1.5\"><\/path><\/svg><\/button><ul data-wp-on-async--focus=\"actions.openMenuOnFocus\" class=\"wp-block-navigation__submenu-container wp-block-navigation-submenu\"><li class=\" wp-block-navigation-item wp-block-navigation-link\"><a class=\"wp-block-navigation-item__content\"  href=\"https:\/\/paroquia-damaia.pt\/missas\/\"><span class=\"wp-block-navigation-item__label\">Celebra\u00e7\u00f5es<\/span><\/a><\/li><li class=\" wp-block-navigation-item wp-block-navigation-link\"><a class=\"wp-block-navigation-item__content\"  href=\"https:\/\/paroquia-damaia.pt\/pastoral-liturgica\/\"><span class=\"wp-block-navigation-item__label\">Pastoral Lit\u00fargica<\/span><\/a><\/li><\/ul><\/li><li class=\" wp-block-navigation-item wp-block-navigation-link\"><a class=\"wp-block-navigation-item__content\"  href=\"https:\/\/paroquia-damaia.pt\/caridade\/\"><span class=\"wp-block-navigation-item__label\">Caridade<\/span><\/a><\/li><li class=\" wp-block-navigation-item wp-block-navigation-link\"><a class=\"wp-block-navigation-item__content\"  href=\"https:\/\/paroquia-damaia.pt\/secretaria-paroquial\/\"><span class=\"wp-block-navigation-item__label\">Secretaria Paroquial<\/span><\/a><\/li><li class=\" wp-block-navigation-item wp-block-navigation-link\"><a class=\"wp-block-navigation-item__content\"  href=\"https:\/\/www.paroquia-damaia.pt\/old\/wyd-2023-lisboa\/\" title=\"WYD 2023 - Lisbon\"><span class=\"wp-block-navigation-item__label\">WYD 2023 &#8211; Lisbon<\/span><\/a><\/li><\/ul><\/nav>\n\n\n<div style=\"height:32px\" aria-hidden=\"true\" class=\"wp-block-spacer desktop-only\"><\/div>\n\n\n\n<div style=\"height:46px\" aria-hidden=\"true\" class=\"wp-block-spacer\"><\/div>\n\n\n\n<div class=\"wp-block-columns alignwide is-layout-flex wp-container-core-columns-is-layout-2 wp-block-columns-is-layout-flex\">\n<div class=\"wp-block-column is-layout-flow wp-block-column-is-layout-flow\" style=\"flex-basis:100%\">\n<div class=\"wp-block-columns is-layout-flex wp-container-core-columns-is-layout-1 wp-block-columns-is-layout-flex\">\n<div class=\"wp-block-column is-layout-flow wp-block-column-is-layout-flow\">\n<p class=\"has-huge-font-size\">C<strong>ontactos<\/strong><\/p>\n\n\n\n<p><a href=\"https:\/\/www.google.com\/maps\/search\/Par\u00f3quia+Sant\u00edssimo Redentor,Largo da Igreja, Damaia,+2720-122 Amadora\" target=\"_blank\" rel=\"noreferrer noopener\"><\/a><\/p>\n\n\n\n<p><a href=\"https:\/\/www.google.com\/maps\/search\/Par\u00f3quia+Sant\u00edssimo Redentor,Largo da Igreja, Damaia,+2720-122 Amadora\" target=\"_blank\" rel=\"noreferrer noopener\">Par\u00f3quia Sant\u00edssimo Redentor<\/a><\/p>\n\n\n\n<p><a href=\"https:\/\/www.google.com\/maps\/search\/Par\u00f3quia+Sant\u00edssimo Redentor,Largo da Igreja, Damaia,+2720-122 Amadora\" target=\"_blank\" rel=\"noreferrer noopener\">Largo da Igreja, Damaia<\/a><\/p>\n\n\n\n<p><a rel=\"noreferrer noopener\" href=\"https:\/\/www.google.com\/maps\/search\/Par\u00f3quia+Sant\u00edssimo Redentor,Largo da Igreja, Damaia,+2720-122 Amadora\" target=\"_blank\">2720-122 Amadora<\/a><\/p>\n\n\n\n<div style=\"height:32px\" aria-hidden=\"true\" class=\"wp-block-spacer\"><\/div>\n\n\n\n<p><a href=\"mailto:secretaria@paroquia-damaia.pt\">secretaria@paroquia-damaia.pt<\/a><\/p>\n\n\n\n<p><a href=\"tel:214971540\">214 971 540<\/a><\/p>\n<\/div>\n\n\n\n<div class=\"wp-block-column is-layout-flow wp-block-column-is-layout-flow\" style=\"padding-top:10px;padding-right:10px;padding-bottom:10px;padding-left:10px\">\n<p class=\"has-huge-font-size\"><strong>Hor\u00e1rio<\/strong><\/p>\n\n\n\n<p><\/p>\n\n\n<\/div>\n<\/div>\n<\/div>\n<\/div>\n\n\n\n<p class=\"has-huge-font-size\"><strong>Procura mais informa\u00e7\u00f5es? <\/strong><\/p>\n\n\n\n<ol class=\"wp-block-list\">\n<li><strong>Como posso marcar uma missa?<\/strong><\/li>\n<\/ol>\n\n\n\n<p>R: pode marcar missa&nbsp; por alma de um falecido, por A\u00e7\u00e3o de Gra\u00e7as aos Santos, em A\u00e7\u00e3o de Gra\u00e7as pelo Dom da Vida (anivers\u00e1rio).<\/p>\n\n\n\n<p><strong>As inten\u00e7\u00f5es de missas<\/strong> poder\u00e3o ser marcadas para qualquer dia, poder\u00e3o ser feitas <\/p>\n\n\n\n<p>pelo email: <a href=\"mailto:secretaria@paroquia-damaia.pt\"><strong>secretaria@paroquia-damaia.pt<\/strong><\/a><strong>,<\/strong> <\/p>\n\n\n\n<p>pelo telefone: <a href=\"tel:214971540\"><strong>214 971&nbsp;540<\/strong><\/a>,<\/p>\n\n\n\n<p>Pode marcar presencialmente na secretaria, por telefone, levantando posteriormente o envelope da oferta, at\u00e9 ao in\u00edcio da missa ou por email para a secretaria.<\/p>\n\n\n\n<ol class=\"wp-block-list\" start=\"2\">\n<li><strong>A que horas h\u00e1 missa?<\/strong><\/li>\n<\/ol>\n\n\n\n<p>R: Ver os <a href=\"https:\/\/www.paroquia-damaia.pt\/old\/missas\/\" data-type=\"page\" data-id=\"396\">hor\u00e1rios no site<\/a>, nas vitrines de avisos\/comunicados no \u00e1trio da igreja, ou pelo telefone.<\/p>\n\n\n\n<ol class=\"wp-block-list\" start=\"3\">\n<li><strong>O que preciso para marcar um batizado ou casamento?<\/strong><\/li>\n<\/ol>\n\n\n\n<p>R: Ter\u00e1 sempre que ser presencialmente, pode no entanto s\u00f3 para tirar d\u00favidas, contactar-nos por telefone e email.<\/p>\n\n\n\n<ol class=\"wp-block-list\" start=\"4\">\n<li><strong>A que horas s\u00e3o as confiss\u00f5es?<\/strong><\/li>\n<\/ol>\n\n\n\n<p>R: De semana, normalmente, logo ap\u00f3s a Eucaristia da manh\u00e3, ou da parte da tarde a partir das 16h30 at\u00e9 antes da missa das 19h00.<\/p>\n\n\n\n<p>Se gostava de falar connosco ou colocar alguma quest\u00e3o, pode coloc\u00e1-la no formul\u00e1rio em baixo. Assim que poss\u00edvel, entraremos em contacto consigo!<\/p>\n\n\n\n<div style=\"height:46px\" aria-hidden=\"true\" class=\"wp-block-spacer\"><\/div>\n\n\n\n<div class=\"wp-block-jetpack-layout-grid alignfull column1-desktop-grid__span-8 column1-desktop-grid__start-2 column1-desktop-grid__row-1 column2-desktop-grid__span-1 column2-desktop-grid__start-11 column2-desktop-grid__row-1 column1-tablet-grid__span-4 column1-tablet-grid__row-1 column2-tablet-grid__span-4 column2-tablet-grid__start-5 column2-tablet-grid__row-1 column1-mobile-grid__span-4 column1-mobile-grid__row-1 column2-mobile-grid__span-4 column2-mobile-grid__row-2\">\n<div class=\"wp-block-jetpack-layout-grid-column wp-block-jetpack-layout-grid__padding-none\">\n<div class=\"wp-block-jetpack-contact-form\">\n\n\n\n\n\n<\/div>\n<\/div>\n\n\n\n<div class=\"wp-block-jetpack-layout-grid-column wp-block-jetpack-layout-grid__padding-none\"><\/div>\n<\/div>\n\n\n\n<div style=\"height:120px\" aria-hidden=\"true\" class=\"wp-block-spacer\"><\/div>\n\n\n\n<div class=\"wp-block-group alignfull has-background-light-background-color has-background\"><div class=\"wp-block-group__inner-container is-layout-flow wp-block-group-is-layout-flow\">\n<div class=\"wp-block-columns alignwide is-layout-flex wp-container-core-columns-is-layout-3 wp-block-columns-is-layout-flex\">\n<div class=\"wp-block-column is-layout-flow wp-block-column-is-layout-flow\">\n<h5 class=\"wp-block-heading\" id=\"morada\">Morada<\/h5>\n\n\n\n<div class=\"wp-block-jetpack-contact-info\">\n\n\n\n\n<div class=\"wp-block-jetpack-address\"><a href=\"https:\/\/www.google.com\/maps\/search\/Largo+da Igreja, Damaia,+2720-122 Amadora\" target=\"_blank\" rel=\"noopener noreferrer\" title=\"Open address in Google Maps\"><div class=\"jetpack-address__address jetpack-address__address1\">Largo da Igreja, Damaia<\/div><div><span class=\"jetpack-address__region\"><\/span> <span class=\"jetpack-address__postal\">2720-122 Amadora<\/span><\/div><\/a><\/div>\n<\/div>\n<\/div>\n\n\n\n<div class=\"wp-block-column is-layout-flow wp-block-column-is-layout-flow\">\n<h5 class=\"wp-block-heading\" id=\"contactos\">Contactos<\/h5>\n\n\n\n<div class=\"wp-block-jetpack-contact-info\">\n<div class=\"wp-block-jetpack-email\"><a href=\"mailto:secretaria@paroquia-damaia.pt\">secretaria@paroquia-damaia.pt<\/a>\n<\/div>\n\n\n\n<div class=\"wp-block-jetpack-phone\"><a href=\"tel:214971540\">214 971 540<\/a><\/div>\n\n\n<\/div>\n\n\n\n<ul class=\"wp-block-social-links alignleft is-style-pill-shape is-layout-flex wp-block-social-links-is-layout-flex\"><li class=\"wp-social-link wp-social-link-facebook  wp-block-social-link\"><a rel=\"noopener nofollow\" target=\"_blank\" href=\"https:\/\/www.facebook.com\/Igreja-do-Sant%C3%ADssimo-Redentor-Damaia-160924754067131\/\" class=\"wp-block-social-link-anchor\"><svg width=\"24\" height=\"24\" viewBox=\"0 0 24 24\" version=\"1.1\" xmlns=\"http:\/\/www.w3.org\/2000\/svg\" aria-hidden=\"true\" focusable=\"false\"><path d=\"M12 2C6.5 2 2 6.5 2 12c0 5 3.7 9.1 8.4 9.9v-7H7.9V12h2.5V9.8c0-2.5 1.5-3.9 3.8-3.9 1.1 0 2.2.2 2.2.2v2.5h-1.3c-1.2 0-1.6.8-1.6 1.6V12h2.8l-.4 2.9h-2.3v7C18.3 21.1 22 17 22 12c0-5.5-4.5-10-10-10z\"><\/path><\/svg><span class=\"wp-block-social-link-label screen-reader-text\">Facebook<\/span><\/a><\/li>\n\n<li class=\"wp-social-link wp-social-link-youtube  wp-block-social-link\"><a rel=\"noopener nofollow\" target=\"_blank\" href=\"https:\/\/www.youtube.com\/channel\/UCBZSRSq_OsnUuouUN5OvxZg\" class=\"wp-block-social-link-anchor\"><svg width=\"24\" height=\"24\" viewBox=\"0 0 24 24\" version=\"1.1\" xmlns=\"http:\/\/www.w3.org\/2000\/svg\" aria-hidden=\"true\" focusable=\"false\"><path d=\"M21.8,8.001c0,0-0.195-1.378-0.795-1.985c-0.76-0.797-1.613-0.801-2.004-0.847c-2.799-0.202-6.997-0.202-6.997-0.202 h-0.009c0,0-4.198,0-6.997,0.202C4.608,5.216,3.756,5.22,2.995,6.016C2.395,6.623,2.2,8.001,2.2,8.001S2,9.62,2,11.238v1.517 c0,1.618,0.2,3.237,0.2,3.237s0.195,1.378,0.795,1.985c0.761,0.797,1.76,0.771,2.205,0.855c1.6,0.153,6.8,0.201,6.8,0.201 s4.203-0.006,7.001-0.209c0.391-0.047,1.243-0.051,2.004-0.847c0.6-0.607,0.795-1.985,0.795-1.985s0.2-1.618,0.2-3.237v-1.517 C22,9.62,21.8,8.001,21.8,8.001z M9.935,14.594l-0.001-5.62l5.404,2.82L9.935,14.594z\"><\/path><\/svg><span class=\"wp-block-social-link-label screen-reader-text\">YouTube<\/span><\/a><\/li>\n\n<li class=\"wp-social-link wp-social-link-instagram  wp-block-social-link\"><a rel=\"noopener nofollow\" target=\"_blank\" href=\"https:\/\/www.instagram.com\/paroquiassredentordamaia\/\" class=\"wp-block-social-link-anchor\"><svg width=\"24\" height=\"24\" viewBox=\"0 0 24 24\" version=\"1.1\" xmlns=\"http:\/\/www.w3.org\/2000\/svg\" aria-hidden=\"true\" focusable=\"false\"><path d=\"M12,4.622c2.403,0,2.688,0.009,3.637,0.052c0.877,0.04,1.354,0.187,1.671,0.31c0.42,0.163,0.72,0.358,1.035,0.673 c0.315,0.315,0.51,0.615,0.673,1.035c0.123,0.317,0.27,0.794,0.31,1.671c0.043,0.949,0.052,1.234,0.052,3.637 s-0.009,2.688-0.052,3.637c-0.04,0.877-0.187,1.354-0.31,1.671c-0.163,0.42-0.358,0.72-0.673,1.035 c-0.315,0.315-0.615,0.51-1.035,0.673c-0.317,0.123-0.794,0.27-1.671,0.31c-0.949,0.043-1.233,0.052-3.637,0.052 s-2.688-0.009-3.637-0.052c-0.877-0.04-1.354-0.187-1.671-0.31c-0.42-0.163-0.72-0.358-1.035-0.673 c-0.315-0.315-0.51-0.615-0.673-1.035c-0.123-0.317-0.27-0.794-0.31-1.671C4.631,14.688,4.622,14.403,4.622,12 s0.009-2.688,0.052-3.637c0.04-0.877,0.187-1.354,0.31-1.671c0.163-0.42,0.358-0.72,0.673-1.035 c0.315-0.315,0.615-0.51,1.035-0.673c0.317-0.123,0.794-0.27,1.671-0.31C9.312,4.631,9.597,4.622,12,4.622 M12,3 C9.556,3,9.249,3.01,8.289,3.054C7.331,3.098,6.677,3.25,6.105,3.472C5.513,3.702,5.011,4.01,4.511,4.511 c-0.5,0.5-0.808,1.002-1.038,1.594C3.25,6.677,3.098,7.331,3.054,8.289C3.01,9.249,3,9.556,3,12c0,2.444,0.01,2.751,0.054,3.711 c0.044,0.958,0.196,1.612,0.418,2.185c0.23,0.592,0.538,1.094,1.038,1.594c0.5,0.5,1.002,0.808,1.594,1.038 c0.572,0.222,1.227,0.375,2.185,0.418C9.249,20.99,9.556,21,12,21s2.751-0.01,3.711-0.054c0.958-0.044,1.612-0.196,2.185-0.418 c0.592-0.23,1.094-0.538,1.594-1.038c0.5-0.5,0.808-1.002,1.038-1.594c0.222-0.572,0.375-1.227,0.418-2.185 C20.99,14.751,21,14.444,21,12s-0.01-2.751-0.054-3.711c-0.044-0.958-0.196-1.612-0.418-2.185c-0.23-0.592-0.538-1.094-1.038-1.594 c-0.5-0.5-1.002-0.808-1.594-1.038c-0.572-0.222-1.227-0.375-2.185-0.418C14.751,3.01,14.444,3,12,3L12,3z M12,7.378 c-2.552,0-4.622,2.069-4.622,4.622S9.448,16.622,12,16.622s4.622-2.069,4.622-4.622S14.552,7.378,12,7.378z M12,15 c-1.657,0-3-1.343-3-3s1.343-3,3-3s3,1.343,3,3S13.657,15,12,15z M16.804,6.116c-0.596,0-1.08,0.484-1.08,1.08 s0.484,1.08,1.08,1.08c0.596,0,1.08-0.484,1.08-1.08S17.401,6.116,16.804,6.116z\"><\/path><\/svg><span class=\"wp-block-social-link-label screen-reader-text\">Instagram<\/span><\/a><\/li><\/ul>\n<\/div>\n\n\n\n<div class=\"wp-block-column is-layout-flow wp-block-column-is-layout-flow\">\n<h5 class=\"wp-block-heading\" id=\"links-uteis\">Links \u00dateis<\/h5>\n\n\n\n<ul class=\"wp-block-list\">\n<li><a rel=\"noreferrer noopener\" href=\"http:\/\/cssr.pt\/\" target=\"_blank\">Congrega\u00e7\u00e3o dos Redentoristas<\/a><\/li>\n\n\n\n<li><a rel=\"noreferrer noopener\" href=\"https:\/\/www.patriarcado-lisboa.pt\/site\/\" target=\"_blank\">Patriarcado de Lisboa<\/a><\/li>\n\n\n\n<li><a rel=\"noreferrer noopener\" href=\"https:\/\/agencia.ecclesia.pt\/portal\/\" target=\"_blank\">Ag\u00eancia Ecclesia<\/a><\/li>\n<\/ul>\n<\/div>\n<\/div>\n<\/div><\/div>\n\n\n\n<p><\/p>\n","protected":false},"excerpt":{"rendered":"<p>Contactos Par\u00f3quia Sant\u00edssimo Redentor Largo da Igreja, Damaia 2720-122 Amadora secretaria@paroquia-damaia.pt 214 971 540 Hor\u00e1rio Procura mais informa\u00e7\u00f5es? R: pode marcar missa&nbsp; por alma de um falecido, por A\u00e7\u00e3o de Gra\u00e7as aos Santos, em A\u00e7\u00e3o de Gra\u00e7as pelo Dom da Vida (anivers\u00e1rio). As inten\u00e7\u00f5es de missas poder\u00e3o ser marcadas para qualquer dia, poder\u00e3o ser feitas<a class=\"more-link\" href=\"https:\/\/www.paroquia-damaia.pt\/old\/secretaria-paroquial\/\">Continuar lendo <span class=\"screen-reader-text\">&#8220;Secretaria Paroquial&#8221;<\/span><\/a><\/p>\n","protected":false},"author":1,"featured_media":0,"parent":0,"menu_order":0,"comment_status":"closed","ping_status":"closed","template":"","meta":{"footnotes":""},"class_list":["post-436","page","type-page","status-publish","hentry","entry"],"_links":{"self":[{"href":"https:\/\/www.paroquia-damaia.pt\/old\/wp-json\/wp\/v2\/pages\/436","targetHints":{"allow":["GET"]}}],"collection":[{"href":"https:\/\/www.paroquia-damaia.pt\/old\/wp-json\/wp\/v2\/pages"}],"about":[{"href":"https:\/\/www.paroquia-damaia.pt\/old\/wp-json\/wp\/v2\/types\/page"}],"author":[{"embeddable":true,"href":"https:\/\/www.paroquia-damaia.pt\/old\/wp-json\/wp\/v2\/users\/1"}],"replies":[{"embeddable":true,"href":"https:\/\/www.paroquia-damaia.pt\/old\/wp-json\/wp\/v2\/comments?post=436"}],"version-history":[{"count":39,"href":"https:\/\/www.paroquia-damaia.pt\/old\/wp-json\/wp\/v2\/pages\/436\/revisions"}],"predecessor-version":[{"id":39365,"href":"https:\/\/www.paroquia-damaia.pt\/old\/wp-json\/wp\/v2\/pages\/436\/revisions\/39365"}],"wp:attachment":[{"href":"https:\/\/www.paroquia-damaia.pt\/old\/wp-json\/wp\/v2\/media?parent=436"}],"curies":[{"name":"wp","href":"https:\/\/api.w.org\/{rel}","templated":true}]}}