{"id":463,"date":"2020-11-05T00:50:52","date_gmt":"2020-11-05T00:50:52","guid":{"rendered":"https:\/\/igrejadamaia172095565.wordpress.com\/?page_id=463"},"modified":"2024-06-19T22:07:41","modified_gmt":"2024-06-19T21:07:41","slug":"caridade","status":"publish","type":"page","link":"https:\/\/www.paroquia-damaia.pt\/old\/caridade\/","title":{"rendered":"Setor S\u00f3cio-Caritativo"},"content":{"rendered":"<nav style=\"background-color: #f6f6f6;\" class=\"has-background items-justified-center alignfull wp-block-navigation is-content-justification-center is-layout-flex wp-container-core-navigation-is-layout-1 wp-block-navigation-is-layout-flex\" aria-label=\"Navigation 3\"><ul style=\"background-color: #f6f6f6;\" class=\"wp-block-navigation__container has-background items-justified-center alignfull wp-block-navigation\"><li class=\" wp-block-navigation-item wp-block-navigation-link\"><a class=\"wp-block-navigation-item__content\"  href=\"https:\/\/www.paroquia-damaia.pt\/old\" rel=\"\"><span class=\"wp-block-navigation-item__label\">In\u00edcio<\/span><\/a><\/li><li data-wp-context=\"{ &quot;submenuOpenedBy&quot;: { &quot;click&quot;: false, &quot;hover&quot;: false, &quot;focus&quot;: false }, &quot;type&quot;: &quot;submenu&quot; }\" data-wp-interactive=\"core\/navigation\" data-wp-on--focusout=\"actions.handleMenuFocusout\" data-wp-on--keydown=\"actions.handleMenuKeydown\" data-wp-on-async--mouseenter=\"actions.openMenuOnHover\" data-wp-on-async--mouseleave=\"actions.closeMenuOnHover\" data-wp-watch=\"callbacks.initMenu\" tabindex=\"-1\" class=\" wp-block-navigation-item has-child open-on-hover-click wp-block-navigation-submenu\"><a class=\"wp-block-navigation-item__content\" href=\"http:\/\/paroquia-damaia.pt\/acolhimento\/\">A Par\u00f3quia<\/a><button data-wp-bind--aria-expanded=\"state.isMenuOpen\" data-wp-on-async--click=\"actions.toggleMenuOnClick\" aria-label=\"A Par\u00f3quia submenu\" class=\"wp-block-navigation__submenu-icon wp-block-navigation-submenu__toggle\" ><svg xmlns=\"http:\/\/www.w3.org\/2000\/svg\" width=\"12\" height=\"12\" viewBox=\"0 0 12 12\" fill=\"none\" aria-hidden=\"true\" focusable=\"false\"><path d=\"M1.50002 4L6.00002 8L10.5 4\" stroke-width=\"1.5\"><\/path><\/svg><\/button><ul data-wp-on-async--focus=\"actions.openMenuOnFocus\" class=\"wp-block-navigation__submenu-container wp-block-navigation-submenu\"><li class=\" wp-block-navigation-item wp-block-navigation-link\"><a class=\"wp-block-navigation-item__content\"  href=\"https:\/\/www.paroquia-damaia.pt\/old\/acolhimento\/\"><span class=\"wp-block-navigation-item__label\">Acolhimento<\/span><\/a><\/li><li class=\" wp-block-navigation-item wp-block-navigation-link\"><a class=\"wp-block-navigation-item__content\"  href=\"https:\/\/www.paroquia-damaia.pt\/old\/o-paroco-vigario-e-diaconos-da-comunidade\/\"><span class=\"wp-block-navigation-item__label\">O P\u00e1roco, Vig\u00e1rio e Di\u00e1conos da\u00a0Comunidade<\/span><\/a><\/li><li class=\" wp-block-navigation-item wp-block-navigation-link\"><a class=\"wp-block-navigation-item__content\"  href=\"https:\/\/www.paroquia-damaia.pt\/old\/a-nossa-historia\/\"><span class=\"wp-block-navigation-item__label\">A Nossa Hist\u00f3ria<\/span><\/a><\/li><\/ul><\/li><li data-wp-context=\"{ &quot;submenuOpenedBy&quot;: { &quot;click&quot;: false, &quot;hover&quot;: false, &quot;focus&quot;: false }, &quot;type&quot;: &quot;submenu&quot; }\" data-wp-interactive=\"core\/navigation\" data-wp-on--focusout=\"actions.handleMenuFocusout\" data-wp-on--keydown=\"actions.handleMenuKeydown\" data-wp-on-async--mouseenter=\"actions.openMenuOnHover\" data-wp-on-async--mouseleave=\"actions.closeMenuOnHover\" data-wp-watch=\"callbacks.initMenu\" tabindex=\"-1\" class=\" wp-block-navigation-item has-child open-on-hover-click wp-block-navigation-submenu\"><a class=\"wp-block-navigation-item__content\" href=\"https:\/\/paroquia-damaia.pt\/catequese\/\">Evangeliza\u00e7\u00e3o<\/a><button data-wp-bind--aria-expanded=\"state.isMenuOpen\" data-wp-on-async--click=\"actions.toggleMenuOnClick\" aria-label=\"Evangeliza\u00e7\u00e3o submenu\" class=\"wp-block-navigation__submenu-icon wp-block-navigation-submenu__toggle\" ><svg xmlns=\"http:\/\/www.w3.org\/2000\/svg\" width=\"12\" height=\"12\" viewBox=\"0 0 12 12\" fill=\"none\" aria-hidden=\"true\" focusable=\"false\"><path d=\"M1.50002 4L6.00002 8L10.5 4\" stroke-width=\"1.5\"><\/path><\/svg><\/button><ul data-wp-on-async--focus=\"actions.openMenuOnFocus\" class=\"wp-block-navigation__submenu-container wp-block-navigation-submenu\"><li data-wp-context=\"{ &quot;submenuOpenedBy&quot;: { &quot;click&quot;: false, &quot;hover&quot;: false, &quot;focus&quot;: false }, &quot;type&quot;: &quot;submenu&quot; }\" data-wp-interactive=\"core\/navigation\" data-wp-on--focusout=\"actions.handleMenuFocusout\" data-wp-on--keydown=\"actions.handleMenuKeydown\" data-wp-on-async--mouseenter=\"actions.openMenuOnHover\" data-wp-on-async--mouseleave=\"actions.closeMenuOnHover\" data-wp-watch=\"callbacks.initMenu\" tabindex=\"-1\" class=\" wp-block-navigation-item has-child open-on-hover-click wp-block-navigation-submenu\"><a class=\"wp-block-navigation-item__content\" href=\"https:\/\/paroquia-damaia.pt\/catequese\/\">Catequese<\/a><button data-wp-bind--aria-expanded=\"state.isMenuOpen\" data-wp-on-async--click=\"actions.toggleMenuOnClick\" aria-label=\"Catequese submenu\" class=\"wp-block-navigation__submenu-icon wp-block-navigation-submenu__toggle\" ><svg xmlns=\"http:\/\/www.w3.org\/2000\/svg\" width=\"12\" height=\"12\" viewBox=\"0 0 12 12\" fill=\"none\" aria-hidden=\"true\" focusable=\"false\"><path d=\"M1.50002 4L6.00002 8L10.5 4\" stroke-width=\"1.5\"><\/path><\/svg><\/button><ul data-wp-on-async--focus=\"actions.openMenuOnFocus\" class=\"wp-block-navigation__submenu-container wp-block-navigation-submenu\"><li class=\" wp-block-navigation-item wp-block-navigation-link\"><a class=\"wp-block-navigation-item__content\"  href=\"https:\/\/paroquia-damaia.pt\/catequese\"><span class=\"wp-block-navigation-item__label\">Inf\u00e2ntil<\/span><\/a><\/li><li class=\" wp-block-navigation-item wp-block-navigation-link\"><a class=\"wp-block-navigation-item__content\"  href=\"https:\/\/paroquia-damaia.pt\/catequese-adultos\/\"><span class=\"wp-block-navigation-item__label\">Adultos<\/span><\/a><\/li><\/ul><\/li><li class=\" wp-block-navigation-item wp-block-navigation-link\"><a class=\"wp-block-navigation-item__content\"  href=\"https:\/\/paroquia-damaia.pt\/grupo-de-jovens\/\"><span class=\"wp-block-navigation-item__label\">Grupo de Jovens<\/span><\/a><\/li><li class=\" wp-block-navigation-item wp-block-navigation-link\"><a class=\"wp-block-navigation-item__content\"  href=\"http:\/\/paroquia-damaia.pt\/damaia-a-caminho\"><span class=\"wp-block-navigation-item__label\">Damaia a Caminho<\/span><\/a><\/li><li class=\" wp-block-navigation-item wp-block-navigation-link\"><a class=\"wp-block-navigation-item__content\"  href=\"https:\/\/paroquia-damaia.pt\/escuteiros-255-damaia\/\"><span class=\"wp-block-navigation-item__label\">Escuteiros 255-Damaia<\/span><\/a><\/li><li class=\" wp-block-navigation-item wp-block-navigation-link\"><a class=\"wp-block-navigation-item__content\"  href=\"https:\/\/paroquia-damaia.pt\/encontros-de-preparacao-batismo-e-encontros-de-preparacao-matrimonio\/\"><span class=\"wp-block-navigation-item__label\">Encontros de Prepara\u00e7\u00e3o Batismo e Encontros de Prepara\u00e7\u00e3o\u00a0Matrim\u00f3nio<\/span><\/a><\/li><li class=\" wp-block-navigation-item wp-block-navigation-link\"><a class=\"wp-block-navigation-item__content\"  href=\"https:\/\/paroquia-damaia.pt\/grupos-de-reflexao\/\"><span class=\"wp-block-navigation-item__label\">Grupos de Reflex\u00e3o<\/span><\/a><\/li><\/ul><\/li><li data-wp-context=\"{ &quot;submenuOpenedBy&quot;: { &quot;click&quot;: false, &quot;hover&quot;: false, &quot;focus&quot;: false }, &quot;type&quot;: &quot;submenu&quot; }\" data-wp-interactive=\"core\/navigation\" data-wp-on--focusout=\"actions.handleMenuFocusout\" data-wp-on--keydown=\"actions.handleMenuKeydown\" data-wp-on-async--mouseenter=\"actions.openMenuOnHover\" data-wp-on-async--mouseleave=\"actions.closeMenuOnHover\" data-wp-watch=\"callbacks.initMenu\" tabindex=\"-1\" class=\" wp-block-navigation-item has-child open-on-hover-click wp-block-navigation-submenu\"><a class=\"wp-block-navigation-item__content\" href=\"https:\/\/paroquia-damaia.pt\/missas\/\">Missas e Celebra\u00e7\u00f5es<\/a><button data-wp-bind--aria-expanded=\"state.isMenuOpen\" data-wp-on-async--click=\"actions.toggleMenuOnClick\" aria-label=\"Missas e Celebra\u00e7\u00f5es submenu\" class=\"wp-block-navigation__submenu-icon wp-block-navigation-submenu__toggle\" ><svg xmlns=\"http:\/\/www.w3.org\/2000\/svg\" width=\"12\" height=\"12\" viewBox=\"0 0 12 12\" fill=\"none\" aria-hidden=\"true\" focusable=\"false\"><path d=\"M1.50002 4L6.00002 8L10.5 4\" stroke-width=\"1.5\"><\/path><\/svg><\/button><ul data-wp-on-async--focus=\"actions.openMenuOnFocus\" class=\"wp-block-navigation__submenu-container wp-block-navigation-submenu\"><li class=\" wp-block-navigation-item wp-block-navigation-link\"><a class=\"wp-block-navigation-item__content\"  href=\"https:\/\/paroquia-damaia.pt\/missas\/\"><span class=\"wp-block-navigation-item__label\">Celebra\u00e7\u00f5es<\/span><\/a><\/li><li class=\" wp-block-navigation-item wp-block-navigation-link\"><a class=\"wp-block-navigation-item__content\"  href=\"https:\/\/paroquia-damaia.pt\/pastoral-liturgica\/\"><span class=\"wp-block-navigation-item__label\">Pastoral Lit\u00fargica<\/span><\/a><\/li><\/ul><\/li><li class=\" wp-block-navigation-item wp-block-navigation-link\"><a class=\"wp-block-navigation-item__content\"  href=\"https:\/\/paroquia-damaia.pt\/caridade\/\"><span class=\"wp-block-navigation-item__label\">Caridade<\/span><\/a><\/li><li class=\" wp-block-navigation-item wp-block-navigation-link\"><a class=\"wp-block-navigation-item__content\"  href=\"https:\/\/paroquia-damaia.pt\/secretaria-paroquial\/\"><span class=\"wp-block-navigation-item__label\">Secretaria Paroquial<\/span><\/a><\/li><li class=\" wp-block-navigation-item wp-block-navigation-link\"><a class=\"wp-block-navigation-item__content\"  href=\"https:\/\/www.paroquia-damaia.pt\/old\/wyd-2023-lisboa\/\" title=\"WYD 2023 - Lisbon\"><span class=\"wp-block-navigation-item__label\">WYD 2023 &#8211; Lisbon<\/span><\/a><\/li><\/ul><\/nav>\n\n\n<blockquote class=\"wp-block-quote has-text-align-center is-style-large is-style-plain has-large-font-size is-layout-flow wp-block-quote-is-layout-flow\">\n<p><strong>Quando deres esmola, que a tua m\u00e3o esquerda n\u00e3o saiba o que faz a tua direita<\/strong><\/p>\n<cite>Mt 6, 1; 3-4<\/cite><\/blockquote>\n\n\n\n<div class=\"wp-block-cover alignfull is-light\" style=\"min-height:365px;aspect-ratio:unset;aspect-ratio:unset;\"><span aria-hidden=\"true\" class=\"wp-block-cover__background has-background-dim-0 has-background-dim\"><\/span><img loading=\"lazy\" decoding=\"async\" width=\"1499\" height=\"785\" class=\"wp-block-cover__image-background wp-image-464\" alt=\"\" src=\"https:\/\/igrejadamaia172095565.files.wordpress.com\/2020\/11\/88fd6f_918ea0b39292493682503ec092788dbamv2.png\" data-object-fit=\"cover\" srcset=\"https:\/\/www.paroquia-damaia.pt\/old\/wp-content\/uploads\/2020\/11\/88fd6f_918ea0b39292493682503ec092788dbamv2.png 1499w, https:\/\/www.paroquia-damaia.pt\/old\/wp-content\/uploads\/2020\/11\/88fd6f_918ea0b39292493682503ec092788dbamv2-300x157.png 300w, https:\/\/www.paroquia-damaia.pt\/old\/wp-content\/uploads\/2020\/11\/88fd6f_918ea0b39292493682503ec092788dbamv2-1024x536.png 1024w, https:\/\/www.paroquia-damaia.pt\/old\/wp-content\/uploads\/2020\/11\/88fd6f_918ea0b39292493682503ec092788dbamv2-768x402.png 768w\" sizes=\"auto, (max-width: 1499px) 100vw, 1499px\" \/><div class=\"wp-block-cover__inner-container is-layout-flow wp-block-cover-is-layout-flow\">\n<p class=\"has-text-align-center has-large-font-size\"><\/p>\n<\/div><\/div>\n\n\n\n<p>A miss\u00e3o de prestar apoio \u00e0s fam\u00edlias mais carenciadas da freguesia e da par\u00f3quia, em parceria com o Banco Alimentar Contra a Fome, \u00e9 realizada desde h\u00e1 muitos anos pelo grupo de leigos, seguindo o exemplo de S\u00e3o Vicente de Paulo e a Obra da Igreja Cat\u00f3lica, na forma da Sociedade de S\u00e3o Vicente de Paulo, a<strong><em> Confer\u00eancia de Santo Ant\u00f3nio da Damaia<\/em><\/strong> (Vicentinos). <\/p>\n\n\n\n<p>Face \u00e0 situa\u00e7\u00e3o pand\u00e9mica da Covid-19, e ao aumento de n\u00famero de pedidos de ajuda junto do Banco Alimentar contra fome, foi criado na par\u00f3quia um novo projeto, a <strong><em>Despensa Comunit\u00e1ria<\/em><\/strong>, formada por um grupo de volunt\u00e1rios que procura ajudar, atrav\u00e9s da distribui\u00e7\u00e3o de bens alimentares provenientes do Banco Alimentar, de doa\u00e7\u00f5es de paroquianos e da par\u00f3quia, as fam\u00edlias que necessitam e solicitaram apoio.<\/p>\n\n\n\n<p>Atualmente os Vicentinos e a Despensa comunit\u00e1ria ajudam cerca de 100 fam\u00edlias com a distribui\u00e7\u00e3o mensal de um cabaz por fam\u00edlia.<\/p>\n\n\n\n<div class=\"wp-block-columns is-layout-flex wp-container-core-columns-is-layout-1 wp-block-columns-is-layout-flex\">\n<div class=\"wp-block-column is-layout-flow wp-block-column-is-layout-flow\">\n<p class=\"has-text-align-center\"><strong>Vicentinos<\/strong><\/p>\n\n\n<div class=\"wp-block-image is-style-default\">\n<figure class=\"aligncenter size-large is-resized\"><img decoding=\"async\" src=\"https:\/\/igrejadamaia172095565.files.wordpress.com\/2020\/11\/logo_geral-188x192-1.png?w=188\" alt=\"\" class=\"wp-image-586\" style=\"width:198px;height:202px\"\/><\/figure><\/div><\/div>\n\n\n\n<div class=\"wp-block-column is-layout-flow wp-block-column-is-layout-flow\">\n<p class=\"has-text-align-center\"><strong>C\u00e1ritas<\/strong><\/p>\n\n\n\n<figure class=\"wp-block-image size-large\"><a href=\"https:\/\/www.paroquia-damaia.pt\/old\/wp-content\/uploads\/2024\/06\/logotipo_caritas_paroquial_damaia_vermelho-2.png\"><img loading=\"lazy\" decoding=\"async\" width=\"1024\" height=\"724\" src=\"https:\/\/www.paroquia-damaia.pt\/old\/wp-content\/uploads\/2024\/06\/logotipo_caritas_paroquial_damaia_vermelho-2-1024x724.png\" alt=\"\" class=\"wp-image-40389\" srcset=\"https:\/\/www.paroquia-damaia.pt\/old\/wp-content\/uploads\/2024\/06\/logotipo_caritas_paroquial_damaia_vermelho-2-1024x724.png 1024w, https:\/\/www.paroquia-damaia.pt\/old\/wp-content\/uploads\/2024\/06\/logotipo_caritas_paroquial_damaia_vermelho-2-300x212.png 300w, https:\/\/www.paroquia-damaia.pt\/old\/wp-content\/uploads\/2024\/06\/logotipo_caritas_paroquial_damaia_vermelho-2-768x543.png 768w, https:\/\/www.paroquia-damaia.pt\/old\/wp-content\/uploads\/2024\/06\/logotipo_caritas_paroquial_damaia_vermelho-2-1536x1086.png 1536w, https:\/\/www.paroquia-damaia.pt\/old\/wp-content\/uploads\/2024\/06\/logotipo_caritas_paroquial_damaia_vermelho-2-1568x1109.png 1568w, https:\/\/www.paroquia-damaia.pt\/old\/wp-content\/uploads\/2024\/06\/logotipo_caritas_paroquial_damaia_vermelho-2.png 1755w\" sizes=\"auto, (max-width: 1024px) 100vw, 1024px\" \/><\/a><\/figure>\n<\/div>\n\n\n\n<div class=\"wp-block-column is-layout-flow wp-block-column-is-layout-flow\">\n<p class=\"has-text-align-center\"><strong>Despensa Comunit\u00e1ria<\/strong><\/p>\n\n\n\n<figure class=\"wp-block-image size-full is-resized is-style-rounded\"><img loading=\"lazy\" decoding=\"async\" width=\"2457\" height=\"1277\" src=\"https:\/\/igrejadamaia172095565.files.wordpress.com\/2020\/11\/despensaa2.png\" alt=\"\" class=\"wp-image-582\" style=\"aspect-ratio:1.93;width:342px;height:auto\" srcset=\"https:\/\/www.paroquia-damaia.pt\/old\/wp-content\/uploads\/2020\/11\/despensaa2.png 2457w, https:\/\/www.paroquia-damaia.pt\/old\/wp-content\/uploads\/2020\/11\/despensaa2-300x156.png 300w, https:\/\/www.paroquia-damaia.pt\/old\/wp-content\/uploads\/2020\/11\/despensaa2-1024x532.png 1024w\" sizes=\"auto, (max-width: 2457px) 100vw, 2457px\" \/><\/figure>\n<\/div>\n<\/div>\n\n\n\n<h2 class=\"wp-block-heading\" id=\"como-posso-contribuir-no-apoio-as-familias\">Como posso contribuir no apoio \u00e0s fam\u00edlias?<\/h2>\n\n\n\n<p>Poder\u00e1 contribui nas seguintes formas:<\/p>\n\n\n\n<p>&#8211; com entrega de bens alimentares na Secretaria da Par\u00f3quia;<br>&#8211; atrav\u00e9s da entrega de donativos na caixa de esmolas existente no interior da igreja para esse fim;<br>&#8211; entrega de donativo em envelope ao P\u00e1roco;<br>&#8211; atrav\u00e9s de transfer\u00eancia banc\u00e1ria na conta da par\u00f3quia com o descritivo: \u201cApoio \u00e0s fam\u00edlias\u201d<\/p>\n\n\n\n<div style=\"height:7px\" aria-hidden=\"true\" class=\"wp-block-spacer\"><\/div>\n\n\n\n<h2 class=\"wp-block-heading\" id=\"como-posso-ser-voluntario\">Como posso ser volunt\u00e1rio?<\/h2>\n\n\n\n<p>Todo aquele que tiver disponibilidade de tempo e acima de tudo disponibilidade de cora\u00e7\u00e3o para a miss\u00e3o de ajuda aos mais pobres poder\u00e1 ser volunt\u00e1rio! Estamos \u00e0 sua espera!<\/p>\n\n\n\n<p>Caso queira conhecer melhor o grupo de Vicentinos ou o projeto Despensa comunit\u00e1ria poder\u00e1 contactar-nos atrav\u00e9s do e-mail <a href=\"mailto:despensacomunitaria@paroquia-damaia.pt\">despensacomunitaria@paroquia-damaia.pt<\/a>.<\/p>\n\n\n\n<div style=\"height:7px\" aria-hidden=\"true\" class=\"wp-block-spacer\"><\/div>\n\n\n\n<h2 class=\"wp-block-heading\" id=\"block-2dafde7b-45b2-4732-ae92-c707e3d27304\"><strong>Encontro-me numa situa\u00e7\u00e3o fr\u00e1gil e preciso de ajuda. Como posso pedir ajuda?<\/strong><\/h2>\n\n\n\n<p id=\"block-b5fb4104-faeb-4fc0-b531-01b0c0e5d2ad\">Se se encontra numa situa\u00e7\u00e3o dif\u00edcil e procura ajuda, pode contactar-nos atrav\u00e9s e-mail <a href=\"mailto:despensacomunitaria@paroquia-damaia.pt\">despensacomunitaria@paroquia-damaia.pt<\/a> ou do n\u00famero de telem\u00f3vel 969046763. Ter\u00e1 um volunt\u00e1rio dispon\u00edvel para o acolher, escutar e ajudar!<\/p>\n\n\n\n<div class=\"wp-block-group alignfull has-background-light-background-color has-background\"><div class=\"wp-block-group__inner-container is-layout-flow wp-block-group-is-layout-flow\">\n<div class=\"wp-block-columns alignwide is-layout-flex wp-container-core-columns-is-layout-2 wp-block-columns-is-layout-flex\">\n<div class=\"wp-block-column is-layout-flow wp-block-column-is-layout-flow\">\n<h5 class=\"wp-block-heading\" id=\"morada\">Morada<\/h5>\n\n\n\n<div class=\"wp-block-jetpack-contact-info\">\n\n\n\n\n<div class=\"wp-block-jetpack-address\"><a href=\"https:\/\/www.google.com\/maps\/search\/Largo+da Igreja, Damaia,+2720-122 Amadora\" target=\"_blank\" rel=\"noopener noreferrer\" title=\"Open address in Google Maps\"><div class=\"jetpack-address__address jetpack-address__address1\">Largo da Igreja, Damaia<\/div><div><span class=\"jetpack-address__region\"><\/span> <span class=\"jetpack-address__postal\">2720-122 Amadora<\/span><\/div><\/a><\/div>\n<\/div>\n<\/div>\n\n\n\n<div class=\"wp-block-column is-layout-flow wp-block-column-is-layout-flow\">\n<h5 class=\"wp-block-heading\" id=\"contactos\">Contactos<\/h5>\n\n\n\n<div class=\"wp-block-jetpack-contact-info\">\n<div class=\"wp-block-jetpack-email\"><a href=\"mailto:secretaria@paroquia-damaia.pt\">secretaria@paroquia-damaia.pt<\/a>\n<\/div>\n\n\n\n<div class=\"wp-block-jetpack-phone\"><a href=\"tel:214971540\">214 971 540<\/a><\/div>\n\n\n<\/div>\n\n\n\n<ul class=\"wp-block-social-links alignleft is-style-pill-shape is-layout-flex wp-block-social-links-is-layout-flex\"><li class=\"wp-social-link wp-social-link-facebook  wp-block-social-link\"><a rel=\"noopener nofollow\" target=\"_blank\" href=\"https:\/\/www.facebook.com\/Igreja-do-Sant%C3%ADssimo-Redentor-Damaia-160924754067131\/\" class=\"wp-block-social-link-anchor\"><svg width=\"24\" height=\"24\" viewBox=\"0 0 24 24\" version=\"1.1\" xmlns=\"http:\/\/www.w3.org\/2000\/svg\" aria-hidden=\"true\" focusable=\"false\"><path d=\"M12 2C6.5 2 2 6.5 2 12c0 5 3.7 9.1 8.4 9.9v-7H7.9V12h2.5V9.8c0-2.5 1.5-3.9 3.8-3.9 1.1 0 2.2.2 2.2.2v2.5h-1.3c-1.2 0-1.6.8-1.6 1.6V12h2.8l-.4 2.9h-2.3v7C18.3 21.1 22 17 22 12c0-5.5-4.5-10-10-10z\"><\/path><\/svg><span class=\"wp-block-social-link-label screen-reader-text\">Facebook<\/span><\/a><\/li>\n\n<li class=\"wp-social-link wp-social-link-youtube  wp-block-social-link\"><a rel=\"noopener nofollow\" target=\"_blank\" href=\"https:\/\/www.youtube.com\/channel\/UCBZSRSq_OsnUuouUN5OvxZg\" class=\"wp-block-social-link-anchor\"><svg width=\"24\" height=\"24\" viewBox=\"0 0 24 24\" version=\"1.1\" xmlns=\"http:\/\/www.w3.org\/2000\/svg\" aria-hidden=\"true\" focusable=\"false\"><path d=\"M21.8,8.001c0,0-0.195-1.378-0.795-1.985c-0.76-0.797-1.613-0.801-2.004-0.847c-2.799-0.202-6.997-0.202-6.997-0.202 h-0.009c0,0-4.198,0-6.997,0.202C4.608,5.216,3.756,5.22,2.995,6.016C2.395,6.623,2.2,8.001,2.2,8.001S2,9.62,2,11.238v1.517 c0,1.618,0.2,3.237,0.2,3.237s0.195,1.378,0.795,1.985c0.761,0.797,1.76,0.771,2.205,0.855c1.6,0.153,6.8,0.201,6.8,0.201 s4.203-0.006,7.001-0.209c0.391-0.047,1.243-0.051,2.004-0.847c0.6-0.607,0.795-1.985,0.795-1.985s0.2-1.618,0.2-3.237v-1.517 C22,9.62,21.8,8.001,21.8,8.001z M9.935,14.594l-0.001-5.62l5.404,2.82L9.935,14.594z\"><\/path><\/svg><span class=\"wp-block-social-link-label screen-reader-text\">YouTube<\/span><\/a><\/li>\n\n<li class=\"wp-social-link wp-social-link-instagram  wp-block-social-link\"><a rel=\"noopener nofollow\" target=\"_blank\" href=\"https:\/\/www.instagram.com\/paroquiassredentordamaia\/\" class=\"wp-block-social-link-anchor\"><svg width=\"24\" height=\"24\" viewBox=\"0 0 24 24\" version=\"1.1\" xmlns=\"http:\/\/www.w3.org\/2000\/svg\" aria-hidden=\"true\" focusable=\"false\"><path d=\"M12,4.622c2.403,0,2.688,0.009,3.637,0.052c0.877,0.04,1.354,0.187,1.671,0.31c0.42,0.163,0.72,0.358,1.035,0.673 c0.315,0.315,0.51,0.615,0.673,1.035c0.123,0.317,0.27,0.794,0.31,1.671c0.043,0.949,0.052,1.234,0.052,3.637 s-0.009,2.688-0.052,3.637c-0.04,0.877-0.187,1.354-0.31,1.671c-0.163,0.42-0.358,0.72-0.673,1.035 c-0.315,0.315-0.615,0.51-1.035,0.673c-0.317,0.123-0.794,0.27-1.671,0.31c-0.949,0.043-1.233,0.052-3.637,0.052 s-2.688-0.009-3.637-0.052c-0.877-0.04-1.354-0.187-1.671-0.31c-0.42-0.163-0.72-0.358-1.035-0.673 c-0.315-0.315-0.51-0.615-0.673-1.035c-0.123-0.317-0.27-0.794-0.31-1.671C4.631,14.688,4.622,14.403,4.622,12 s0.009-2.688,0.052-3.637c0.04-0.877,0.187-1.354,0.31-1.671c0.163-0.42,0.358-0.72,0.673-1.035 c0.315-0.315,0.615-0.51,1.035-0.673c0.317-0.123,0.794-0.27,1.671-0.31C9.312,4.631,9.597,4.622,12,4.622 M12,3 C9.556,3,9.249,3.01,8.289,3.054C7.331,3.098,6.677,3.25,6.105,3.472C5.513,3.702,5.011,4.01,4.511,4.511 c-0.5,0.5-0.808,1.002-1.038,1.594C3.25,6.677,3.098,7.331,3.054,8.289C3.01,9.249,3,9.556,3,12c0,2.444,0.01,2.751,0.054,3.711 c0.044,0.958,0.196,1.612,0.418,2.185c0.23,0.592,0.538,1.094,1.038,1.594c0.5,0.5,1.002,0.808,1.594,1.038 c0.572,0.222,1.227,0.375,2.185,0.418C9.249,20.99,9.556,21,12,21s2.751-0.01,3.711-0.054c0.958-0.044,1.612-0.196,2.185-0.418 c0.592-0.23,1.094-0.538,1.594-1.038c0.5-0.5,0.808-1.002,1.038-1.594c0.222-0.572,0.375-1.227,0.418-2.185 C20.99,14.751,21,14.444,21,12s-0.01-2.751-0.054-3.711c-0.044-0.958-0.196-1.612-0.418-2.185c-0.23-0.592-0.538-1.094-1.038-1.594 c-0.5-0.5-1.002-0.808-1.594-1.038c-0.572-0.222-1.227-0.375-2.185-0.418C14.751,3.01,14.444,3,12,3L12,3z M12,7.378 c-2.552,0-4.622,2.069-4.622,4.622S9.448,16.622,12,16.622s4.622-2.069,4.622-4.622S14.552,7.378,12,7.378z M12,15 c-1.657,0-3-1.343-3-3s1.343-3,3-3s3,1.343,3,3S13.657,15,12,15z M16.804,6.116c-0.596,0-1.08,0.484-1.08,1.08 s0.484,1.08,1.08,1.08c0.596,0,1.08-0.484,1.08-1.08S17.401,6.116,16.804,6.116z\"><\/path><\/svg><span class=\"wp-block-social-link-label screen-reader-text\">Instagram<\/span><\/a><\/li><\/ul>\n<\/div>\n\n\n\n<div class=\"wp-block-column is-layout-flow wp-block-column-is-layout-flow\">\n<h5 class=\"wp-block-heading\" id=\"links-uteis\">Links \u00dateis<\/h5>\n\n\n\n<ul class=\"wp-block-list\">\n<li><a href=\"http:\/\/cssr.pt\/\" target=\"_blank\" rel=\"noreferrer noopener\">Congrega\u00e7\u00e3o dos Redentoristas<\/a><\/li>\n\n\n\n<li><a href=\"https:\/\/www.patriarcado-lisboa.pt\/site\/\" target=\"_blank\" rel=\"noreferrer noopener\">Patriarcado de Lisboa<\/a><\/li>\n\n\n\n<li><a href=\"https:\/\/agencia.ecclesia.pt\/portal\/\" target=\"_blank\" rel=\"noreferrer noopener\">Ag\u00eancia Ecclesia<\/a><\/li>\n<\/ul>\n<\/div>\n<\/div>\n<\/div><\/div>\n\n\n\n<p><\/p>\n","protected":false},"excerpt":{"rendered":"<p>Quando deres esmola, que a tua m\u00e3o esquerda n\u00e3o saiba o que faz a tua direita Mt 6, 1; 3-4 A miss\u00e3o de prestar apoio \u00e0s fam\u00edlias mais carenciadas da freguesia e da par\u00f3quia, em parceria com o Banco Alimentar Contra a Fome, \u00e9 realizada desde h\u00e1 muitos anos pelo grupo de leigos, seguindo o<a class=\"more-link\" href=\"https:\/\/www.paroquia-damaia.pt\/old\/caridade\/\">Continuar lendo <span class=\"screen-reader-text\">&#8220;Setor S\u00f3cio-Caritativo&#8221;<\/span><\/a><\/p>\n","protected":false},"author":1,"featured_media":0,"parent":0,"menu_order":0,"comment_status":"closed","ping_status":"closed","template":"","meta":{"footnotes":""},"class_list":["post-463","page","type-page","status-publish","hentry","entry"],"_links":{"self":[{"href":"https:\/\/www.paroquia-damaia.pt\/old\/wp-json\/wp\/v2\/pages\/463","targetHints":{"allow":["GET"]}}],"collection":[{"href":"https:\/\/www.paroquia-damaia.pt\/old\/wp-json\/wp\/v2\/pages"}],"about":[{"href":"https:\/\/www.paroquia-damaia.pt\/old\/wp-json\/wp\/v2\/types\/page"}],"author":[{"embeddable":true,"href":"https:\/\/www.paroquia-damaia.pt\/old\/wp-json\/wp\/v2\/users\/1"}],"replies":[{"embeddable":true,"href":"https:\/\/www.paroquia-damaia.pt\/old\/wp-json\/wp\/v2\/comments?post=463"}],"version-history":[{"count":19,"href":"https:\/\/www.paroquia-damaia.pt\/old\/wp-json\/wp\/v2\/pages\/463\/revisions"}],"predecessor-version":[{"id":40391,"href":"https:\/\/www.paroquia-damaia.pt\/old\/wp-json\/wp\/v2\/pages\/463\/revisions\/40391"}],"wp:attachment":[{"href":"https:\/\/www.paroquia-damaia.pt\/old\/wp-json\/wp\/v2\/media?parent=463"}],"curies":[{"name":"wp","href":"https:\/\/api.w.org\/{rel}","templated":true}]}}