{"id":483,"date":"2020-11-05T01:56:48","date_gmt":"2020-11-05T01:56:48","guid":{"rendered":"https:\/\/igrejadamaia172095565.wordpress.com\/?page_id=483"},"modified":"2022-02-26T17:41:36","modified_gmt":"2022-02-26T17:41:36","slug":"pastoral-liturgica","status":"publish","type":"page","link":"https:\/\/www.paroquia-damaia.pt\/old\/pastoral-liturgica\/","title":{"rendered":"Pastoral Lit\u00fargica"},"content":{"rendered":"<nav style=\"background-color: #f6f6f6;\" class=\"has-background items-justified-center alignfull wp-block-navigation is-content-justification-center is-layout-flex wp-container-core-navigation-is-layout-1 wp-block-navigation-is-layout-flex\" aria-label=\"Navigation 3\"><ul style=\"background-color: #f6f6f6;\" class=\"wp-block-navigation__container has-background items-justified-center alignfull wp-block-navigation\"><li class=\" wp-block-navigation-item wp-block-navigation-link\"><a class=\"wp-block-navigation-item__content\"  href=\"https:\/\/www.paroquia-damaia.pt\/old\" rel=\"\"><span class=\"wp-block-navigation-item__label\">In\u00edcio<\/span><\/a><\/li><li data-wp-context=\"{ &quot;submenuOpenedBy&quot;: { &quot;click&quot;: false, &quot;hover&quot;: false, &quot;focus&quot;: false }, &quot;type&quot;: &quot;submenu&quot; }\" data-wp-interactive=\"core\/navigation\" data-wp-on--focusout=\"actions.handleMenuFocusout\" data-wp-on--keydown=\"actions.handleMenuKeydown\" data-wp-on-async--mouseenter=\"actions.openMenuOnHover\" data-wp-on-async--mouseleave=\"actions.closeMenuOnHover\" data-wp-watch=\"callbacks.initMenu\" tabindex=\"-1\" class=\" wp-block-navigation-item has-child open-on-hover-click wp-block-navigation-submenu\"><a class=\"wp-block-navigation-item__content\" href=\"http:\/\/paroquia-damaia.pt\/acolhimento\/\">A Par\u00f3quia<\/a><button data-wp-bind--aria-expanded=\"state.isMenuOpen\" data-wp-on-async--click=\"actions.toggleMenuOnClick\" aria-label=\"A Par\u00f3quia submenu\" class=\"wp-block-navigation__submenu-icon wp-block-navigation-submenu__toggle\" ><svg xmlns=\"http:\/\/www.w3.org\/2000\/svg\" width=\"12\" height=\"12\" viewBox=\"0 0 12 12\" fill=\"none\" aria-hidden=\"true\" focusable=\"false\"><path d=\"M1.50002 4L6.00002 8L10.5 4\" stroke-width=\"1.5\"><\/path><\/svg><\/button><ul data-wp-on-async--focus=\"actions.openMenuOnFocus\" class=\"wp-block-navigation__submenu-container wp-block-navigation-submenu\"><li class=\" wp-block-navigation-item wp-block-navigation-link\"><a class=\"wp-block-navigation-item__content\"  href=\"https:\/\/www.paroquia-damaia.pt\/old\/acolhimento\/\"><span class=\"wp-block-navigation-item__label\">Acolhimento<\/span><\/a><\/li><li class=\" wp-block-navigation-item wp-block-navigation-link\"><a class=\"wp-block-navigation-item__content\"  href=\"https:\/\/www.paroquia-damaia.pt\/old\/o-paroco-vigario-e-diaconos-da-comunidade\/\"><span class=\"wp-block-navigation-item__label\">O P\u00e1roco, Vig\u00e1rio e Di\u00e1conos da\u00a0Comunidade<\/span><\/a><\/li><li class=\" wp-block-navigation-item wp-block-navigation-link\"><a class=\"wp-block-navigation-item__content\"  href=\"https:\/\/www.paroquia-damaia.pt\/old\/a-nossa-historia\/\"><span class=\"wp-block-navigation-item__label\">A Nossa Hist\u00f3ria<\/span><\/a><\/li><\/ul><\/li><li data-wp-context=\"{ &quot;submenuOpenedBy&quot;: { &quot;click&quot;: false, &quot;hover&quot;: false, &quot;focus&quot;: false }, &quot;type&quot;: &quot;submenu&quot; }\" data-wp-interactive=\"core\/navigation\" data-wp-on--focusout=\"actions.handleMenuFocusout\" data-wp-on--keydown=\"actions.handleMenuKeydown\" data-wp-on-async--mouseenter=\"actions.openMenuOnHover\" data-wp-on-async--mouseleave=\"actions.closeMenuOnHover\" data-wp-watch=\"callbacks.initMenu\" tabindex=\"-1\" class=\" wp-block-navigation-item has-child open-on-hover-click wp-block-navigation-submenu\"><a class=\"wp-block-navigation-item__content\" href=\"https:\/\/paroquia-damaia.pt\/catequese\/\">Evangeliza\u00e7\u00e3o<\/a><button data-wp-bind--aria-expanded=\"state.isMenuOpen\" data-wp-on-async--click=\"actions.toggleMenuOnClick\" aria-label=\"Evangeliza\u00e7\u00e3o submenu\" class=\"wp-block-navigation__submenu-icon wp-block-navigation-submenu__toggle\" ><svg xmlns=\"http:\/\/www.w3.org\/2000\/svg\" width=\"12\" height=\"12\" viewBox=\"0 0 12 12\" fill=\"none\" aria-hidden=\"true\" focusable=\"false\"><path d=\"M1.50002 4L6.00002 8L10.5 4\" stroke-width=\"1.5\"><\/path><\/svg><\/button><ul data-wp-on-async--focus=\"actions.openMenuOnFocus\" class=\"wp-block-navigation__submenu-container wp-block-navigation-submenu\"><li data-wp-context=\"{ &quot;submenuOpenedBy&quot;: { &quot;click&quot;: false, &quot;hover&quot;: false, &quot;focus&quot;: false }, &quot;type&quot;: &quot;submenu&quot; }\" data-wp-interactive=\"core\/navigation\" data-wp-on--focusout=\"actions.handleMenuFocusout\" data-wp-on--keydown=\"actions.handleMenuKeydown\" data-wp-on-async--mouseenter=\"actions.openMenuOnHover\" data-wp-on-async--mouseleave=\"actions.closeMenuOnHover\" data-wp-watch=\"callbacks.initMenu\" tabindex=\"-1\" class=\" wp-block-navigation-item has-child open-on-hover-click wp-block-navigation-submenu\"><a class=\"wp-block-navigation-item__content\" href=\"https:\/\/paroquia-damaia.pt\/catequese\/\">Catequese<\/a><button data-wp-bind--aria-expanded=\"state.isMenuOpen\" data-wp-on-async--click=\"actions.toggleMenuOnClick\" aria-label=\"Catequese submenu\" class=\"wp-block-navigation__submenu-icon wp-block-navigation-submenu__toggle\" ><svg xmlns=\"http:\/\/www.w3.org\/2000\/svg\" width=\"12\" height=\"12\" viewBox=\"0 0 12 12\" fill=\"none\" aria-hidden=\"true\" focusable=\"false\"><path d=\"M1.50002 4L6.00002 8L10.5 4\" stroke-width=\"1.5\"><\/path><\/svg><\/button><ul data-wp-on-async--focus=\"actions.openMenuOnFocus\" class=\"wp-block-navigation__submenu-container wp-block-navigation-submenu\"><li class=\" wp-block-navigation-item wp-block-navigation-link\"><a class=\"wp-block-navigation-item__content\"  href=\"https:\/\/paroquia-damaia.pt\/catequese\"><span class=\"wp-block-navigation-item__label\">Inf\u00e2ntil<\/span><\/a><\/li><li class=\" wp-block-navigation-item wp-block-navigation-link\"><a class=\"wp-block-navigation-item__content\"  href=\"https:\/\/paroquia-damaia.pt\/catequese-adultos\/\"><span class=\"wp-block-navigation-item__label\">Adultos<\/span><\/a><\/li><\/ul><\/li><li class=\" wp-block-navigation-item wp-block-navigation-link\"><a class=\"wp-block-navigation-item__content\"  href=\"https:\/\/paroquia-damaia.pt\/grupo-de-jovens\/\"><span class=\"wp-block-navigation-item__label\">Grupo de Jovens<\/span><\/a><\/li><li class=\" wp-block-navigation-item wp-block-navigation-link\"><a class=\"wp-block-navigation-item__content\"  href=\"http:\/\/paroquia-damaia.pt\/damaia-a-caminho\"><span class=\"wp-block-navigation-item__label\">Damaia a Caminho<\/span><\/a><\/li><li class=\" wp-block-navigation-item wp-block-navigation-link\"><a class=\"wp-block-navigation-item__content\"  href=\"https:\/\/paroquia-damaia.pt\/escuteiros-255-damaia\/\"><span class=\"wp-block-navigation-item__label\">Escuteiros 255-Damaia<\/span><\/a><\/li><li class=\" wp-block-navigation-item wp-block-navigation-link\"><a class=\"wp-block-navigation-item__content\"  href=\"https:\/\/paroquia-damaia.pt\/encontros-de-preparacao-batismo-e-encontros-de-preparacao-matrimonio\/\"><span class=\"wp-block-navigation-item__label\">Encontros de Prepara\u00e7\u00e3o Batismo e Encontros de Prepara\u00e7\u00e3o\u00a0Matrim\u00f3nio<\/span><\/a><\/li><li class=\" wp-block-navigation-item wp-block-navigation-link\"><a class=\"wp-block-navigation-item__content\"  href=\"https:\/\/paroquia-damaia.pt\/grupos-de-reflexao\/\"><span class=\"wp-block-navigation-item__label\">Grupos de Reflex\u00e3o<\/span><\/a><\/li><\/ul><\/li><li data-wp-context=\"{ &quot;submenuOpenedBy&quot;: { &quot;click&quot;: false, &quot;hover&quot;: false, &quot;focus&quot;: false }, &quot;type&quot;: &quot;submenu&quot; }\" data-wp-interactive=\"core\/navigation\" data-wp-on--focusout=\"actions.handleMenuFocusout\" data-wp-on--keydown=\"actions.handleMenuKeydown\" data-wp-on-async--mouseenter=\"actions.openMenuOnHover\" data-wp-on-async--mouseleave=\"actions.closeMenuOnHover\" data-wp-watch=\"callbacks.initMenu\" tabindex=\"-1\" class=\" wp-block-navigation-item has-child open-on-hover-click wp-block-navigation-submenu\"><a class=\"wp-block-navigation-item__content\" href=\"https:\/\/paroquia-damaia.pt\/missas\/\">Missas e Celebra\u00e7\u00f5es<\/a><button data-wp-bind--aria-expanded=\"state.isMenuOpen\" data-wp-on-async--click=\"actions.toggleMenuOnClick\" aria-label=\"Missas e Celebra\u00e7\u00f5es submenu\" class=\"wp-block-navigation__submenu-icon wp-block-navigation-submenu__toggle\" ><svg xmlns=\"http:\/\/www.w3.org\/2000\/svg\" width=\"12\" height=\"12\" viewBox=\"0 0 12 12\" fill=\"none\" aria-hidden=\"true\" focusable=\"false\"><path d=\"M1.50002 4L6.00002 8L10.5 4\" stroke-width=\"1.5\"><\/path><\/svg><\/button><ul data-wp-on-async--focus=\"actions.openMenuOnFocus\" class=\"wp-block-navigation__submenu-container wp-block-navigation-submenu\"><li class=\" wp-block-navigation-item wp-block-navigation-link\"><a class=\"wp-block-navigation-item__content\"  href=\"https:\/\/paroquia-damaia.pt\/missas\/\"><span class=\"wp-block-navigation-item__label\">Celebra\u00e7\u00f5es<\/span><\/a><\/li><li class=\" wp-block-navigation-item wp-block-navigation-link\"><a class=\"wp-block-navigation-item__content\"  href=\"https:\/\/paroquia-damaia.pt\/pastoral-liturgica\/\"><span class=\"wp-block-navigation-item__label\">Pastoral Lit\u00fargica<\/span><\/a><\/li><\/ul><\/li><li class=\" wp-block-navigation-item wp-block-navigation-link\"><a class=\"wp-block-navigation-item__content\"  href=\"https:\/\/paroquia-damaia.pt\/caridade\/\"><span class=\"wp-block-navigation-item__label\">Caridade<\/span><\/a><\/li><li class=\" wp-block-navigation-item wp-block-navigation-link\"><a class=\"wp-block-navigation-item__content\"  href=\"https:\/\/paroquia-damaia.pt\/secretaria-paroquial\/\"><span class=\"wp-block-navigation-item__label\">Secretaria Paroquial<\/span><\/a><\/li><li class=\" wp-block-navigation-item wp-block-navigation-link\"><a class=\"wp-block-navigation-item__content\"  href=\"https:\/\/www.paroquia-damaia.pt\/old\/wyd-2023-lisboa\/\" title=\"WYD 2023 - Lisbon\"><span class=\"wp-block-navigation-item__label\">WYD 2023 &#8211; Lisbon<\/span><\/a><\/li><\/ul><\/nav>\n\n\n<div style=\"height:32px\" aria-hidden=\"true\" class=\"wp-block-spacer\"><\/div>\n\n\n\n<blockquote class=\"wp-block-quote has-text-align-center is-style-large is-layout-flow wp-block-quote-is-layout-flow\"><p>Felizes os convidados para a ceia do Senhor<\/p><cite>Apocalipse 19,9<\/cite><\/blockquote>\n\n\n\n<div class=\"wp-block-cover alignfull is-light\" style=\"min-height:314px;aspect-ratio:unset;aspect-ratio:unset;\"><span aria-hidden=\"true\" class=\"wp-block-cover__background has-background-dim-0 has-background-dim\"><\/span><img loading=\"lazy\" decoding=\"async\" width=\"1440\" height=\"552\" class=\"wp-block-cover__image-background wp-image-300\" alt=\"\" src=\"https:\/\/igrejadamaia172095565.files.wordpress.com\/2020\/10\/small-group.png\" data-object-fit=\"cover\" srcset=\"https:\/\/www.paroquia-damaia.pt\/old\/wp-content\/uploads\/2020\/10\/small-group.png 1440w, https:\/\/www.paroquia-damaia.pt\/old\/wp-content\/uploads\/2020\/10\/small-group-300x115.png 300w, https:\/\/www.paroquia-damaia.pt\/old\/wp-content\/uploads\/2020\/10\/small-group-1024x393.png 1024w, https:\/\/www.paroquia-damaia.pt\/old\/wp-content\/uploads\/2020\/10\/small-group-768x294.png 768w\" sizes=\"auto, (max-width: 1440px) 100vw, 1440px\" \/><div class=\"wp-block-cover__inner-container is-layout-flow wp-block-cover-is-layout-flow\">\n<p class=\"has-text-align-center has-large-font-size\"><\/p>\n<\/div><\/div>\n\n\n\n<div class=\"wp-block-columns alignwide is-layout-flex wp-container-core-columns-is-layout-1 wp-block-columns-is-layout-flex\">\n<div class=\"wp-block-column is-layout-flow wp-block-column-is-layout-flow\" style=\"flex-basis:66.66%\">\n<h2 class=\"wp-block-heading\" id=\"ministros-extraordinarios-da-comunhao-1\">Ministros Extraordin\u00e1rios <br>da Comunh\u00e3o<\/h2>\n\n\n\n<p>Os Ministros Extraordin\u00e1rios da Comunh\u00e3o, t\u00eam como fun\u00e7\u00e3o principal administrar a comunh\u00e3o aos fi\u00e9is doentes. Levar at\u00e9 suas casas a Palavra do Senhor e o Seu Corpo (h\u00f3stia consagrada). Em virtude de estarem doentes, estes fi\u00e9is n\u00e3o podem estar presentes na celebra\u00e7\u00e3o eucar\u00edstica da comunidade, mas conv\u00e9m que \u201cse alimentem frequentemente da Eucaristia, e assim se sintam unidos n\u00e3o s\u00f3 ao sacrif\u00edcio do Senhor, mas tamb\u00e9m \u00e0 mesma comunidade e apoiados pela caridade dos irm\u00e3os\u201d.<\/p>\n\n\n\n<p>Neste momento temos na nossa par\u00f3quia 25 Ministros Extraordin\u00e1rios da Comunh\u00e3o, com idades compreendidas entre 50 e 87 anos. Al\u00e9m de administrarem a comunh\u00e3o aos doentes, tamb\u00e9m participam como MEC nas missas, e na falta de ac\u00f3litos s\u00e3o eles que providenciam o seu servi\u00e7o.<\/p>\n\n\n\n<p>Estamos sempre dispon\u00edveis para servir o P\u00e1roco e a nossa comunidade.<\/p>\n<\/div>\n\n\n\n<div class=\"wp-block-column is-layout-flow wp-block-column-is-layout-flow\" style=\"flex-basis:33.33%\">\n<div style=\"height:45px\" aria-hidden=\"true\" class=\"wp-block-spacer\"><\/div>\n\n\n\n<figure class=\"wp-block-pullquote is-style-default has-border-color has-text-color\" style=\"border-color:#F8F8F8;color:#6e6e6e\"><blockquote><p>\u201cO Senhor Jesus, na noite em que ia ser entregue, tomou o p\u00e3o e, dando gra\u00e7as, partiu-o e disse: Isto \u00e9 o meu Corpo, entregue por v\u00f3s. Fazei isto em mem\u00f3ria de Mim\u201d.<\/p><cite>1Cor 11, 23-24<\/cite><\/blockquote><\/figure>\n<\/div>\n<\/div>\n\n\n\n<div class=\"wp-block-columns alignwide is-layout-flex wp-container-core-columns-is-layout-2 wp-block-columns-is-layout-flex\">\n<div class=\"wp-block-column is-layout-flow wp-block-column-is-layout-flow\">\n<h3 class=\"wp-block-heading\" id=\"coral-das-familias-da-catequese-1\">Coral das Fam\u00edlias da Catequese<\/h3>\n\n\n\n<p>Foi a 4 de outubro de 1979 que cantaram pela primeira vez, h\u00e1 41 anos. Nessa altura este grupo era formado apenas pelas crian\u00e7as da catequese.<\/p>\n\n\n\n<p>A pedido do Pe Lopes, a missa das 10h00, a celebra\u00e7\u00e3o dedicada \u00e0s crian\u00e7as, passou a ser animada por este coro.&nbsp;<\/p>\n\n\n\n<p>Animaram muitas festas de Natal, Carnaval, teatros, dan\u00e7as. Sempre foi um grupo muito unido com a ajuda e colabora\u00e7\u00e3o dos pais. Ao longo dos anos, as crian\u00e7as tornaram-se adultos e agora uns j\u00e1 s\u00e3o pais, outros av\u00f3s.&nbsp;<\/p>\n\n\n\n<p>Hoje continuam na par\u00f3quia que os viu crescer na f\u00e9 continuam com o mesmo esp\u00edrito&nbsp; de uni\u00e3o e entrega \u00e0 par\u00f3quia, continuando a alegrar as celebra\u00e7\u00f5es das 11h00, a celebra\u00e7\u00e3o das crian\u00e7as da catequese.<\/p>\n<\/div>\n\n\n\n<div class=\"wp-block-column is-layout-flow wp-block-column-is-layout-flow\">\n<h3 class=\"wp-block-heading\" id=\"coro-do-santissimo-redentor-1\">Coro do Sant\u00edssimo Redentor<\/h3>\n\n\n\n<p>O Coro Sant\u00edssimo Redentor iniciou a sua atividade na sequ\u00eancia de um convite do antigo Prior, Pe. Lopes, para animar a Celebra\u00e7\u00e3o Dominical das 11h30, considerada a Missa da Comunidade.<\/p>\n\n\n\n<p>Neste momento, animam a celebra\u00e7\u00e3o Dominical das 19h00 e a Novena de N. Sra. do Perp\u00e9tuo Socorro, todas as 4\u00aa feiras pelas 19h00. Durante o inverno, ensaiamos de 15 em 15 dias na Igreja, ao s\u00e1bado pelas 16h e sempre antes da missa pelas 18h15.<\/p>\n\n\n\n<p>O coro tem como respons\u00e1vel Fernanda Lucas, que se dedica \u00e0 M\u00fasica Lit\u00fargica nesta par\u00f3quia desde crian\u00e7a.<\/p>\n\n\n\n<p>A si, fazemos o convite de vir ter connosco, caso goste de louvar a Deus cantando, e seja mais um elemento do Coro Sant\u00edssimo Redentor, patrono da nossa Par\u00f3quia!<\/p>\n<\/div>\n<\/div>\n\n\n\n<div class=\"wp-block-columns alignwide is-layout-flex wp-container-core-columns-is-layout-3 wp-block-columns-is-layout-flex\">\n<div class=\"wp-block-column is-layout-flow wp-block-column-is-layout-flow\">\n<h3 class=\"wp-block-heading\" id=\"acolitos-1\">Ac\u00f3litos<\/h3>\n\n\n\n<p>Os ac\u00f3litos s\u00e3o um grupo de Amigos, unidos pela mesma F\u00e9 em Cristo, o que os leva a querer estar ao servi\u00e7o do Senhor de uma forma mais forte e no &#8220;lugar mais pr\u00f3ximo&#8221;, no Altar da Eucaristia.<\/p>\n\n\n\n<p>Nascidos numa comunidade que sempre valorizou muito os Jovens e as crian\u00e7as, come\u00e7aram este servi\u00e7o de uma forma espont\u00e2nea,h\u00e1 mais de 30 anos, e aos poucos foram crescendo em especial nos conhecimentos e as nossas celebra\u00e7\u00f5es ficaram mais dignas, a nossa comunidade ficou mais rica.<\/p>\n\n\n\n<p>Hoje s\u00e3o cerca de 40 elementos, participamos em todas as 4 Eucaristias Dominicais, desejando sempre, sermos mais e melhores, assim Deus nos ajude e sejamos merecedores da Sua confian\u00e7a.<\/p>\n<\/div>\n\n\n\n<div class=\"wp-block-column is-layout-flow wp-block-column-is-layout-flow\">\n<div style=\"height:63px\" aria-hidden=\"true\" class=\"wp-block-spacer\"><\/div>\n\n\n<\/div>\n<\/div>\n\n\n\n<div class=\"wp-block-columns alignwide is-layout-flex wp-container-core-columns-is-layout-4 wp-block-columns-is-layout-flex\">\n<div class=\"wp-block-column is-layout-flow wp-block-column-is-layout-flow\">\n<h3 class=\"wp-block-heading\" id=\"leitores-1\">Leitores<\/h3>\n\n\n\n<p>Ser leitor na Igreja \u00e9 um servi\u00e7o \u00e0 Palavra de Deus e \u00e0 Comunidade Eclesial.<\/p>\n\n\n\n<p>Em cada assembleia que se re\u00fane para celebrar a liturgia, o leitor presta um servi\u00e7o imprescind\u00edvel \u00e0 comunidade eclesial porque a leitura da Palavra de Deus faz parte integrante de qualquer celebra\u00e7\u00e3o lit\u00fargica, por mais simples que ela seja. A Palavra de Deus desperta para a F\u00e9 e alimenta-a. Deus serve-se da sua proclama\u00e7\u00e3o para a fazer chegar ao cora\u00e7\u00e3o dos homens e \u00e9 por meio dela que Deus se faz ouvir, em ordem \u00e0 nossa salva\u00e7\u00e3o.<\/p>\n\n\n\n<p>A Palavra de Deus \u00e9 essencial na vida da Igreja porque \u00e9 pela sua proclama\u00e7\u00e3o que Jesus Cristo se torna presente. E quem \u00e9 chamado a proclam\u00e1-la \u00e9 o leitor. O leitor \u00e9 o servo da Palavra. Como tal, para desempenhar o minist\u00e9rio com maior benef\u00edcio para os fi\u00e9is que o escutam, precisa de prepara\u00e7\u00e3o espiritual e t\u00e9cnica.<\/p>\n\n\n\n<p>A primeira inclui: forma\u00e7\u00e3o b\u00edblica, para compreender as leituras no seu contexto hist\u00f3rico-social e para entender, \u00e0 luz da f\u00e9, a mensagem revelada; forma\u00e7\u00e3o lit\u00fargica, para perceber o sentido e estrutura da Liturgia da Palavra e a sua rela\u00e7\u00e3o com a Liturgia Eucar\u00edstica. A prepara\u00e7\u00e3o t\u00e9cnica possibilita ao leitor tornar-se apto para ler em p\u00fablico, projetar a voz e usar os instrumentos e meios t\u00e9cnicos sonoros.<\/p>\n\n\n\n<p>&nbsp;Os encontros de prepara\u00e7\u00e3o quinzenais, para adultos e jovens, s\u00e3o oportunidade e espa\u00e7o de forma\u00e7\u00e3o permanente (b\u00edblica e lit\u00fargica) para todos os que j\u00e1 proclamam a Palavra de Deus.<\/p>\n\n\n\n<p>A forma\u00e7\u00e3o de novos leitores est\u00e1 distribu\u00edda em 6 encontros: 2 de forma\u00e7\u00e3o t\u00e9cnica e 4 de forma\u00e7\u00e3o b\u00edblica e lit\u00fargica, num total de 18 horas de forma\u00e7\u00e3o inicial.<\/p>\n\n\n\n<p>A prepara\u00e7\u00e3o das crian\u00e7as \u00e9 realizada, individualmente, no dia da proclama\u00e7\u00e3o da leitura, uma hora antes da Celebra\u00e7\u00e3o Eucar\u00edstica, complementada, anualmente, por 3 encontros, num total de 6 horas de forma\u00e7\u00e3o (b\u00edblica, lit\u00fargica e t\u00e9cnica) \u00e0 dimens\u00e3o da sua idade.<\/p>\n<\/div>\n\n\n\n<div class=\"wp-block-column is-layout-flow wp-block-column-is-layout-flow\">\n<div style=\"height:100px\" aria-hidden=\"true\" class=\"wp-block-spacer\"><\/div>\n\n\n\n<figure class=\"wp-block-pullquote\"><blockquote><p>&#8220;Quem vos ouve, \u00e9 a Mim que ouve.&#8221;<\/p><cite>&nbsp;LC 10, 16<\/cite><\/blockquote><\/figure>\n\n\n\n<div style=\"height:108px\" aria-hidden=\"true\" class=\"wp-block-spacer\"><\/div>\n\n\n\n<figure class=\"wp-block-pullquote is-style-default has-border-color\" style=\"border-color:#FFFFFF\"><blockquote><p>\u201cOra, como h\u00e3o-de invocar Aquele em quem n\u00e3o acreditaram? E como h\u00e3o-de acreditar n\u2019Aquele de quem n\u00e3o ouviram falar?\u201d <\/p><cite>Rom. 10, 14<\/cite><\/blockquote><\/figure>\n\n\n\n<div style=\"height:71px\" aria-hidden=\"true\" class=\"wp-block-spacer\"><\/div>\n\n\n\n<figure class=\"wp-block-pullquote\"><blockquote><p>\u201cSe a vossa l\u00edngua s\u00f3 profere palavras inintelig\u00edveis, como se h\u00e1-de saber o que dizeis? Sereis como quem fala ao vento.\u201d <\/p><cite>1 Cor. 14,9<\/cite><\/blockquote><\/figure>\n<\/div>\n<\/div>\n\n\n\n<div style=\"height:70px\" aria-hidden=\"true\" class=\"wp-block-spacer\"><\/div>\n\n\n\n<div style=\"height:10px\" aria-hidden=\"true\" class=\"wp-block-spacer\"><\/div>\n\n\n\n<div class=\"wp-block-group alignfull has-background-light-background-color has-background\"><div class=\"wp-block-group__inner-container is-layout-flow wp-block-group-is-layout-flow\">\n<div class=\"wp-block-columns alignwide is-layout-flex wp-container-core-columns-is-layout-5 wp-block-columns-is-layout-flex\">\n<div class=\"wp-block-column is-layout-flow wp-block-column-is-layout-flow\">\n<h5 class=\"wp-block-heading\" id=\"morada\">Morada<\/h5>\n\n\n\n<div class=\"wp-block-jetpack-contact-info\">\n\n\n\n\n<div class=\"wp-block-jetpack-address\"><a href=\"https:\/\/www.google.com\/maps\/search\/Largo+da Igreja, Damaia,+2720-122 Amadora\" target=\"_blank\" rel=\"noopener noreferrer\" title=\"Open address in Google Maps\"><div class=\"jetpack-address__address jetpack-address__address1\">Largo da Igreja, Damaia<\/div><div><span class=\"jetpack-address__region\"><\/span> <span class=\"jetpack-address__postal\">2720-122 Amadora<\/span><\/div><\/a><\/div>\n<\/div>\n<\/div>\n\n\n\n<div class=\"wp-block-column is-layout-flow wp-block-column-is-layout-flow\">\n<h5 class=\"wp-block-heading\" id=\"contactos\">Contactos<\/h5>\n\n\n\n<div class=\"wp-block-jetpack-contact-info\">\n<div class=\"wp-block-jetpack-email\"><a href=\"mailto:secretaria@paroquia-damaia.pt\">secretaria@paroquia-damaia.pt<\/a>\n<\/div>\n\n\n\n<div class=\"wp-block-jetpack-phone\"><a href=\"tel:214971540\">214 971 540<\/a><\/div>\n\n\n<\/div>\n\n\n\n<ul class=\"wp-block-social-links alignleft is-style-pill-shape is-layout-flex wp-block-social-links-is-layout-flex\"><li class=\"wp-social-link wp-social-link-facebook  wp-block-social-link\"><a rel=\"noopener nofollow\" target=\"_blank\" href=\"https:\/\/www.facebook.com\/Igreja-do-Sant%C3%ADssimo-Redentor-Damaia-160924754067131\/\" class=\"wp-block-social-link-anchor\"><svg width=\"24\" height=\"24\" viewBox=\"0 0 24 24\" version=\"1.1\" xmlns=\"http:\/\/www.w3.org\/2000\/svg\" aria-hidden=\"true\" focusable=\"false\"><path d=\"M12 2C6.5 2 2 6.5 2 12c0 5 3.7 9.1 8.4 9.9v-7H7.9V12h2.5V9.8c0-2.5 1.5-3.9 3.8-3.9 1.1 0 2.2.2 2.2.2v2.5h-1.3c-1.2 0-1.6.8-1.6 1.6V12h2.8l-.4 2.9h-2.3v7C18.3 21.1 22 17 22 12c0-5.5-4.5-10-10-10z\"><\/path><\/svg><span class=\"wp-block-social-link-label screen-reader-text\">Facebook<\/span><\/a><\/li>\n\n<li class=\"wp-social-link wp-social-link-youtube  wp-block-social-link\"><a rel=\"noopener nofollow\" target=\"_blank\" href=\"https:\/\/www.youtube.com\/channel\/UCBZSRSq_OsnUuouUN5OvxZg\" class=\"wp-block-social-link-anchor\"><svg width=\"24\" height=\"24\" viewBox=\"0 0 24 24\" version=\"1.1\" xmlns=\"http:\/\/www.w3.org\/2000\/svg\" aria-hidden=\"true\" focusable=\"false\"><path d=\"M21.8,8.001c0,0-0.195-1.378-0.795-1.985c-0.76-0.797-1.613-0.801-2.004-0.847c-2.799-0.202-6.997-0.202-6.997-0.202 h-0.009c0,0-4.198,0-6.997,0.202C4.608,5.216,3.756,5.22,2.995,6.016C2.395,6.623,2.2,8.001,2.2,8.001S2,9.62,2,11.238v1.517 c0,1.618,0.2,3.237,0.2,3.237s0.195,1.378,0.795,1.985c0.761,0.797,1.76,0.771,2.205,0.855c1.6,0.153,6.8,0.201,6.8,0.201 s4.203-0.006,7.001-0.209c0.391-0.047,1.243-0.051,2.004-0.847c0.6-0.607,0.795-1.985,0.795-1.985s0.2-1.618,0.2-3.237v-1.517 C22,9.62,21.8,8.001,21.8,8.001z M9.935,14.594l-0.001-5.62l5.404,2.82L9.935,14.594z\"><\/path><\/svg><span class=\"wp-block-social-link-label screen-reader-text\">YouTube<\/span><\/a><\/li>\n\n<li class=\"wp-social-link wp-social-link-instagram  wp-block-social-link\"><a rel=\"noopener nofollow\" target=\"_blank\" href=\"https:\/\/www.instagram.com\/paroquiassredentordamaia\/\" class=\"wp-block-social-link-anchor\"><svg width=\"24\" height=\"24\" viewBox=\"0 0 24 24\" version=\"1.1\" xmlns=\"http:\/\/www.w3.org\/2000\/svg\" aria-hidden=\"true\" focusable=\"false\"><path d=\"M12,4.622c2.403,0,2.688,0.009,3.637,0.052c0.877,0.04,1.354,0.187,1.671,0.31c0.42,0.163,0.72,0.358,1.035,0.673 c0.315,0.315,0.51,0.615,0.673,1.035c0.123,0.317,0.27,0.794,0.31,1.671c0.043,0.949,0.052,1.234,0.052,3.637 s-0.009,2.688-0.052,3.637c-0.04,0.877-0.187,1.354-0.31,1.671c-0.163,0.42-0.358,0.72-0.673,1.035 c-0.315,0.315-0.615,0.51-1.035,0.673c-0.317,0.123-0.794,0.27-1.671,0.31c-0.949,0.043-1.233,0.052-3.637,0.052 s-2.688-0.009-3.637-0.052c-0.877-0.04-1.354-0.187-1.671-0.31c-0.42-0.163-0.72-0.358-1.035-0.673 c-0.315-0.315-0.51-0.615-0.673-1.035c-0.123-0.317-0.27-0.794-0.31-1.671C4.631,14.688,4.622,14.403,4.622,12 s0.009-2.688,0.052-3.637c0.04-0.877,0.187-1.354,0.31-1.671c0.163-0.42,0.358-0.72,0.673-1.035 c0.315-0.315,0.615-0.51,1.035-0.673c0.317-0.123,0.794-0.27,1.671-0.31C9.312,4.631,9.597,4.622,12,4.622 M12,3 C9.556,3,9.249,3.01,8.289,3.054C7.331,3.098,6.677,3.25,6.105,3.472C5.513,3.702,5.011,4.01,4.511,4.511 c-0.5,0.5-0.808,1.002-1.038,1.594C3.25,6.677,3.098,7.331,3.054,8.289C3.01,9.249,3,9.556,3,12c0,2.444,0.01,2.751,0.054,3.711 c0.044,0.958,0.196,1.612,0.418,2.185c0.23,0.592,0.538,1.094,1.038,1.594c0.5,0.5,1.002,0.808,1.594,1.038 c0.572,0.222,1.227,0.375,2.185,0.418C9.249,20.99,9.556,21,12,21s2.751-0.01,3.711-0.054c0.958-0.044,1.612-0.196,2.185-0.418 c0.592-0.23,1.094-0.538,1.594-1.038c0.5-0.5,0.808-1.002,1.038-1.594c0.222-0.572,0.375-1.227,0.418-2.185 C20.99,14.751,21,14.444,21,12s-0.01-2.751-0.054-3.711c-0.044-0.958-0.196-1.612-0.418-2.185c-0.23-0.592-0.538-1.094-1.038-1.594 c-0.5-0.5-1.002-0.808-1.594-1.038c-0.572-0.222-1.227-0.375-2.185-0.418C14.751,3.01,14.444,3,12,3L12,3z M12,7.378 c-2.552,0-4.622,2.069-4.622,4.622S9.448,16.622,12,16.622s4.622-2.069,4.622-4.622S14.552,7.378,12,7.378z M12,15 c-1.657,0-3-1.343-3-3s1.343-3,3-3s3,1.343,3,3S13.657,15,12,15z M16.804,6.116c-0.596,0-1.08,0.484-1.08,1.08 s0.484,1.08,1.08,1.08c0.596,0,1.08-0.484,1.08-1.08S17.401,6.116,16.804,6.116z\"><\/path><\/svg><span class=\"wp-block-social-link-label screen-reader-text\">Instagram<\/span><\/a><\/li><\/ul>\n<\/div>\n\n\n\n<div class=\"wp-block-column is-layout-flow wp-block-column-is-layout-flow\">\n<h5 class=\"wp-block-heading\" id=\"links-uteis\">Links \u00dateis<\/h5>\n\n\n\n<ul class=\"wp-block-list\"><li><a rel=\"noreferrer noopener\" href=\"http:\/\/cssr.pt\/\" target=\"_blank\">Congrega\u00e7\u00e3o dos Redentoristas<\/a><\/li><li><a rel=\"noreferrer noopener\" href=\"https:\/\/www.patriarcado-lisboa.pt\/site\/\" target=\"_blank\">Patriarcado de Lisboa<\/a><\/li><li><a rel=\"noreferrer noopener\" href=\"https:\/\/agencia.ecclesia.pt\/portal\/\" target=\"_blank\">Ag\u00eancia Ecclesia<\/a><\/li><\/ul>\n<\/div>\n<\/div>\n<\/div><\/div>\n\n\n\n<p><\/p>\n","protected":false},"excerpt":{"rendered":"<p>Felizes os convidados para a ceia do Senhor Apocalipse 19,9 Ministros Extraordin\u00e1rios da Comunh\u00e3o Os Ministros Extraordin\u00e1rios da Comunh\u00e3o, t\u00eam como fun\u00e7\u00e3o principal administrar a comunh\u00e3o aos fi\u00e9is doentes. Levar at\u00e9 suas casas a Palavra do Senhor e o Seu Corpo (h\u00f3stia consagrada). Em virtude de estarem doentes, estes fi\u00e9is n\u00e3o podem estar presentes na<a class=\"more-link\" href=\"https:\/\/www.paroquia-damaia.pt\/old\/pastoral-liturgica\/\">Continuar lendo <span class=\"screen-reader-text\">&#8220;Pastoral Lit\u00fargica&#8221;<\/span><\/a><\/p>\n","protected":false},"author":1,"featured_media":0,"parent":0,"menu_order":0,"comment_status":"closed","ping_status":"closed","template":"","meta":{"footnotes":""},"class_list":["post-483","page","type-page","status-publish","hentry","entry"],"_links":{"self":[{"href":"https:\/\/www.paroquia-damaia.pt\/old\/wp-json\/wp\/v2\/pages\/483","targetHints":{"allow":["GET"]}}],"collection":[{"href":"https:\/\/www.paroquia-damaia.pt\/old\/wp-json\/wp\/v2\/pages"}],"about":[{"href":"https:\/\/www.paroquia-damaia.pt\/old\/wp-json\/wp\/v2\/types\/page"}],"author":[{"embeddable":true,"href":"https:\/\/www.paroquia-damaia.pt\/old\/wp-json\/wp\/v2\/users\/1"}],"replies":[{"embeddable":true,"href":"https:\/\/www.paroquia-damaia.pt\/old\/wp-json\/wp\/v2\/comments?post=483"}],"version-history":[{"count":31,"href":"https:\/\/www.paroquia-damaia.pt\/old\/wp-json\/wp\/v2\/pages\/483\/revisions"}],"predecessor-version":[{"id":32109,"href":"https:\/\/www.paroquia-damaia.pt\/old\/wp-json\/wp\/v2\/pages\/483\/revisions\/32109"}],"wp:attachment":[{"href":"https:\/\/www.paroquia-damaia.pt\/old\/wp-json\/wp\/v2\/media?parent=483"}],"curies":[{"name":"wp","href":"https:\/\/api.w.org\/{rel}","templated":true}]}}